{"id":193,"date":"2020-07-25T12:00:00","date_gmt":"2020-07-25T10:00:00","guid":{"rendered":"podlove-2020-07-17t09:58:56+00:00-a16f405a398ffa2"},"modified":"2020-07-17T12:31:10","modified_gmt":"2020-07-17T10:31:10","slug":"dl002-coronadaten","status":"publish","type":"podcast","link":"https:\/\/www.datenleben.de\/index.php\/2020\/07\/25\/dl002-coronadaten\/","title":{"rendered":"dl002: coronadaten"},"content":{"rendered":"\n\t\t\n            <div class=\"podlove-web-player intrinsic-ignore podlove-web-player-loading\" id=\"player-69f4f6173938c\"><root data-test=\"player--xl\" style=\"max-width:950px;min-width:260px;\">\n  <div class=\"tablet:px-6 tablet:pt-6 mobile:px-4 mobile:pt-4 flex flex-col\">\n    <div class=\"flex-col items-center mobile:flex tablet:hidden\">\n      <show-title class=\"text-sm\"><\/show-title>\n      <episode-title class=\"text-base mb-2\"><\/episode-title>\n      <subscribe-button class=\"mb-4 mobile:flex tablet:hidden\"><\/subscribe-button>\n      <poster class=\"rounded-sm w-48 shadow overflow-hidden\"><\/poster>\n      <divider class=\"w-full my-6\"><\/divider>\n    <\/div>\n\n    <div class=\"tablet:flex flex-grow\">\n      <div class=\"w-64 mobile:hidden tablet:block tablet:mr-6\">\n        <poster class=\"rounded-sm shadow overflow-hidden\"><\/poster>\n      <\/div>\n      <div class=\"w-full\">\n        <div class=\"hidden tablet:block\">\n          <show-title class=\"text-base\"><\/show-title>\n          <episode-title class=\"text-xl desktop:text-2xl\"><\/episode-title>\n          <divider class=\"w-full my-4\"><\/divider>\n        <\/div>\n        <div class=\"flex items-center justify-between\">\n          <div class=\"block\">\n            <play-state on=\"active\">\n              <speed-control class=\"flex items-center\"><\/speed-control>\n            <\/play-state>\n          <\/div>\n\n          <div class=\"flex\">\n            <play-state on=\"active\">\n              <chapter-previous class=\"mx-2 block\"><\/chapter-previous>\n            <\/play-state>\n            <play-state on=\"active\">\n              <step-backward class=\"mx-2 block\"><\/step-backward>\n            <\/play-state>\n\n            <play-button class=\"mx-2 block\" :label=\"$t('PLAYER.PLAY_EPISODE')\"><\/play-button>\n\n            <play-state on=\"active\">\n              <step-forward class=\"mx-2 block\"><\/step-forward>\n            <\/play-state>\n            <play-state on=\"active\">\n              <chapter-next class=\"mx-2 block\"><\/chapter-next>\n            <\/play-state>\n          <\/div>\n\n          <div class=\"block\">\n            <play-state on=\"active\">\n              <volume-control class=\"flex items-center\"><\/volume-control>\n            <\/play-state>\n          <\/div>\n        <\/div>\n        <div class=\"flex w-full\">\n          <progress-bar><\/progress-bar>\n        <\/div>\n        <div class=\"flex w-full -mt-2\">\n          <div class=\"w-3\/12 text-left\">\n            <timer-current class=\"text-sm\"><\/timer-current>\n          <\/div>\n          <div class=\"w-6\/12 text-center truncate\">\n            <play-state on=\"active\">\n              <current-chapter class=\"text-sm\"><\/current-chapter>\n            <\/play-state>\n          <\/div>\n          <div class=\"w-3\/12 text-right\">\n            <timer-duration class=\"text-sm\"><\/timer-duration>\n          <\/div>\n        <\/div>\n      <\/div>\n    <\/div>\n    <divider class=\"w-full mt-6 mb-3\"><\/divider>\n    <div class=\"flex justify-between\">\n      <div class=\"flex mobile:w-full tablet:w-3\/12 desktop:w-3\/12 justify-between\">\n        <tab-trigger tab=\"chapters\">\n          <icon type=\"chapter\"><\/icon>\n        <\/tab-trigger>\n        <tab-trigger tab=\"transcripts\">\n          <icon type=\"transcripts\"><\/icon>\n        <\/tab-trigger>\n        <tab-trigger tab=\"files\">\n          <icon type=\"download\"><\/icon>\n        <\/tab-trigger>\n        <tab-trigger tab=\"playlist\">\n          <icon type=\"playlist\"><\/icon>\n        <\/tab-trigger>\n        <tab-trigger tab=\"share\">\n          <icon type=\"share\"><\/icon>\n        <\/tab-trigger>\n      <\/div>\n      <subscribe-button class=\"mt-1 mobile:hidden tablet:flex\"><\/subscribe-button>\n    <\/div>\n  <\/div>\n  <div class=\"w-full relative overflow-hidden\">\n    <tab name=\"chapters\">\n      <tab-chapters><\/tab-chapters>\n    <\/tab>\n    <tab name=\"transcripts\">\n      <tab-transcripts><\/tab-transcripts>\n    <\/tab>\n    <tab name=\"files\">\n      <tab-files><\/tab-files>\n    <\/tab>\n    <tab name=\"playlist\">\n      <tab-playlist><\/tab-playlist>\n    <\/tab>\n    <tab name=\"share\">\n      <tab-share><\/tab-share>\n    <\/tab>\n    <tab-overflow><\/tab-overflow>\n  <\/div>\n  <error><\/error>\n<\/root>\n<\/div>\n            <script>\n              document.addEventListener(\"DOMContentLoaded\", function() {\n                var player = document.getElementById(\"player-69f4f6173938c\");\n                podlovePlayerCache.add([{\"url\":\"https:\\\/\\\/www.datenleben.de\\\/index.php\\\/wp-json\\\/podlove-web-player\\\/shortcode\\\/publisher\\\/193\",\"data\":{\"version\":5,\"show\":{\"title\":\"datenleben\",\"subtitle\":\"der podcast \\u00fcber data science\",\"summary\":\"Was ist Data Science? Was bedeuten die Daten f\\u00fcr unser Leben? Woher kommen sie und wozu werden sie benutzt?\\r\\nDas sind alles Fragen, mit denen wir uns auseinander setzen werden.\\r\\nWer schon immer mehr \\u00fcber Daten und deren Effekt auf unser Leben wissen wollte, ist hier genau richtig.\",\"poster\":\"https:\\\/\\\/www.datenleben.de\\\/podlove\\\/image\\\/687474703a2f2f7777772e646174656e6c6562656e2e64652f77702d636f6e74656e742f75706c6f6164732f323032302f30362f636f7665722e706e67\\\/500\\\/0\\\/0\\\/datenleben\",\"link\":\"https:\\\/\\\/www.datenleben.de\"},\"title\":\"dl002: coronadaten\",\"subtitle\":\"Wie gehen wir mit den Zahlen um?\",\"summary\":\"Tagt\\u00e4glich werden uns neue Zahlen, Daten und Fakten pr\\u00e4seniert. Aber nicht immer h\\u00f6ren wir auch, warum und was diese Zahlen wirklich aussagen sollen. Es geht in dieser Folge daher um den R-Wert und was der R-Wert mit der Art zu testen zu tun hat. Ausserdem darum wie Fallzahlen erhoben werden und ob sie etwas dar\\u00fcber sagen k\\u00f6nnen, wie das Virus sich ausbreitet. Und wir gehen der Frage nach, wie die Zahlen der Verstorbenen erhoben werden und welche Rolle die \\u00dcbersterblichkeit spielt.\",\"publicationDate\":\"2020-07-25T12:00:00+02:00\",\"duration\":\"00:46:41.160\",\"poster\":\"https:\\\/\\\/www.datenleben.de\\\/wp-content\\\/cache\\\/podlove\\\/33\\\/2761cd99ad3fa970af0b27da6947ad\\\/coronadaten_500x.png\",\"link\":\"https:\\\/\\\/www.datenleben.de\\\/index.php\\\/2020\\\/07\\\/25\\\/dl002-coronadaten\\\/\",\"chapters\":[{\"start\":\"00:00:00.000\",\"title\":\"Intro\",\"href\":\"\",\"image\":\"\"},{\"start\":\"00:00:18.000\",\"title\":\"Thema des Podcasts und der Folge\",\"href\":\"\",\"image\":\"\"},{\"start\":\"00:01:22.000\",\"title\":\"Warum das Thema Coronadaten?\",\"href\":\"\",\"image\":\"\"},{\"start\":\"00:02:15.500\",\"title\":\"Einstieg: Warum ist M\\u00e4rz schon 3 Jahre her?\",\"href\":\"\",\"image\":\"\"},{\"start\":\"00:05:36.300\",\"title\":\"Der R-Wert, die Reproduktionszahl\",\"href\":\"\",\"image\":\"\"},{\"start\":\"00:06:40.100\",\"title\":\"R-Wert Definition\",\"href\":\"\",\"image\":\"\"},{\"start\":\"00:11:24.000\",\"title\":\"Warum der R-Wert problematisch ist\",\"href\":\"\",\"image\":\"\"},{\"start\":\"00:17:44.000\",\"title\":\"Infektionszahlen und wie getestet wird\",\"href\":\"\",\"image\":\"\"},{\"start\":\"00:25:01.000\",\"title\":\"Wie werden die Zahlen der Verstorbenen erfasst?\",\"href\":\"\",\"image\":\"\"},{\"start\":\"00:33:20.000\",\"title\":\"Warum und wie wird die \\u00dcbersterblichkeit erfasst?\",\"href\":\"\",\"image\":\"\"},{\"start\":\"00:40:26.000\",\"title\":\"Fazit\",\"href\":\"\",\"image\":\"\"},{\"start\":\"00:45:25.000\",\"title\":\"N\\u00e4chstes Thema: Unfallstatistik am 15.08.2020\",\"href\":\"\",\"image\":\"\"},{\"start\":\"00:46:10.000\",\"title\":\"Call to Action\",\"href\":\"\",\"image\":\"\"}],\"audio\":[{\"url\":\"https:\\\/\\\/www.datenleben.de\\\/podlove\\\/file\\\/2\\\/s\\\/webplayer\\\/c\\\/website\\\/DL002_Coronadaten.mp3\",\"size\":\"57488462\",\"title\":\"MP3 Audio (mp3)\",\"mimeType\":\"audio\\\/mpeg\"}],\"files\":[{\"url\":\"https:\\\/\\\/www.datenleben.de\\\/podlove\\\/file\\\/2\\\/s\\\/webplayer\\\/DL002_Coronadaten.mp3\",\"size\":\"57488462\",\"title\":\"MP3 Audio\",\"mimeType\":\"audio\\\/mpeg\"}]}}, {\"url\":\"https:\\\/\\\/www.datenleben.de\\\/index.php\\\/wp-json\\\/podlove-web-player\\\/shortcode\\\/config\\\/default\\\/theme\\\/datenleben\",\"data\":{\"activeTab\":\"chapters\",\"subscribe-button\":null,\"share\":{\"channels\":[\"link\",\"facebook\",\"twitter\",\"whats-app\",\"linkedin\",\"pinterest\",\"xing\",\"mail\"],\"outlet\":\"https:\\\/\\\/www.datenleben.de\\\/wp-content\\\/plugins\\\/podlove-web-player\\\/web-player\\\/share.html\",\"sharePlaytime\":true},\"related-episodes\":{\"source\":\"disabled\",\"value\":null},\"version\":5,\"theme\":{\"tokens\":{\"brand\":\"#fff\",\"brandDark\":\"#fff\",\"brandDarkest\":\"#000\",\"brandLightest\":\"#8cc240\",\"shadeDark\":\"#807E7C\",\"shadeBase\":\"#807E7C\",\"contrast\":\"#000\",\"alt\":\"#8cc240\"},\"fonts\":{\"ci\":{\"name\":\"ci\",\"family\":[\"-apple-system\",\"BlinkMacSystemFont\",\"Segoe UI\",\"Roboto\",\"Helvetica\",\"Arial\",\"sans-serif\",\"Apple Color Emoji\",\"Segoe UI Emoji\\\", \\\"Segoe UI Symbol\"],\"src\":[],\"weight\":800},\"regular\":{\"name\":\"regular\",\"family\":[\"-apple-system\",\"BlinkMacSystemFont\",\"Segoe UI\",\"Roboto\",\"Helvetica\",\"Arial\",\"sans-serif\",\"Apple Color Emoji\",\"Segoe UI Emoji\\\", \\\"Segoe UI Symbol\"],\"src\":[],\"weight\":300},\"bold\":{\"name\":\"bold\",\"family\":[\"-apple-system\",\"BlinkMacSystemFont\",\"Segoe UI\",\"Roboto\",\"Helvetica\",\"Arial\",\"sans-serif\",\"Apple Color Emoji\",\"Segoe UI Emoji\\\", \\\"Segoe UI Symbol\"],\"src\":[],\"weight\":700}}},\"base\":\"https:\\\/\\\/www.datenleben.de\\\/wp-content\\\/plugins\\\/podlove-web-player\\\/web-player\\\/\"}}]);\n                podlovePlayer(player, \"https:\/\/www.datenleben.de\/index.php\/wp-json\/podlove-web-player\/shortcode\/publisher\/193\", \"https:\/\/www.datenleben.de\/index.php\/wp-json\/podlove-web-player\/shortcode\/config\/default\/theme\/datenleben\").then(function() {\n                  player && player.classList.remove(\"podlove-web-player-loading\");\n                });\n              });\n            <\/script>\n            <style>\n              .podlove-web-player.podlove-web-player-loading {\n                opacity: 0;\n              }\n            <\/style>\n        \n\t\n\t\t\n\n<h2 class=\"wp-block-heading\">Shownotes DL002: Coronadaten<\/h2>\n\n\n\n<h3 class=\"wp-block-heading\">Intro (00:00:00)<\/h3>\n\n\n\n<h3 class=\"wp-block-heading\">Thema des Podcasts und der Folge (00:00:18)<\/h3>\n\n\n\n<p>Willkommen zu unserer zweiten Folge beim datenleben-Podcast, dem Podcast \u00fcber Data Science.<br>Wir m\u00f6chten mit euch in die vielf\u00e4ltige Welt der Daten eintauchen.<br>Hier sind wieder Helena und Janine um den Daten nachzusp\u00fcren.<\/p>\n\n\n\n<p>Frei nach unserem Motto 'Kenne Dein Messverfahren' geht es dieses Mal um das Thema Coronadaten.<\/p>\n\n\n\n<ul class=\"wp-block-list\"><li>Tagt\u00e4glich werden uns neue Zahlen, Daten und Fakten pr\u00e4seniert<\/li><li>Aber nicht immer h\u00f6ren wir auch, warum und was diese Zahlen wirklich aussagen sollen<\/li><li>Es geht um den R-Wert und was der R-Wert mit der Art zu testen zu tun hat<\/li><li>Wie Fallzahlen erhoben werden und ob sie etwas dar\u00fcber sagen k\u00f6nnen, wie das Virus sich ausbreitet<\/li><li>Wie werden die Zahlen der Verstorbenen erhoben und welche Rolle spielt die \u00dcbersterblichkeit?<\/li><\/ul>\n\n\n\n<h3 class=\"wp-block-heading\">Warum das Thema Coronadaten? (00:01:20)<\/h3>\n\n\n\n<ul class=\"wp-block-list\"><li>Aktuell viel Relevanz f\u00fcr unser Leben, auch in Diskussionen mit Freunden und Familie<\/li><li>Wir werden mit vielen Daten und Zahlen konfrontiert, die uns auch verunsichern k\u00f6nnen, weil sie oft auch verk\u00fcrzt dargestellt werden<\/li><li>Wir m\u00f6chten explizit darauf hinweisen, dass wir nat\u00fcrlich weder Epidemologen noch Virologen sind<\/li><li>Daher werden wir keine Empfehlungen aussprechen, es geht darum zu zeigen, wie die Daten interpretiert oder auch fehlinterpretiert werden k\u00f6nnen<\/li><li>Damit jeder in der Lage ist, diese Daten f\u00fcr sich besser nachzuvollziehen<\/li><\/ul>\n\n\n\n<h3 class=\"wp-block-heading\">Einstieg: Warum ist M\u00e4rz schon 3 Jahre her? (00:02:20)<\/h3>\n\n\n\n<ul class=\"wp-block-list\"><li>Kein Zeitgef\u00fchl mehr in der Krise, daher ein paar Randdaten<\/li><li>Am 27.01.2020 gab es den ersten Fall von Covid-19 in Deutschland<\/li><li>Die ersten F\u00e4lle waren punktuell und nachvollziehbar<\/li><li>Am 26. Februar wurde die erste Folge vom <a href=\"https:\/\/www.ndr.de\/nachrichten\/info\/podcast4684.html\">Coronavirus Update mit Christian Drosten<\/a> ver\u00f6ffentlicht<\/li><li>Kurz darauf, Ende Februar, wurde der <a href=\"https:\/\/de.wikipedia.org\/wiki\/COVID-19-Pandemie_im_Kreis_Heinsberg\">Kreis Heinsberg zum ersten gro\u00dfen Ausbruch Deutschlands<\/a>, bei dem nicht mehr die Infektionsketten nachvollzogen werden konnten<\/li><li>Hier wurde sp\u00e4ter dann die Heinsberg-Studie durchgef\u00fchrt<\/li><li>Am 11. M\u00e4rz gab die Weltgesundheitsorganisation (WHO) bekannt, dass sie <a href=\"https:\/\/www.who.int\/dg\/speeches\/detail\/who-director-general-s-opening-remarks-at-the-media-briefing-on-covid-19---11-march-2020\">Covid-19 offiziell als Pandemie einstufen<\/a><\/li><li>Mitte M\u00e4rz traten fl\u00e4chendeckend die ersten <a href=\"https:\/\/de.wikipedia.org\/wiki\/Liste_der_infolge_der_COVID-19-Pandemie_erlassenen_deutschen_Gesetze_und_Verordnungen\">Gesetze und Verordnungen<\/a> in Kraft, die aufgrund der Pandemie beschlossen und erlassen wurden<\/li><li>Tagesschau kannte kein anderes Thema mehr als Covid-19<\/li><li>Je pr\u00e4senter die Pandemie in Deutschland wurde, desto wichtiger wurde es f\u00fcr alle, auf dem Neuesten Stand zu sein<\/li><li>Menschen haben t\u00e4glich die Zahlen abgerufen, es wurden interaktive Karten geteilt, es gab Talkshows, Nachrichtensendungen, Experteninterviews<\/li><li>Nicht selten gab es auch schwer nachvollziehbare oder widerspr\u00fcchliche Informationen zu Gefahren und Ma\u00dfnahmen<\/li><li>Immer aktuelle Zahlen, erwecken Erwartungen und sollen Vertrauen und Aktualit\u00e4t suggerieren<\/li><li>Aber warum das so nicht funktionieren kann, dar\u00fcber reden wir heute<\/li><li>Denn Zahlen ohne Kontext, richten oft mehr Schaden an, als zu helfen<\/li><\/ul>\n\n\n\n<h3 class=\"wp-block-heading\">Der R-Wert, die Reproduktionszahl (00:05:33)<\/h3>\n\n\n\n<ul class=\"wp-block-list\"><li>der R-Wert ist bekannteste Wert, der uns t\u00e4glich berichtet wird<\/li><li>Die Reproduktionszahl gibt an, wie viele Personen ein infizierter Mensch ansteckt<\/li><li><a href=\"https:\/\/www.tagesschau.de\/inland\/corona-rki-111.html\">Ausbruchsgeschehen<\/a> wie in Wohnanlagen oder Fleischbetrieben, k\u00f6nnen diesen Wert drastisch \u00e4ndern<\/li><li>Siehe hierzu auch den <a href=\"https:\/\/www.rki.de\/DE\/Content\/InfAZ\/N\/Neuartiges_Coronavirus\/Situationsberichte\/2020-06-23-de.pdf?__blob=publicationFile\">t\u00e4gliche Lagebericht des RKI vom 23. Juni<\/a><\/li><li>Ohne, dass das gesamtgesellschaftlich eine Rolle spielt<\/li><li>Bleibt der Wert unter 1, wird die Pandemie langfristig abklingen<\/li><li>Am 26.06. lag der sensible R-Wert bei 0,83, bzw. der 7-Tage\u2014R\u2014Wert bei 0,67<\/li><\/ul>\n\n\n\n<h3 class=\"wp-block-heading\">R-Wert Definition (00:06:33)<\/h3>\n\n\n\n<ul class=\"wp-block-list\"><li>Quelle zur R-\u1e80ert-Definition: <a href=\"https:\/\/www.rki.de\/SharedDocs\/FAQ\/NCOV2019\/gesamt.html\">Robert Koch-Institut: Antworten auf h\u00e4ufig gestellte Fragen zum Coronavirus SARS-CoV-2 \/ Krankheit COVID-19<\/a><\/li><li>\"Die Reproduktionszahl, beschreibt, wie viele Menschen eine infizierte Person im Mittel ansteckt\"<\/li><li>Am Anfang einer Pandemie ist die gesamte Bev\u00f6lkerung f\u00fcr das Virus empf\u00e4nglich<\/li><li>Es gibt keine Immunit\u00e4t, keinen Impfstoff und keinerlei Ma\u00dfnahmen zum Schutz vor Infektionen<\/li><li>Der Startwert hei\u00dft R0, das ist die Basisreproduktionszahl; laut RKI liegt R0 bei SARS-CoV-2 zwischen 2,4 und 3,3<\/li><li>Jeder Infizierte steckt durchschnittlich etwas mehr als 2 bis etwas mehr als 3 Personen an<\/li><li>Ohne Ma\u00dfnahmen gibt es einen exponentiellen Anstieg der Infiziertenzahlen, bis bis zu 70% der Bev\u00f6lkerung infiziert sind<\/li><li>Infektionsschutzma\u00dfnahmen verringern die Verbreitung, um das abzubilden gibt es die zeitabh\u00e4ngige Reproduktionszahl R(t)<\/li><li>Wenn R gr\u00f6\u00dfer 1 ist, steigt die Anzahl t\u00e4glicher Neuinfektionen<\/li><li>Wenn R gleich 1 ist, dann gibt es eine konstante Anzahl t\u00e4glicher Neuinfektionen<\/li><li>Wenn R kleiner 1 ist, dann sinkt die Anzahl t\u00e4glicher Neuinfektionen<\/li><li>Daraus ergibt sich, wie aktiv das Virus ist und welche Ma\u00dfnahmen gerade vermutlich notwendig sind<\/li><li>Das RKI bestimmt den R-Wert anhand der Daten, die zu best\u00e4tigten F\u00e4llen von Gesundheits\u00e4mtern \u00fcbermittelt werden<\/li><li>Es gibt allerdings einen Meldeverzug bei der Daten\u00fcbermittlung, daher muss man das statistische Verfahren Nowcasting anwenden<\/li><li>Seit dem 14.05.2020 bildet das RKI im Situationsbericht zwei verschiedene R-Werte ab<\/li><li>Der sensitive R-Wert reagiert sehr empfindlich auf schnellen Spr\u00fcnge in den Fallzahlen, zum Beispiel durch einzelne Ausbruchsgeschehen.<\/li><li>Das f\u00fchrt besonders bei niedrigen Anzahlen von Neuerkrankungen zu verh\u00e4ltnism\u00e4\u00dfig gro\u00dfen Schwankungen<\/li><li>Der stabilere 7-Tage-R-Wert, wird \u00fcber einen l\u00e4ngeren Zeitraum berechnet<\/li><li>Das gleicht <a href=\"https:\/\/www.rki.de\/DE\/Content\/InfAZ\/N\/Neuartiges_Coronavirus\/Projekte_RKI\/R-Wert-Erlaeuterung.pdf?__blob=publicationFile\">Wochentagseffekte<\/a> aus, die bei der Meldung von Neuerkrankungen auftreten<\/li><li>Auch das RKI sagt, der R-Wert kann nicht allein als Ma\u00df f\u00fcr Wirksamkeit\/Notwendingkeit von Ma\u00dfnahmen herangezogen werden<\/li><li>Absolute Zahl der Neuinfektionen muss ebenfalls niedrig sein, um effektiv Kontaktpersonen ermitteln zu k\u00f6nnen<\/li><\/ul>\n\n\n\n<h3 class=\"wp-block-heading\">Warum der R-Wert problematisch ist (00:11:20)<\/h3>\n\n\n\n<ul class=\"wp-block-list\"><li>Daraus sieht man schon verschiedene Probleme:<\/li><li>Nowcasting, als statistische Methode, muss nicht exakt sein, Abweichungen zu den tats\u00e4chlichen Zahlen sind m\u00f6glich<\/li><li>lokale Ausbr\u00fcche haben einen gro\u00dfen Effekt auf diese Zahl, wenn die Gesamtinfektionen niedrig sind<\/li><li>Deswegen ist die Gesamtzahl auch wichtig<\/li><li>Mitte Juni haben wir das in einem groqen Fleischereibetrieb erlebt, das hatte keinen Effekt auf Deutschland insgesamt, sondern auf Ma\u00dfnahmen vor Ort<\/li><li>Daher ist auch der 7-Tage-R-Wert sinnvoll f\u00fcr den Gesamttrend<\/li><li>Ein weiteres Problem ist, dass die Zahl sich vor allem auf die Vergangenheit bezieht, diese aber eventuell nicht vollst\u00e4ndig ist, weil Daten fehlen<\/li><li>Analyse des Helmholtz Zentrums f\u00fcr Infektonsforschung in Braunschweig zeigt, dass sich der R-Wert f\u00fcr die Vergangenheit \u00e4ndert<\/li><li>Wir k\u00f6nnen immer nur in Bezug auf das Handeln, was wir jetzt wissen<\/li><li>Als zu Beginn der Anstieg noch exponentiell war, hat man Ma\u00dfnahmen ergriffen, die vielleicht zu intensiv war, stattdessen h\u00e4tte man Masken tragen sollen<\/li><li>Dass kann man aber erst hinterher sagen, weil jetzt eine Studie f\u00fcr Jena zeigt, die fr\u00fcher Masken eingef\u00fchrt haben, wie der Effekt dieser Ma\u00dfnahme war<\/li><li>Andere Untersuchungen sagen ja auch, dass das <a href=\"https:\/\/www.sciencedirect.com\/science\/article\/pii\/S0924857920301643?via%3Dihub\">Virus fr\u00fcher in Europa aktiv<\/a> war, ohne, dass man es wusste, aber auch das wei\u00df man erst hinterher<\/li><li>Diskrepanz zwischen dem eigenen Wohnort (einzelne F\u00e4lle in einer Stadt), w\u00e4hrend in Deutschland die Fallzahlen insgesamt schnell anstiegen<\/li><li>War sehr sinnvoll so fr\u00fch Ma\u00dfnahmen zu ergreifen, auch wenn die Zahlen vielleicht noch nicht so dramatisch waren, wie anderswo<\/li><li>Fazit: <em>Unser Wissen \u00fcber die Vergangenheit \u00e4ndert sich. Wir k\u00f6nnen nicht im Nachhinein sagen: wir h\u00e4tten damals schon wissen m\u00fcssen, dass xy<\/em><\/li><\/ul>\n\n\n\n<h3 class=\"wp-block-heading\">Infektionszahlen und wie getestet wird (00:17:39)<\/h3>\n\n\n\n<ul class=\"wp-block-list\"><li>Gerade in der Anfangsphase wurden wir ja mit absoluten Infektionszahlen konfrontiert<\/li><li>Es wird berichtet die Infektionszahl ist gesunken - was richtig, aber irref\u00fchrend sein kann -&gt; Wochentagseffekte<\/li><li>Man muss wissen bei den reinen Infiziertenzahlen wissen, wie konkret getestet wird und diese Zahlen zu Stande kommen<\/li><li>Beispiel: Am 11.06.2020 titelte die Tagesschau (im Newsticker) \"Schweden verzeichnet Rekordanstieg bei Neuinfektionen\"<\/li><li>Schweden hat zuvor wenig getestet und angefangen das auszuweiten<\/li><li>Daher gibt es vermutlich keinen Anstieg an Neuinfektionen, sondern nur an entdeckten Infektionen<\/li><li>Gutes Beispiel daf\u00fcr, dass es wichtig ist, zu wissen, wie viel getestet wird<\/li><li>In Deutschland wurde verh\u00e4ltnism\u00e4\u00dfig viel getestet, die absoluten Zahlen lassen sich daher mit denen anderer L\u00e4nder nicht vergleichen<\/li><li>Ver\u00e4ndert man die Anzahl der Tests, ver\u00e4ndert sich zugleich \"k\u00fcnstlich\" die Anzahl der Infiziertenzahlen<\/li><li>Das kann man auch politisch einsetzen: L\u00e4nder, die wenig testen, wirken nach au\u00dfen, als w\u00e4re Covid-19 kein Problem<\/li><li>Auff\u00e4llig wirkte hier zum Beispiel Russland zu einem bestimmten Zeitpunkt am Beginn der Ausbreitung in Europa<\/li><li>L\u00e4nder, deren Einwohner weniger reisen, sind sp\u00e4ter betroffen<\/li><li>Wann wird denn getestet und wann werden sie ausgewertet? (Schichtbetrieb, Wochendendbetrieb)<\/li><li>Schwankungen durch Arbeitstage und Wochenenden<\/li><li>Wird bei der Meldung gesagt, wann die Infektion passiert?<\/li><li>Covid-19-Dashboard zeigte deutlich einen Wochentagseffekt, weswegen auch nachgebessert wurde: Nachtr\u00e4gliche Meldungen wurden farblich markiert<\/li><li><a href=\"https:\/\/fivethirtyeight.com\/features\/coronavirus-case-counts-are-meaningless\/\">Artikel von 538<\/a> diskutiert anschaulich das Thema der Infektionszahlen und des R-Wertes<\/li><li>Vier ausgedachte Nationen wurden beschrieben, wie sie mit Tests umgegangen sind und sich das ausgewirkt hat auf die Werte<\/li><li>Ergebnis ist zum Beispiel, dass ein Land, dass wenig testet k\u00f6nnte entweder versucht sein Ma\u00dfnahmen zu fr\u00fch zu beenden oder zu sp\u00e4t einzuf\u00fchren<\/li><li>Was zu schlimmeren Auswirkungen auf die Bev\u00f6lkerung f\u00fchren kann<\/li><li>Sie stellen dar, welche Diskrepanzen zwischen dem tats\u00e4chlichen R-\u1e80ert der Bev\u00f6lkerung und dem druch Tests ermittelten R-Wert auftreten k\u00f6nnen<\/li><li>Fazit: <em>Das Messverfahren ist entscheidend. Die selben Infiziertenzahlen haben verschiedene Bedeutung, je nachdem ob viel getestet wird, oder nur bestimmte Gruppen<\/em><\/li><\/ul>\n\n\n\n<h3 class=\"wp-block-heading\">Wie werden die Zahlen der Verstorbenen erfasst? (00:25:03)<\/h3>\n\n\n\n<ul class=\"wp-block-list\"><li>Es gibt viele Faktoren, die eine genaue Erhebung der Daten erschweren, es sind immer nur Trends<\/li><li>Woher sollen wir wissen, wie verbreitet das Virus wirklich war oder ist?<\/li><li>Eventuell hilft ein Blick auf die verzeichneten Tode, wovon ausgehend man vielleicht absch\u00e4tzen kann, wie viele infiziert gewesen sein m\u00fcssten<\/li><li>Aber ist das wirklich eine genauere Sch\u00e4tzung?<\/li><li>Ein Problem: L\u00e4nder erfassen unterschiedlich die Todesursache<\/li><li>z.B. unterscheiden manche \u2013 und manche nicht \u2013 zwischen \"durch\" oder \"mit\" Covid-19 verstorben<\/li><li>Das ist auch medizinisch keine einfache Frage<\/li><li>Wenn wir den Wert der Verstorbenen als Basis nehmen wollen, um auf Infiziertenzahlen hochzurechnen, muss man auch viele weitere Effekte beachten<\/li><li>Wie gut ist z.B. das Gesundheitssystem aufgestellt?<\/li><li>Wenn es nicht \u00fcberlastet ist, wird der Faktor zwischen Verstorbenen und Gesamtinfizierten ein anderer sein, als wenn es \u00fcberlastet w\u00e4re<\/li><li>Die Zahlen aus Norditalien w\u00fcrden f\u00fcr Deutschland als Berechnungsbases daher nicht passen<\/li><li>So etwas wurde dann zum Beispiel mit der <a href=\"https:\/\/www.uni-bonn.de\/neues\/111-2020\">Heinsberg-Studie<\/a> f\u00fcr Deutschland versucht, aber das Rauschen der Werte ist ziemlich gro\u00df<\/li><li>Die Ausgangszahl war zu gering, um sie auf ganz Deutschland zu beziehen, daher anf\u00e4llig f\u00fcr Rauschen<\/li><li>Beispiel Quantenphysik: \"shot noise\"; wenn ein Lichtteilchen auf einen Filmsensor trifft, ist es sehr zuf\u00e4llig, wann die ankommen<\/li><li>Misst man dann lichtschwache Sachen, wie Sterne, kann das Rauschen durch das nicht konstante Auftreffen die Ergebnisse \u00fcberlagern<\/li><li>Das gleiche passiert hier bei den Fallzahlen von Covid-19 auch<\/li><li>Zum Thema verzerrte Statistiken haben wir uns einen Artikel von 538 zum Thema <a href=\"https:\/\/fivethirtyeight.com\/features\/coronavirus-deaths\/\">Ungez\u00e4hlte Tote<\/a> angesehen<\/li><li>Auf Totenscheinen gibt es meist mehrere Zeilen auf denen verschiedene wahrscheinliche Todesursachen eingetragen werden k\u00f6nnen<\/li><li>Dies erschwert es dann, dass die Todesursache eindeutig einem statistisch erfassbaren Wert zugeschrieben werden kann<\/li><li>In den USA gibt es in verschiedenen Counties abweichende Regeln<\/li><li>Zum Beispiel ist nicht \u00fcberall bei Verstorbenen ein Test auf Covid-19 vorgeschrieben, d.h. jemand f\u00e4llt aus der Statistik, wenn er erkrankt war<\/li><li>Das erschwert die Vergleichbarkeit, allein deswegen kann man von den Todeszahlen nicht auf die Gesamtverbreitung hochrechnen<\/li><li>L\u00e4nder erfassen \u00fcber ihre Bev\u00f6lkerung verschiedene Statistiken, u.a. Todesursachen<\/li><li>Vom Erstellen eines Totenscheins bis zur Erfassung in der Statistik dauert es bis zu zwei Jahre<\/li><li>Auch das zeigt: Man kann die aktuelle Situation nur sch\u00e4tzen<\/li><li>Meldeverz\u00fcge, Korrekturen, finale Ergebnisse brauchen Zeit<\/li><li>Ist aber auch in der Natur der Sache, wir m\u00fcssen mit unvollst\u00e4ndigen Daten jetzt leben und Entscheidungen treffen<\/li><li>Aber wir m\u00fcssen auch wissen, dass sich die Daten nochmal \u00e4ndern werden \u00fcber das, was aktuell passiert<\/li><\/ul>\n\n\n\n<h3 class=\"wp-block-heading\">Warum und wie wird die \u00dcbersterblichkeit erfasst? (00:33:14)<\/h3>\n\n\n\n<ul class=\"wp-block-list\"><li>Wir hatten schon den R-Wert, die Fallzahlen und die Zahlen der Verstorbenen; alle scheinen zu ungenau zu sein<\/li><li>Aber genau deswegen gibt es diese verschiedenen Werte, die zusammengenommen besser einen Trend abbilden k\u00f6nnen<\/li><li>Ein weiterer Ansatz ist das Betrachten der \u00dcbersterblichkeit<\/li><li>\u00dcbersterblichkeit beschreibt ein vermehrtes aufkommen von Todesf\u00e4llen einer bestimmten Gruppe oder der Gesamtbev\u00f6lkerung innerhalb eines bestimmten Zeitraumes<\/li><li>Immer verglichen mit den Zahlen der Vorjahre f\u00fcr den gleichen Zeitraum und die gleiche Gruppe oder der Gesamtbev\u00f6lkerung<\/li><li>Es ist eine statistische Modellrechnung<\/li><li>Beispiel <a href=\"https:\/\/www.rki.de\/SharedDocs\/FAQ\/Influenza\/FAQ_Liste.html#f2437342\">Todesf\u00e4lle durch Influenza<\/a> beim RKI<\/li><li>Es ist ein Sch\u00e4tzergebnis, das auf historischen Daten beruht<\/li><li>Man zieht von der Zahl aller Todesf\u00e4lle w\u00e4hrend einer Influenzawelle die Zahl von Todesf\u00e4llen ab, die vermutlich ohne Influenza aufgetreten w\u00e4re<\/li><li>Die Differenz stellt dann die \u00dcbersterblichkeit (Exzess-Mortalit\u00e4t) dar<\/li><li>Grund: Nicht alle Todesf\u00e4lle w\u00e4hrend einer Influenzawelle wird auch Viren untersucht<\/li><li>Oft folgt auf die Influenzaerkrankung eine Lungenentz\u00fcndung, das Virus ist nicht mehr nachweisbar, die Todesursache ist eine bakterielle Lungenentz\u00fcndung<\/li><li>Daher wird die Influenza praktisch nie auf dem Totenschein als Todesursache erfasst<\/li><li>Gibt es hierzu denn jetzt bereits Aussagen, was das Coronavirus angeht? Welche Zahlen liegen hier vor?<\/li><li>Eine bekannte Webseite ist <a href=\"https:\/\/www.euromomo.eu\/\">euromomo.eu<\/a>, zeichnet \u00dcbersterblichkeit einiger europ\u00e4ischer L\u00e4nder auf<\/li><li>F\u00fcr <a href=\"https:\/\/www.destatis.de\/DE\/Themen\/Querschnitt\/Corona\/Gesellschaft\/bevoelkerung-sterbefaelle.html\">April in Deutschland<\/a> ist ein deutlicher Anstieg der Sterbefallzahlen gegen\u00fcber den Vorjahren erkennbar<\/li><li>Im Mai bereits nicht mehr, deutet darauf hin, dass die ganzen Ma\u00dfnahmen funktioniert haben<\/li><li>In Gro\u00dfbritannien ist ebenfalls die \u00dcbersterblichkeit deutlich sichtbar geworden: <a href=\"https:\/\/www.ons.gov.uk\/peoplepopulationandcommunity\/birthsdeathsandmarriages\/deaths\/bulletins\/deathsregisteredweeklyinenglandandwalesprovisional\/weekending5june2020\">Office for National Statistics: Deaths registered weekly in England and Wales, provisional: week ending 5 June 2020<\/a><\/li><li>Problem: Man braucht eine Baseline, wie viele Menschen \u00fcblicherweise in den Monaten, die man sich ansieht, sterben<\/li><li>Ma\u00dfnahmen k\u00f6nnen aber auch anders auf die Zahlen von Todesf\u00e4llen wirken<\/li><li>Social Distancing k\u00f6nnte vielleicht die Suizidrate bei Menschen mit psychischen Erkrankungen erh\u00f6hen<\/li><li>Kontrolltermine bei \u00c4rzten oder geplante Operationen im Krankenhaus wurden verschoben<\/li><li>Das waren Effekte, die die \u00dcbersterblichkeit eventuell erh\u00f6hen, es gibt aber auch gegenteilige Effekte<\/li><li>Berufsverkehr ist ab Mitte M\u00e4rz zum erliegen gekommen, freie Autobahnen, Verkehrsunfallzahlen also eventuell zur\u00fcckgegangen<\/li><li>Freizeitaktivit\u00e4ten sind ausgefallen, die vielleicht risikobehaftet sind<\/li><li>Nat\u00fcrlich passieren aber anekdotischerweise die meisten Unf\u00e4lle im Haushalt, vielleicht hat das Zu-Hause-Bleiben also auch einen Effekt<\/li><\/ul>\n\n\n\n<h3 class=\"wp-block-heading\">Fazit (00:40:26)<\/h3>\n\n\n\n<ul class=\"wp-block-list\"><li><a href=\"https:\/\/en.wikipedia.org\/wiki\/Flattening_the_curve\">\"Flatten the Curve\"<\/a> war nicht nur deswegen sinnvoll, weil weniger Menschen erkranken und an Covid-19 versterben<\/li><li>Sondern weil gerade am Anfang die Informationslage sehr d\u00fcnn war, jetzt wissen wir als Gesellschaft schon deutlich mehr<\/li><li>Auswirkungen der Krankheit, welche Effekte auftreten, was hilft, wie Ansteckung passiert<\/li><li>Daf\u00fcr war es n\u00f6tig die Zeit zu gewinnen, indem die Pandemie abgeschw\u00e4cht\/verlangsamt wurde<\/li><li>So hatten wir in Deutschland das Gl\u00fcck nicht so hart getroffen zu werden<\/li><li>Wie anfangs gesagt, haben wir uns f\u00fcr dieses Thema entschieden, weil erlebt haben, dass diese vielen Zahlen und Darstellungen auch verunsichern k\u00f6nnen<\/li><li>Daten als Produzent von Unsicherheit: In den Nachrichten werden wir mit immer aktuellen Daten und Fakten zur weltweiten und hiesigen Situation versorgt<\/li><li>Dass dieser Dauerstrom an immer neuen Zahlen und Beschreibungen auch verunsichern kann, und speziell auch Nachrichten \u00c4ngste sch\u00fcren k\u00f6nnen, ist dabei nicht neu<\/li><li>Speziell zur Corona-Pandemie hat die Deutsche Angst-Hilfe einen <a href=\"https:\/\/www.angstselbsthilfe.de\/angstfrei-news\/\">Angstfrei-News<\/a> gestartet<\/li><li>\u00dcber die genaueren Absichten hat sich Christian Zottl beim Deutschlandfunk Nova Podcast <a href=\"https:\/\/www.deutschlandfunknova.de\/beitrag\/coronavirus-wenn-nachrichten-angst-machen\">Eine Stunde &gt; Was mit Medien (Minute 02:10-12:30)<\/a> ge\u00e4u\u00dfert<\/li><li>Er wies unter anderem darauf hin, dass es bei ihrem Angebot vor allem darum geht ausgewogen und ohne Dramatisierung der Sachlage zu berichten<\/li><li>Urspr\u00fcnglich f\u00fcr Menschen mit einer Angsterkrankung gedacht, wird das Angebot auch immer mehr von allen m\u00f6glichen Menschen genutzt<\/li><li>Bedarf nach sensitiv kuratierten Nachrichten scheint offensichtlich gestiegen<\/li><li>Daten als Produzent von Sicherheit: Gut gemachte Informationen und Nachrichten k\u00f6nnen aber auch genau das Gegenteil bewirken<\/li><li>Warum? Weil sie das nicht greifbare beschreiben und erfassbar machen k\u00f6nnen<\/li><li>Es ist eine Frage des Umgangs und eben des Kontextes: Kenne Dein Messverfahren!<\/li><li>Wir hoffen, dass wir mit einer genaueren Betrachtung der Verbundenen Problematiken zeigen konnten, dass diese Daten zwar wichtig sind, aber sie auch immer nur einen Trend abbilden<\/li><li>Man sollte sich nicht zu sehr von den Werten vereinnahmen lassen und nicht jeden Tag gucken, wie es jetzt steht, sondern auf die Gesamtsituation blicken<\/li><\/ul>\n\n\n\n<h3 class=\"wp-block-heading\">N\u00e4chstes Thema: Unfallstatistik am 15.08.2020 (00:45:25)<\/h3>\n\n\n\n<ul class=\"wp-block-list\"><li>Wir hatten ja beim Thema \u00dcbersterblichkeit schon die Frage ob weniger Verkehrsunf\u00e4lle zu geringerer \u00dcbersterblichkeit f\u00fchren k\u00f6nnen<\/li><li>Ausserdem betrachten wir Verkehrsteilnehmer (z.B. Altersgruppen) und welche Effekte nicht sonderlich gut dargestellt werden<\/li><\/ul>\n\n\n\n<h3 class=\"wp-block-heading\">Call to Action (00:46:10)<\/h3>\n\n\n\n<ul class=\"wp-block-list\"><li>Wenn ihr uns weiter h\u00f6ren m\u00f6chtet:<\/li><li>Twitter unter https:\/\/twitter.com\/datenleben<\/li><li>Webseite: https:\/\/www.datenleben.de\/<\/li><li>Schreibt uns Feedback, Fragen oder Themenvorschl\u00e4gen!<\/li><\/ul>\n\n\n\n<h3 class=\"wp-block-heading\">Schlagworte zur Folge<\/h3>\n\n\n\n<p>Corona, Coronavirus, Covid-19, Reproduktionszahl, Infektionszahlen, \u00dcbersterblichkeit<\/p>\n\n\n\n<h3 class=\"wp-block-heading\">Quellen<\/h3>\n\n\n\n<ul class=\"wp-block-list\"><li><a href=\"https:\/\/www.ndr.de\/nachrichten\/info\/podcast4684.html\">NDR: Coronavirus Update mit Christian Drosten<\/a><\/li><li><a href=\"https:\/\/de.wikipedia.org\/wiki\/COVID-19-Pandemie_im_Kreis_Heinsberg\">Wikipedia: COVID-19-Pandemie im Kreis Heinsberg<\/a><\/li><li><a href=\"https:\/\/www.who.int\/dg\/speeches\/detail\/who-director-general-s-opening-remarks-at-the-media-briefing-on-covid-19---11-march-2020\">World Health Organization: WHO Director-General's opening remarks at the media briefing on COVID-19 - 11 March 2020<\/a><\/li><li><a href=\"https:\/\/de.wikipedia.org\/wiki\/Liste_der_infolge_der_COVID-19-Pandemie_erlassenen_deutschen_Gesetze_und_Verordnungen#Niedersachsen\">Wikipedia: Liste der infolge der COVID-19-Pandemie erlassenen deutschen Gesetze und Verordnungen<\/a><\/li><li><a href=\"https:\/\/www.tagesschau.de\/inland\/corona-rki-111.html\">tagesschau.de: Corona-Infektionsherde Neue Hotspots - Sorge vor zweiter Welle<\/a><\/li><li><a href=\"https:\/\/www.rki.de\/DE\/Content\/InfAZ\/N\/Neuartiges_Coronavirus\/Situationsberichte\/2020-06-23-de.pdf?__blob=publicationFile\">Robert Koch-Institut: T\u00e4glicher Lagebericht des RKIzur Coronavirus-Krankheit-2019 (COVID-19). 23.06.2020 \u2013 AKTUALISIERTER STAND F\u00dcR DEUTSCHLAND<\/a><\/li><li><a href=\"https:\/\/www.rki.de\/SharedDocs\/FAQ\/NCOV2019\/gesamt.html\">Robert Koch-Institut: Antworten auf h\u00e4ufig gestellte Fragen zum Coronavirus SARS-CoV-2 \/ Krankheit COVID-19<\/a><\/li><li><a href=\"https:\/\/www.rki.de\/DE\/Content\/InfAZ\/N\/Neuartiges_Coronavirus\/Projekte_RKI\/R-Wert-Erlaeuterung.pdf?__blob=publicationFile\">Robert Koch-Institut: Erl\u00e4uterung der Sch\u00e4tzung der zeitlich variierenden Reproduktionszahl R. 15.05.2020<\/a><\/li><li><a href=\"https:\/\/www.sciencedirect.com\/science\/article\/pii\/S0924857920301643?via%3Dihub\">ScienceDirect: SARS-CoV-2 was already spreading in France in late December 2019 (A. Deslandes et al.)<\/a><\/li><li><a href=\"https:\/\/fivethirtyeight.com\/features\/coronavirus-case-counts-are-meaningless\/\">FiveThirtyEight: Coronavirus Case Counts Are Meaningless (Unless you know something about testing. And even then, it gets complicated.)<\/a><\/li><li><a href=\"https:\/\/www.uni-bonn.de\/neues\/111-2020\">Universit\u00e4t Bonn: Ergebnisse der \u201eHeinsberg-Studie\u201c ver\u00f6ffentlicht<\/a><\/li><li><a href=\"https:\/\/fivethirtyeight.com\/features\/coronavirus-deaths\/\">FiveThirtyEight: The Uncounted Dead. Why some people who likely died from COVID-19 aren\u2019t included in the final numbers.<\/a><\/li><li><a href=\"https:\/\/www.rki.de\/SharedDocs\/FAQ\/Influenza\/FAQ_Liste.html#f2437342\">Robert Koch-Institut: H\u00e4ufig gestellte Fragen und Antworten zur Grippe. Wie werden Todesf\u00e4lle durch Influenza erfasst?<\/a><\/li><li><a href=\"https:\/\/www.destatis.de\/DE\/Themen\/Querschnitt\/Corona\/Gesellschaft\/bevoelkerung-sterbefaelle.html\">Statistisches Bundesamt: Sterbefallzahlen und \u00dcbersterblichkeit<\/a><\/li><li><a href=\"https:\/\/www.ons.gov.uk\/peoplepopulationandcommunity\/birthsdeathsandmarriages\/deaths\/bulletins\/deathsregisteredweeklyinenglandandwalesprovisional\/weekending5june2020\">Office for National Statistics: Deaths registered weekly in England and Wales, provisional: week ending 5 June 2020<\/a><\/li><li><a href=\"https:\/\/www.deutschlandfunknova.de\/beitrag\/coronavirus-wenn-nachrichten-angst-machen\">Deutschlandfunk Nova. Eine Stunde &gt; Was mit Medien: Coronavirus. Wenn Nachrichten Angst machen<\/a><\/li><\/ul>\n\n\n\n<h3 class=\"wp-block-heading\">Weiterf\u00fchrende Links<\/h3>\n\n\n\n<ul class=\"wp-block-list\"><li><a href=\"https:\/\/www.bundesregierung.de\/breg-de\/themen\/coronavirus\/fallzahlen-coronavirus-1738210\">Die Bundesregierung: Die aktuellen Fallzahlen in Deutschland und weltweit<\/a><\/li><li><a href=\"https:\/\/coronavirus.jhu.edu\/map.html\">Johns Hopkins, Coronavirus Resource Center: World Map<\/a><\/li><li><a href=\"https:\/\/experience.arcgis.com\/experience\/478220a4c454480e823b17327b2bf1d4\">Robert Koch-Institut: COVID-19-Dashboard (Deutschland)<\/a><\/li><li><a href=\"https:\/\/www.rki.de\/DE\/Content\/InfAZ\/N\/Neuartiges_Coronavirus\/Projekte_RKI\/Nowcasting.html\">Robert Koch-Institut: Nowcasting und R-Sch\u00e4tzung: Sch\u00e4tzung der aktuellen Entwicklung der SARS-CoV-2-Epidemie in Deutschland<\/a><\/li><li><a href=\"https:\/\/www.euromomo.eu\/\">EuroMOMO<\/a><\/li><li><a href=\"https:\/\/en.wikipedia.org\/wiki\/Flattening_the_curve\">Wikipedia (en): Flattening the curve<\/a><\/li><li><a href=\"https:\/\/www.angstselbsthilfe.de\/angstfrei-news\/\">angstfrei.news<\/a><\/li><li><a href=\"https:\/\/www.destatis.de\/DE\/Themen\/Gesellschaft-Umwelt\/Gesundheit\/Todesursachen\/_inhalt.html\">Statistisches Bundesamt: Todesursachen<\/a><\/li><li><a href=\"https:\/\/www.spektrum.de\/news\/erreichte-das-coronavirus-europa-schon-zum-jahresanfang\/1716698\">Spektrum: Erreichte das Coronavirus Europa schon zum Jahresanfang?<\/a><\/li><\/ul>\n","protected":false},"author":2,"featured_media":194,"comment_status":"open","ping_status":"open","template":"","meta":{"footnotes":""},"tags":[],"class_list":["post-193","podcast","type-podcast","status-publish","has-post-thumbnail","hentry","post"],"_links":{"self":[{"href":"https:\/\/www.datenleben.de\/index.php\/wp-json\/wp\/v2\/episodes\/193","targetHints":{"allow":["GET"]}}],"collection":[{"href":"https:\/\/www.datenleben.de\/index.php\/wp-json\/wp\/v2\/episodes"}],"about":[{"href":"https:\/\/www.datenleben.de\/index.php\/wp-json\/wp\/v2\/types\/podcast"}],"author":[{"embeddable":true,"href":"https:\/\/www.datenleben.de\/index.php\/wp-json\/wp\/v2\/users\/2"}],"replies":[{"embeddable":true,"href":"https:\/\/www.datenleben.de\/index.php\/wp-json\/wp\/v2\/comments?post=193"}],"version-history":[{"count":2,"href":"https:\/\/www.datenleben.de\/index.php\/wp-json\/wp\/v2\/episodes\/193\/revisions"}],"predecessor-version":[{"id":196,"href":"https:\/\/www.datenleben.de\/index.php\/wp-json\/wp\/v2\/episodes\/193\/revisions\/196"}],"wp:featuredmedia":[{"embeddable":true,"href":"https:\/\/www.datenleben.de\/index.php\/wp-json\/wp\/v2\/media\/194"}],"wp:attachment":[{"href":"https:\/\/www.datenleben.de\/index.php\/wp-json\/wp\/v2\/media?parent=193"}],"wp:term":[{"taxonomy":"post_tag","embeddable":true,"href":"https:\/\/www.datenleben.de\/index.php\/wp-json\/wp\/v2\/tags?post=193"}],"curies":[{"name":"wp","href":"https:\/\/api.w.org\/{rel}","templated":true}]}}