{"id":288,"date":"2020-11-07T12:00:00","date_gmt":"2020-11-07T11:00:00","guid":{"rendered":"podlove-2020-11-02t14:50:40+00:00-f4ca579c7afbcd3"},"modified":"2020-11-03T15:01:46","modified_gmt":"2020-11-03T14:01:46","slug":"dl007-klimadaten","status":"publish","type":"podcast","link":"https:\/\/www.datenleben.de\/index.php\/2020\/11\/07\/dl007-klimadaten\/","title":{"rendered":"dl007: klimadaten"},"content":{"rendered":"\n\t\t\n            <div class=\"podlove-web-player intrinsic-ignore podlove-web-player-loading\" id=\"player-69f3733320991\"><root data-test=\"player--xl\" style=\"max-width:950px;min-width:260px;\">\n  <div class=\"tablet:px-6 tablet:pt-6 mobile:px-4 mobile:pt-4 flex flex-col\">\n    <div class=\"flex-col items-center mobile:flex tablet:hidden\">\n      <show-title class=\"text-sm\"><\/show-title>\n      <episode-title class=\"text-base mb-2\"><\/episode-title>\n      <subscribe-button class=\"mb-4 mobile:flex tablet:hidden\"><\/subscribe-button>\n      <poster class=\"rounded-sm w-48 shadow overflow-hidden\"><\/poster>\n      <divider class=\"w-full my-6\"><\/divider>\n    <\/div>\n\n    <div class=\"tablet:flex flex-grow\">\n      <div class=\"w-64 mobile:hidden tablet:block tablet:mr-6\">\n        <poster class=\"rounded-sm shadow overflow-hidden\"><\/poster>\n      <\/div>\n      <div class=\"w-full\">\n        <div class=\"hidden tablet:block\">\n          <show-title class=\"text-base\"><\/show-title>\n          <episode-title class=\"text-xl desktop:text-2xl\"><\/episode-title>\n          <divider class=\"w-full my-4\"><\/divider>\n        <\/div>\n        <div class=\"flex items-center justify-between\">\n          <div class=\"block\">\n            <play-state on=\"active\">\n              <speed-control class=\"flex items-center\"><\/speed-control>\n            <\/play-state>\n          <\/div>\n\n          <div class=\"flex\">\n            <play-state on=\"active\">\n              <chapter-previous class=\"mx-2 block\"><\/chapter-previous>\n            <\/play-state>\n            <play-state on=\"active\">\n              <step-backward class=\"mx-2 block\"><\/step-backward>\n            <\/play-state>\n\n            <play-button class=\"mx-2 block\" :label=\"$t('PLAYER.PLAY_EPISODE')\"><\/play-button>\n\n            <play-state on=\"active\">\n              <step-forward class=\"mx-2 block\"><\/step-forward>\n            <\/play-state>\n            <play-state on=\"active\">\n              <chapter-next class=\"mx-2 block\"><\/chapter-next>\n            <\/play-state>\n          <\/div>\n\n          <div class=\"block\">\n            <play-state on=\"active\">\n              <volume-control class=\"flex items-center\"><\/volume-control>\n            <\/play-state>\n          <\/div>\n        <\/div>\n        <div class=\"flex w-full\">\n          <progress-bar><\/progress-bar>\n        <\/div>\n        <div class=\"flex w-full -mt-2\">\n          <div class=\"w-3\/12 text-left\">\n            <timer-current class=\"text-sm\"><\/timer-current>\n          <\/div>\n          <div class=\"w-6\/12 text-center truncate\">\n            <play-state on=\"active\">\n              <current-chapter class=\"text-sm\"><\/current-chapter>\n            <\/play-state>\n          <\/div>\n          <div class=\"w-3\/12 text-right\">\n            <timer-duration class=\"text-sm\"><\/timer-duration>\n          <\/div>\n        <\/div>\n      <\/div>\n    <\/div>\n    <divider class=\"w-full mt-6 mb-3\"><\/divider>\n    <div class=\"flex justify-between\">\n      <div class=\"flex mobile:w-full tablet:w-3\/12 desktop:w-3\/12 justify-between\">\n        <tab-trigger tab=\"chapters\">\n          <icon type=\"chapter\"><\/icon>\n        <\/tab-trigger>\n        <tab-trigger tab=\"transcripts\">\n          <icon type=\"transcripts\"><\/icon>\n        <\/tab-trigger>\n        <tab-trigger tab=\"files\">\n          <icon type=\"download\"><\/icon>\n        <\/tab-trigger>\n        <tab-trigger tab=\"playlist\">\n          <icon type=\"playlist\"><\/icon>\n        <\/tab-trigger>\n        <tab-trigger tab=\"share\">\n          <icon type=\"share\"><\/icon>\n        <\/tab-trigger>\n      <\/div>\n      <subscribe-button class=\"mt-1 mobile:hidden tablet:flex\"><\/subscribe-button>\n    <\/div>\n  <\/div>\n  <div class=\"w-full relative overflow-hidden\">\n    <tab name=\"chapters\">\n      <tab-chapters><\/tab-chapters>\n    <\/tab>\n    <tab name=\"transcripts\">\n      <tab-transcripts><\/tab-transcripts>\n    <\/tab>\n    <tab name=\"files\">\n      <tab-files><\/tab-files>\n    <\/tab>\n    <tab name=\"playlist\">\n      <tab-playlist><\/tab-playlist>\n    <\/tab>\n    <tab name=\"share\">\n      <tab-share><\/tab-share>\n    <\/tab>\n    <tab-overflow><\/tab-overflow>\n  <\/div>\n  <error><\/error>\n<\/root>\n<\/div>\n            <script>\n              document.addEventListener(\"DOMContentLoaded\", function() {\n                var player = document.getElementById(\"player-69f3733320991\");\n                podlovePlayerCache.add([{\"url\":\"https:\\\/\\\/www.datenleben.de\\\/index.php\\\/wp-json\\\/podlove-web-player\\\/shortcode\\\/publisher\\\/288\",\"data\":{\"version\":5,\"show\":{\"title\":\"datenleben\",\"subtitle\":\"der podcast \\u00fcber data science\",\"summary\":\"Was ist Data Science? Was bedeuten die Daten f\\u00fcr unser Leben? Woher kommen sie und wozu werden sie benutzt?\\r\\nDas sind alles Fragen, mit denen wir uns auseinander setzen werden.\\r\\nWer schon immer mehr \\u00fcber Daten und deren Effekt auf unser Leben wissen wollte, ist hier genau richtig.\",\"poster\":\"https:\\\/\\\/www.datenleben.de\\\/podlove\\\/image\\\/687474703a2f2f7777772e646174656e6c6562656e2e64652f77702d636f6e74656e742f75706c6f6164732f323032302f30362f636f7665722e706e67\\\/500\\\/0\\\/0\\\/datenleben\",\"link\":\"https:\\\/\\\/www.datenleben.de\"},\"title\":\"dl007: klimadaten\",\"subtitle\":\"Welche Bereiche sind aus Data Science Sicht besonders spannend?\",\"summary\":\"Weil das Thema rund um die Klimakrise sehr komplex ist, wollen wir uns einzelnen Themenbereichen ann\\u00e4hern. Wir haben zu Temperaturkurven, Waldbr\\u00e4nden und dem Meeresspiegelanstieg recherchiert. In dieser Folge geht es darum einen \\u00dcberblick zu bekommen, um Ansatzpunkte und Vertiefungen f\\u00fcr k\\u00fcnftige Folgen herauszuarbeiten, in denen es rund um Data Science mit Klimadaten  gehen soll.\",\"publicationDate\":\"2020-11-07T12:00:00+01:00\",\"duration\":\"00:59:46.224\",\"poster\":\"https:\\\/\\\/www.datenleben.de\\\/wp-content\\\/cache\\\/podlove\\\/d0\\\/a2c11e498a6e39e128d5aca1d3cb48\\\/klimadaten_500x.png\",\"link\":\"https:\\\/\\\/www.datenleben.de\\\/index.php\\\/2020\\\/11\\\/07\\\/dl007-klimadaten\\\/\",\"chapters\":[{\"start\":\"00:00:00.000\",\"title\":\"Intro\",\"href\":\"\",\"image\":\"\"},{\"start\":\"00:00:18.025\",\"title\":\"Thema des Podcasts\",\"href\":\"\",\"image\":\"\"},{\"start\":\"00:00:39.880\",\"title\":\"Thema der Folge Klimadaten\",\"href\":\"\",\"image\":\"\"},{\"start\":\"00:02:23.898\",\"title\":\"Warum ist das Thema so wichtig\",\"href\":\"\",\"image\":\"\"},{\"start\":\"00:03:54.007\",\"title\":\"Einspieler Das Klima unseres Planeten\",\"href\":\"\",\"image\":\"\"},{\"start\":\"00:08:04.451\",\"title\":\"Was zeigen uns die Temperaturkurven\",\"href\":\"\",\"image\":\"\"},{\"start\":\"00:09:05.240\",\"title\":\"Hitzerekorde in Sibirien 2020\",\"href\":\"\",\"image\":\"\"},{\"start\":\"00:16:55.018\",\"title\":\"Was tun gegen steigende Temperaturen\",\"href\":\"\",\"image\":\"\"},{\"start\":\"00:27:15.006\",\"title\":\"Warum ist das schlecht\",\"href\":\"\",\"image\":\"\"},{\"start\":\"00:30:16.594\",\"title\":\"Brennen die W\\u00e4lder immer \\u00f6fter\",\"href\":\"\",\"image\":\"\"},{\"start\":\"00:38:35.398\",\"title\":\"Wie sieht es mit dem steigenden Meeresspiegel aus\",\"href\":\"\",\"image\":\"\"},{\"start\":\"00:49:39.914\",\"title\":\"R\\u00fcckkehr der Polarstern\",\"href\":\"\",\"image\":\"\"},{\"start\":\"00:53:15.943\",\"title\":\"Fazit\",\"href\":\"\",\"image\":\"\"},{\"start\":\"00:56:56.402\",\"title\":\"N\\u00e4chstes Folge Temperaturkurven am 28.11.2020\",\"href\":\"\",\"image\":\"\"},{\"start\":\"00:58:53.918\",\"title\":\"Call to Action\",\"href\":\"\",\"image\":\"\"},{\"start\":\"00:59:34.178\",\"title\":\"Outro\",\"href\":\"\",\"image\":\"\"}],\"audio\":[{\"url\":\"https:\\\/\\\/www.datenleben.de\\\/podlove\\\/file\\\/7\\\/s\\\/webplayer\\\/c\\\/website\\\/DL007_Klimadaten.mp3\",\"size\":\"70124725\",\"title\":\"MP3 Audio (mp3)\",\"mimeType\":\"audio\\\/mpeg\"}],\"files\":[{\"url\":\"https:\\\/\\\/www.datenleben.de\\\/podlove\\\/file\\\/7\\\/s\\\/webplayer\\\/DL007_Klimadaten.mp3\",\"size\":\"70124725\",\"title\":\"MP3 Audio\",\"mimeType\":\"audio\\\/mpeg\"}]}}, {\"url\":\"https:\\\/\\\/www.datenleben.de\\\/index.php\\\/wp-json\\\/podlove-web-player\\\/shortcode\\\/config\\\/default\\\/theme\\\/datenleben\",\"data\":{\"activeTab\":\"chapters\",\"subscribe-button\":null,\"share\":{\"channels\":[\"link\",\"facebook\",\"twitter\",\"whats-app\",\"linkedin\",\"pinterest\",\"xing\",\"mail\"],\"outlet\":\"https:\\\/\\\/www.datenleben.de\\\/wp-content\\\/plugins\\\/podlove-web-player\\\/web-player\\\/share.html\",\"sharePlaytime\":true},\"related-episodes\":{\"source\":\"disabled\",\"value\":null},\"version\":5,\"theme\":{\"tokens\":{\"brand\":\"#fff\",\"brandDark\":\"#fff\",\"brandDarkest\":\"#000\",\"brandLightest\":\"#8cc240\",\"shadeDark\":\"#807E7C\",\"shadeBase\":\"#807E7C\",\"contrast\":\"#000\",\"alt\":\"#8cc240\"},\"fonts\":{\"ci\":{\"name\":\"ci\",\"family\":[\"-apple-system\",\"BlinkMacSystemFont\",\"Segoe UI\",\"Roboto\",\"Helvetica\",\"Arial\",\"sans-serif\",\"Apple Color Emoji\",\"Segoe UI Emoji\\\", \\\"Segoe UI Symbol\"],\"src\":[],\"weight\":800},\"regular\":{\"name\":\"regular\",\"family\":[\"-apple-system\",\"BlinkMacSystemFont\",\"Segoe UI\",\"Roboto\",\"Helvetica\",\"Arial\",\"sans-serif\",\"Apple Color Emoji\",\"Segoe UI Emoji\\\", \\\"Segoe UI Symbol\"],\"src\":[],\"weight\":300},\"bold\":{\"name\":\"bold\",\"family\":[\"-apple-system\",\"BlinkMacSystemFont\",\"Segoe UI\",\"Roboto\",\"Helvetica\",\"Arial\",\"sans-serif\",\"Apple Color Emoji\",\"Segoe UI Emoji\\\", \\\"Segoe UI Symbol\"],\"src\":[],\"weight\":700}}},\"base\":\"https:\\\/\\\/www.datenleben.de\\\/wp-content\\\/plugins\\\/podlove-web-player\\\/web-player\\\/\"}}]);\n                podlovePlayer(player, \"https:\/\/www.datenleben.de\/index.php\/wp-json\/podlove-web-player\/shortcode\/publisher\/288\", \"https:\/\/www.datenleben.de\/index.php\/wp-json\/podlove-web-player\/shortcode\/config\/default\/theme\/datenleben\").then(function() {\n                  player && player.classList.remove(\"podlove-web-player-loading\");\n                });\n              });\n            <\/script>\n            <style>\n              .podlove-web-player.podlove-web-player-loading {\n                opacity: 0;\n              }\n            <\/style>\n        \n\t\n\t\t\n\n<h3 class=\"wp-block-heading\">Intro (00:00:00)<\/h3>\n\n\n\n<h3 class=\"wp-block-heading\">Thema des Podcasts (00:00:18)<\/h3>\n\n\n\n<p>Willkommen zu unserer siebten Folge beim datenleben-Podcast \u2013 dem Podcast \u00fcber Data Science.<br>Wir sind Helena und Janine und m\u00f6chten mit euch die Welt der Daten erkunden.<br>Je mehr Daten die Menschheit produziert, desto gr\u00f6\u00dfer und wichtiger wird die Rolle von Data Science in unserem Leben.<br>Darum m\u00f6chten wir euch Data Science n\u00e4her bringen!<\/p>\n\n\n\n<h3 class=\"wp-block-heading\">Thema der Folge: Klimadaten (00:00:39)<\/h3>\n\n\n\n<ul class=\"wp-block-list\"><li>Seit Jahren erleben wir steigende Temperaturkurven, D\u00fcrrephasen, Extremwetterereignisse<\/li><li>Nicht alle Menschen erleben derzeit bewusst die Folgen der Klimakrise<\/li><li>Deswegen ist es wichtig, sich mit der Wissenschaft zum Klima auseinander zu setzen<\/li><li>Klimaforschung ist ein unglaublich gro\u00dfes, vielf\u00e4ltiges und komplexes Thema<\/li><li>Daher erstmal ein \u00dcberblick, welche Themen aus Data Science Sicht interessant sind<\/li><li>Themen, zu denen wir recherchiert haben: Temperaturkurven, Waldbr\u00e4nde, Meeresspiegel<\/li><\/ul>\n\n\n\n<h3 class=\"wp-block-heading\">Warum ist das Thema so wichtig? (02:24:00)<\/h3>\n\n\n\n<ul class=\"wp-block-list\"><li>Es geht um unsere Lebensgrundlage, vor allem k\u00fcnftiger Generationen<\/li><li>Das Thema ist auch nicht neu, sondern in den letzten Jahrzehnten bereits dauerpr\u00e4sent gewesen<\/li><li>Wir haben drei sehr akute Themen ausgesucht, die wir teils selbst erfahren (Hitze, D\u00fcrre)<\/li><li>Im letzten Jahr brannte in Australien ein rieseges Feuer, dieses Jahr besonders in den USA<\/li><li>Abschmelzende Eisschilde sorgen f\u00fcr steigende Meeresspiegel<\/li><\/ul>\n\n\n\n<h3 class=\"wp-block-heading\">Einspieler: Das Klima unseres Planeten (00:03:54)<\/h3>\n\n\n\n<ul class=\"wp-block-list\"><li>Die Klimageschichte unseres Planeten kennen wir nur f\u00fcr die letzten 150 Jahre aus erster Hand<\/li><li>Seit der 2. H\u00e4lfte des 19. Jahrhunderts gibt es dezidierte Wetterbeobachtungen<\/li><li>Die Zeit davor muss mittels anderen Datenquellen rekonstruiert werden: mit <a href=\"https:\/\/de.wikipedia.org\/wiki\/Klimaarchiv\">Klimaarchiven<\/a><\/li><li>Nat\u00fcrliche Archive: Jahresringe, Fossilien, Bohrkerne (Moor oder Eis), Sedimente etc.<\/li><li>Menschlichen Archive: Tageb\u00fccher, Wetterbeobachtungen, Aufzeichnungen Weinanbau, Erntezeiten und Erntemengen, sowie arch\u00e4ologische Ausgrabungen.<\/li><li>Daten aus diesen Archiven werden zu bekannten Klimadaten in Beziehung gesetzt<\/li><li>Deswegen wissen wir: das <a href=\"https:\/\/de.wikipedia.org\/wiki\/Klimawandel\">Klima der Erde war schon immer gro\u00dfen Ver\u00e4nderungen unterworfen<\/a><\/li><li>Man unterscheidet grob gesagt nach <a href=\"https:\/\/de.wikipedia.org\/wiki\/Eiszeitalter\">Eiszeitalter und Warmklima<\/a>.<\/li><li>Derzeit befindet sich die Erde im K\u00e4nozoischen Eiszeitalter, allerdings w\u00e4hrend einer Warmzeit<\/li><li>Kalt- und Warmzeiten innerhalb des Eiszaltalters wechseln sich zyklisch ab<\/li><li>Aber es sind auch abrupte Klimawechseln m\u00f6glich, ausgel\u00f6st durch konkrete Ereignisse<\/li><li>Beispiele: Vulkanausbr\u00fcche, Treibhausgasemmissionen, \u00c4nderungen in der Meeresstr\u00f6mung etc.<\/li><li>Das Klima ist also nicht konstant und kann durch verschiedene Ereignisse beeinflusst werden<\/li><li>Zum Beispiel durch die <a href=\"https:\/\/www.bpb.de\/gesellschaft\/umwelt\/klimawandel\/38444\/entdeckung-des-menschlichen-einflusses\">Aktivit\u00e4t der Menschheit auf dem Planeten<\/a><\/li><li>Es ist wissenschaftlicher Konsens, dass der Mensch auf das Klima einwirkt und es ver\u00e4ndert<\/li><li><a href=\"https:\/\/de.wikipedia.org\/wiki\/Kippelemente_im_Erdklimasystem\">Kippelemente<\/a> (Tipping Points) k\u00f6nnen das Erdklimasystem drastisch und unumkehrbar ver\u00e4ndern<\/li><li>Beispiel: Abschmelzen von Gletschern und Eisschilden kann weitere Prozessen in Gang setzen<\/li><li>R\u00fcckkopplungen k\u00f6nnten weitere Kippelemente aktivieren und den Planeten ins Warmklima bringen<\/li><li>Gelingt es nicht das <a href=\"https:\/\/de.wikipedia.org\/wiki\/%C3%9Cbereinkommen_von_Paris#Die_Ziele_des_%C3%9Cbereinkommens_im_Einzelnen\">Ziel des Pariser \u00dcbereinkommens von 2015<\/a> einzuhalten, steigt das Risiko der Erw\u00e4rmung steil an<\/li><\/ul>\n\n\n\n<h3 class=\"wp-block-heading\">Was zeigen uns die Temperaturkurven? (00:08:05)<\/h3>\n\n\n\n<ul class=\"wp-block-list\"><li>Global ist 2020 das w\u00e4rmste Jahr nach 2016, die Temperaturabweichung betr\u00e4gt 1,03\u00b0C f\u00fcr den Zeitraum Januar-August.<\/li><li>2016 betrug die Abweichung <a href=\"https:\/\/www.ncdc.noaa.gov\/cag\/global\/rankings\">im gleichen Zeitraum 1,08\u00b0 Celsius<\/a><\/li><li>Damit landet 2020 wohl unter den <a href=\"https:\/\/de.wikipedia.org\/wiki\/Globale_Erw%C3%A4rmung#Die_zehn_w%C3%A4rmsten_Jahre_seit_1880\">10 w\u00e4rmsten Jahren<\/a> seit 1888, die alle im 21. Jhd. liegen<\/li><\/ul>\n\n\n\n<h3 class=\"wp-block-heading\">Hitzerekorde in Sibirien 2020 (00:09:06)<\/h3>\n\n\n\n<ul class=\"wp-block-list\"><li><a href=\"https:\/\/de.wikipedia.org\/wiki\/Sibirien\">Sibirien<\/a> war oft in den Nachrichten: Warum?<\/li><li>Das <a href=\"https:\/\/de.wikipedia.org\/wiki\/Kontinentalklima\">Kontinenaltklima<\/a> sorgt f\u00fcr ausgepr\u00e4gte Temperaturextreme<\/li><li>Einerseits sehr kalt: bis zu -70\u00b0C, bis zu 9 Monate von Schnee bedeckt und Permafrostb\u00f6den<\/li><li>K\u00e4ltepol dauerhaft besiedelter Gebiete der Erde: nirgends wird es k\u00e4lter als in <a href=\"https:\/\/de.wikipedia.org\/wiki\/Werchojansk\">Werchojansk<\/a><\/li><li>Andererseits sehr warm: 1988 wurden +37,3\u00b0C festgehalten<\/li><li>Die Extreme sind hier nicht das ungew\u00f6hnliche, sondern die Abweichungen zu den \u00fcblich Werten<\/li><li>2020: neuer Hitzerekord von 38\u00b0C am 20.06.2020 (Wert muss noch offiziell best\u00e4tigt werden)<\/li><li>Sibirien hat wenig Niederschlag, die Hitze Folgen sorgt f\u00fcr <a href=\"https:\/\/www.tagesschau.de\/ausland\/sibirien-waldbraende-113.html\">Br\u00e4nde gro\u00dfer Fl\u00e4chen<\/a><\/li><li>Werte im Vergleich zum langj\u00e4hrigen Durchschnitt dieses Jahr <a href=\"https:\/\/www.spektrum.de\/news\/in-der-hitze-sibiriens\/1752116?utm_term=Autofeed&amp;utm_medium=Social&amp;utm_source=Twitter#Echobox=1594901023\">um mehr als 5\u00b0C h\u00f6her<\/a> hat dar\u00fcber<\/li><li>Die Folgen verst\u00e4rken sich: Mehr Hitze, weniger Regen f\u00fchren zu tauenden und trockenen B\u00f6den<\/li><li>Temperaturen steigen schneller, mehr Permafrost taut, mehr D\u00fcrre, mehr und gr\u00f6\u00dfere Br\u00e4nde<\/li><li>Br\u00e4nde setzen CO2 frei, des befeuert den <a href=\"https:\/\/www.umweltbundesamt.de\/service\/uba-fragen\/wie-funktioniert-der-treibhauseffekt\">Treibhauseffekt<\/a>, Temperaturen steigen schneller, etc.<\/li><li><a href=\"https:\/\/www.worldweatherattribution.org\/siberian-heatwave-of-2020-almost-impossible-without-climate-change\/\">World Weather Attribution<\/a> untersuchte Sibirische Hitzewelle 2020<\/li><li>Ergebnis: Ohne den Einfluss des Menschen, g\u00e4be es diese Rekorde zu diesem Zeitpunkt nicht<\/li><li>Copernicus Climate Change Service: <a href=\"https:\/\/climate.copernicus.eu\/investigating-unusually-mild-winter-and-spring-siberia\">Mai 2020 global gesehen der w\u00e4rmste Mai \u00fcberhaupt<\/a><\/li><li>Der gesamte Planet erw\u00e4rmt sich, aber Sibirien zeigt: das passiert nicht \u00fcberall gleichm\u00e4\u00dfig<\/li><li>Temperaturrekorde sind dabei weniger schlimm als l\u00e4ngere Perioden h\u00f6herer Temperaturen<\/li><li>Folgen: <a href=\"https:\/\/de.wikipedia.org\/wiki\/Permafrostboden#R%C3%BCckgang_von_Permafrostb%C3%B6den\">Permafrostb\u00f6den<\/a> tauen diese ab<\/li><li>Sibirien: B\u00f6den sinken ab, besch\u00e4digen Geb\u00e4ude + Infrastruktur, Quecksilber in der Umwelt<\/li><li>Beispiel: <a href=\"https:\/\/www.zeit.de\/wissen\/umwelt\/2020-06\/sibirien-russland-kraftwerk-diesel-oel-ausgelaufen-umweltkatastrophe\">\u00d6lkatastrophe in sibirischem Kraftwerk<\/a> nach absinken des Bodens<\/li><li>Global: Prozesse der Klimaerw\u00e4rmung weiter beschleunigt durch zus\u00e4tzlich freigesetztes Methan<\/li><li>Methan ist als Treibhausgas deutlich <a href=\"https:\/\/de.wikipedia.org\/wiki\/Methan#Treibhausgas\">sch\u00e4dlicher als CO2<\/a><\/li><li>Sibirien ist damit auch eines der bisher bekannten <a href=\"https:\/\/www.pik-potsdam.de\/de\/produkte\/infothek\/kippelemente\">Kippelemente in der Klimakrise<\/a><\/li><\/ul>\n\n\n\n<h3 class=\"wp-block-heading\">Was tun gegen steigende Temperaturen? (00:16:55)<\/h3>\n\n\n\n<ul class=\"wp-block-list\"><li>Intergovernmental Panel on Climate Change (IPCC), United Nations: <a href=\"https:\/\/www.ipcc.ch\/sr15\/\">Bericht zum 1,5\u00b0-Ziel 2018<\/a><\/li><li>Siehe auch: <a href=\"https:\/\/de.wikipedia.org\/wiki\/Sonderbericht_1,5_%C2%B0C_globale_Erw%C3%A4rmung\">Wikipedia - Sonderbericht 1,5\u00b0C globale Erw\u00e4rmung<\/a><\/li><li>Mit 1.5\u00b0C ist dabei im vergleich zum Vorindustriellen Zeitalter gemeint<\/li><li>Wir sind gerade bei einer <a href=\"https:\/\/www.ncdc.noaa.gov\/climate-monitoring\/\">Erw\u00e4rmung um 1\u00b0<\/a><\/li><li>Um 1.5\u00b0 zu erreichen, muss m\u00f6glichst schnell der Treibhausgasaussto\u00df gestoppt werden<\/li><li>Allerdings muss ebenso CO2 wieder aus der Atmosph\u00e4re herausgeholt werden<\/li><li>#FridaysForFuture Deutschland haben vorgestellt, <a href=\"https:\/\/fridaysforfuture.de\/studie\/schluesselergebnisse\/\">was Deutschland zur Zielerreichung tun kann<\/a><\/li><li>Bei verdoppeltem CO2-Gehalt wird eine <a href=\"https:\/\/agupubs.onlinelibrary.wiley.com\/doi\/full\/10.1029\/2019RG000678\">mittlere Erw\u00e4rmung von 2,3 bis 4,5\u00b0C<\/a> prognostiziert<\/li><li>Aktuelle Szenarien werden anhand des gemessenen C02-Aussto\u00dfes der letzten Jahre berechnet<\/li><li>RCP ist der <a href=\"https:\/\/de.wikipedia.org\/wiki\/Repr%C3%A4sentativer_Konzentrationspfad\">Repr\u00e4sentative Konzentrationspfad<\/a>, er gibt den Pfad der Treibhausgaskonzentration wieder<\/li><li>Aus den verschiedenen RCP-Szenarien werden dann die m\u00f6glichen Temperaturerh\u00f6hungen berechnet<\/li><li>F\u00fcr Verst\u00e4ndnis ist wichtig zu wissen, wie der Treibhauseffekt funktioniert<\/li><li>W\u00fcrde es gar keinen Treibhauseffekt geben, h\u00e4tten wir eine zu kalte Erde, er sorgt daf\u00fcr, dass die eingestrahlte Energie der Sonne die Erde erw\u00e4rmt, indem sie im System erhalten bleibt<\/li><li>Aber: Treibhausgase in der Atmossph\u00e4re \u00e4ndern, wie viel der eingestrahlten Energie bleibt<\/li><li>Bleibt mehr Energie erhalten, erw\u00e4rmt sich damit auch der gesamte Planet<\/li><li>Aktuell folgen wir dem Worst Case Szenario RCP8,5 (keine CO2-Reduktion, eher steigend)<\/li><li>D.h. die Erw\u00e4rmung k\u00f6nnte sich bis 2100 mehr als verdoppeln<\/li><\/ul>\n\n\n\n<h3 class=\"wp-block-heading\">Warum ist das schlecht? (00:27:15)<\/h3>\n\n\n\n<ul class=\"wp-block-list\"><li>Beispiel: <a href=\"https:\/\/journals.plos.org\/plosone\/article?id=10.1371\/journal.pone.0047981\">Anbau von Kaffee ist auf bestimmte Temperaturen angewiesen<\/a>:<\/li><li>Arabica Kaffe w\u00e4chst am besten Temperaturen von 18\u00b0 bis 21\u00b0 (Jahresmittel)<\/li><li>Ab 23\u00b0 reift der Kaffee schneller, die Qualit\u00e4t nimmt ab<\/li><li>Durch eine Erh\u00f6hung der Temperatur ist vor allem der wilde Arabica in \u00c4thiopien gef\u00e4hrdet<\/li><li>Forscher ziehen Fazit: Kaffeeproduktion ist stark vom Klimawandel betroffen, meistens negativ<\/li><\/ul>\n\n\n\n<h3 class=\"wp-block-heading\">Brennt es wirklich immer \u00f6fter? (00:30:16)<\/h3>\n\n\n\n<ul class=\"wp-block-list\"><li>Globale <a href=\"https:\/\/firms.modaps.eosdis.nasa.gov\/map\/\">Feuerkarte der NASA<\/a> zeigt aktuelle und vergangene Feuer<\/li><li><a href=\"https:\/\/de.wikipedia.org\/wiki\/Waldbrand\">Feuern<\/a> haben schon immer zu unseren Planeten mitgestalten, bestimmte \u00d6kosysteme brauchen sie<\/li><li>Allerdings verzeichnen wir immer mehr katastrophale <a href=\"https:\/\/bildungsserver.hamburg.de\/natuerliche-oekosysteme-nav\/4388104\/waldbraende\">Waldbr\u00e4nde<\/a>, oft von Menschen verursacht<\/li><li>H\u00e4lt der Trend zu Trockenheit, Temperaturanstiegen und D\u00fcrre an, wird es noch mehr geben<\/li><li>Die Feuersaison in S\u00fcdeuropa wird sich ausdehnen, in den USA teils ganzj\u00e4hrigen bestehen<\/li><li>Oder auch <a href=\"https:\/\/de.wikipedia.org\/wiki\/Buschbr%C3%A4nde_in_Australien_2019\/2020\">Buschbr\u00e4nde in Australien<\/a>, die von Juni 2019 bis M\u00e4rz 2020 <a href=\"https:\/\/www.theguardian.com\/australia-news\/2019\/dec\/25\/factcheck-why-australias-monster-2019-bushfires-are-unprecedented\">viel zerst\u00f6rt haben<\/a><\/li><li>Mit 5 Millionen Hektar sind dort niedergebrannt; jetzt brennt es in den USA in Kalifornien<\/li><li><a href=\"https:\/\/www.klimareporter.de\/erdsystem\/der-klimawandel-als-brandbeschleuniger\">Klimareporter<\/a> hat dar\u00fcber berichtet, dass sich 15 der 20 zerst\u00f6rerischsten Br\u00e4nde dort seit dem Jahr 2000 ereigneten haben<\/li><li>Bis Mitte Oktober 2020: mehr als 8.400 Feuer, ca. <a href=\"https:\/\/www.fire.ca.gov\/daily-wildfire-report\/\">16.000 Quadratkilometer Wald vernichtet<\/a><\/li><li>Feuerstatistiken Kalifornien: <a href=\"https:\/\/www.fire.ca.gov\/stats-events\/\">https:\/\/www.fire.ca.gov\/stats-events\/<\/a><\/li><li>4 Millionen Acres sind dieses Jahr verbrannt, das 5-Jahresmittel liegt bei 400.000 Acres<\/li><li>Globale Effekte solcher Feuer: Ru\u00dfpartikel in der Luft; <a href=\"https:\/\/www.theguardian.com\/world\/2020\/jan\/02\/new-zealand-glaciers-turn-brown-from-australian-bushfires-smoke-ash-and-dust\">Asche, die sich auf Gletscher legt<\/a> minnimiert den Effekt der Sonnenr\u00fcckstrahlung<\/li><li>5-Jahresmittel Kalifornien: 2003-2007 verbrannten 750.000 Acres, 2014-2018 1,1 Millionen Acres<\/li><li>Das hei\u00dft dieser Wert nimmt zu, \u00fcber die Jahre betrachtet, aber auch f\u00fcr dieses Jahr allein<\/li><\/ul>\n\n\n\n<h3 class=\"wp-block-heading\">Wie sieht es mit dem steigenden Meeresspiegel aus? (00:38:35)<\/h3>\n\n\n\n<ul class=\"wp-block-list\"><li>\u00dcberschwemmungen und Hochwasser sind zu jeder Zeit und \u00fcberall auf der Welt vorgekommen<\/li><li>Beispiel Venedig: ist in Europa eines der bekanntesten Beispiele f\u00fcr Regelm\u00e4\u00dfige Hochwasser<\/li><li>Das j\u00e4hrliche Hochwasser <a href=\"https:\/\/de.wikipedia.org\/wiki\/Acqua_alta\">Acqua alta<\/a> tritt inzwischen h\u00e4ufiger auf und wird schwerwiegender<\/li><li>Zuletzt im <a href=\"https:\/\/www.tagesschau.de\/ausland\/venedig-hochwasser-103.html\">November 2019<\/a>; das Flutschutzsystem Mose war noch nicht fertiggestellt<\/li><li>Am 03.10.2020 wurde das System <a href=\"https:\/\/www.zdf.de\/nachrichten\/panorama\/venedig-mose-hochwasser-100.html\">erfolgreich zum Hochwasserschutz eingesetzt<\/a><\/li><li>Hochwasser seit 1923: 25x den Stand \u00fcber 140cm, seit 2000 16x, davon 5x 2019<\/li><li>Nicht nur Venedigs B\u00fcrgermeister <a href=\"https:\/\/www.bbc.com\/news\/world-europe-50401308\">f\u00fchrt erh\u00f6hte Hochwassergefahr auf den Klimawandel zur\u00fcck<\/a><\/li><li>Hochwasserereignisse sind aber nie monokausal: Zusammenspiel vom Meeresspiegel und Wetterverh\u00e4ltnissen wie Starkregenereignisse und Windst\u00e4rken und Richtungen<\/li><li>Die steigende Frequenz deutet daraufhin, dass das im Klimakontext kritisch hinterfragt werden muss<\/li><li>Schmelzendes Eis ist ein Faktor, hier aber insbesondere Eis, das nicht auf dem Wasser schwimmt<\/li><li>Eisschmelze der Arktis hat wenig Effekt, weil Eis Gewicht und Volumen dem Meeresspiegel zuf\u00fcgt<\/li><li>Aber: Eis das auf Landfl\u00e4chen liegt, geht zu 100% in den Meeresspiegelanstieg ein<\/li><li>Das betrifft gro\u00dfe Eismassen in Gr\u00f6nland und der Antarktis<\/li><li>Viele Gletscher auf Binnenland sind bereits abgeschmolzen<\/li><li>Beispiel Island: Erste <a href=\"https:\/\/www.scinexx.de\/news\/geowissen\/erstes-denkmal-fuer-einen-verschwundenen-gletscher\/\">Gedenktafel f\u00fcr einen verschwundenen Gletscher<\/a><\/li><li>Gefahr Meeresspiegel anstieg: Ein sehr gro\u00dfer Anteil der Weltbev\u00f6lkerung lebt an K\u00fcsten<\/li><li>Beispiel <a href=\"https:\/\/www.klimareporter.de\/erdsystem\/land-unter\">Auswirkungen Indonesien: Hauptstadt wird bald \u00fcberflutet<\/a><\/li><li>Deswegen bauen sie auf einer anderen Insel (Borneo) eine neue Hauptstadt auf<\/li><li>Studie Flooded Future: 1 Milliarde Menschen leben weniger als 10m \u00fcber dem Meeresspiegel<\/li><li>250 Millionen Menschen leben in Regionen, die maximal 1m \u00fcber dem Meeresspiegel liegen<\/li><li>Auch der Meeresspiegelanstieg wird lokal verschieden stark ausfallen und nicht \u00fcberall gleich<\/li><li>Verantwortlich f\u00fcr den Anstieg sind haupts\u00e4chlich Schmelzen in Gr\u00f6nland und Antarktis<\/li><li>Antarktis ist ein Unsicherheitsfaktor, weil noch nicht sehr gut erforscht insgesamt<\/li><li>Bei dem angenommenen Klimaszenario RCP8,5 ist die Vorhersage f\u00fcr das Abschmelzen des Eises:<\/li><li>Mit 66% Wahrscheinlichkeit 9cm und 36cm, mit 90% wahrscheinlichkeit von 6cm bis 58cm<\/li><li><a href=\"https:\/\/doi.org\/10.1073\/pnas.1500515113\">Fr\u00fchere Vorhersage<\/a> von 2016 deutlich optimistischer: 9cm bis 19cm<\/li><li>Problem fr\u00fcherer Vorhersagen: sie hatten weniger akkurate Modelle zur Antarktis<\/li><li>Was sind die Gr\u00fcnde f\u00fcr das Abschmelzen?<\/li><li>Prozess 1: Steigende Lufttemperatur erw\u00e4rmt das Eis und l\u00e4sst es abschmelzen<\/li><li>Prozess 2: Meerwasser wird w\u00e4rmer; Meeresstr\u00f6mungen bringen w\u00e4rmeres Wasser in die Antarktis<\/li><li>Eis das auf Landmassen liegt, die unterhalb des Meeresspiegels liegen, ist besonders kritisch<\/li><li>Warmes Wasser transportiert mehr W\u00e4rmeenergie als warme Luft und schmilzt schneller Eis<\/li><\/ul>\n\n\n\n<h3 class=\"wp-block-heading\">R\u00fcckkehr der Polarstern (00:49:40)<\/h3>\n\n\n\n<ul class=\"wp-block-list\"><li>Das Forschungsschiff Polarstern ist gestern nach seinem \u00fcber 1j\u00e4hrigen Einsatz zur\u00fcckgekommen<\/li><li>Die internationale <a href=\"https:\/\/mosaic-expedition.org\/\">Forschungsmission MOSAiC<\/a> sollte Klimaprozesse in der Arktis erforschen<\/li><li>Ziel: Darstellung dieser Prozesse in globalen Klimamodellen verl\u00e4sslicher abzubilden<\/li><li>Die Polarstern fuhr ins Eis, ehe es zu dick wurde und lie\u00df sich dort festfrieren, um mit dem Eis durch die Arktis richtung Nordpol zu driften<\/li><li>Mission wird als erfolgreich gewertet, viele Daten konnten gesammelt werden<\/li><li>Es wird jetzt Jahre dauern alle Daten auswerten zu k\u00f6nnen<\/li><\/ul>\n\n\n\n<h3 class=\"wp-block-heading\">Fazit (00:53:16)<\/h3>\n\n\n\n<ul class=\"wp-block-list\"><li>Wir haben jetzt ja nur einen Anrei\u00dfer gemacht, welche Daten es u.a. gibt<\/li><li>Klar ist, wir m\u00fcssen handeln; u.a. Treibhausgase senken, Daten f\u00fcr bessere Vorhersagen<\/li><li>Die Europ\u00e4ische Raumfahrtagentur ESA hat das <a href=\"https:\/\/www.sciencemag.org\/news\/2020\/10\/europe-building-digital-twin-earth-revolutionize-climate-forecasts\">Projekt Digital Twin Earth<\/a> gestartet<\/li><li>Die Simulationen sollen m\u00f6gliche Prozesse und Klimamodelle testen und noch viel mehr<\/li><li>ESA hatte dazu gerade erst eine <a href=\"https:\/\/phiweek.esa.int\/\">Konferenz<\/a>, die die Data Science Themen im Fokus hatte<\/li><li>Beispiel: K\u00fcnstliche Intelligenz, um Satellitenaufnahmen auszuwerten z.B. Eisschilde<\/li><li>Man sieht auf jedenfall, dass es vieles gibt, wo sich das Klima bereits ver\u00e4ndert hat<\/li><li>Die Beispiele zeigen, dass es gerade in den letzten 20 Jahren viele Menschen direkt trifft<\/li><li>Bericht der UN stellt fest: <a href=\"https:\/\/www.tagesschau.de\/ausland\/naturkatastrophen-klimawandel-101.html\">katastrophale Naturereignisse haben sich mehr als verdoppelt<\/a><\/li><li>Es ist nicht mehr zu leugnen, dass die Menschen aktiv werden m\u00fcssen<\/li><li>Gemeinsame internationale Forschung ist wichtig, aber man muss die Daten auch nutzen<\/li><li>Entscheidungsgrundlagen schaffen, die Dinge zu verbessern<\/li><\/ul>\n\n\n\n<h3 class=\"wp-block-heading\">N\u00e4chste Folge: Temperaturkurven (00:56:56)<\/h3>\n\n\n\n<ul class=\"wp-block-list\"><li>Als Data Science-Podcast wollen wir Data Science erkl\u00e4ren<\/li><li>In dieser Folge sind wir mit Temperaturkurven eingestiegene, die eigentlich spannende Frage:<\/li><li>Wie kann man Temperatur messen? Unter welchen Bedingungen wird Temperatur gemessen?<\/li><li>Wie wirken sich die technischen Ver\u00e4nderungen der letzten 100 Jahre auf die Kurven aus?<\/li><li>Haben Umgebungsfaktoren einen Einfluss? (Gew\u00e4sser, Stra\u00dfenbau)<\/li><li>Wie k\u00f6nnen wir eine Aussage \u00fcber die globale Erderw\u00e4rmung treffen?<\/li><\/ul>\n\n\n\n<h3 class=\"wp-block-heading\">Call to Action (00:58:54)<\/h3>\n\n\n\n<ul class=\"wp-block-list\"><li>Wenn ihr uns weiter h\u00f6ren m\u00f6chtet, folgt uns auf Twitter unter <a href=\"https:\/\/twitter.com\/datenleben\">@datenleben<\/a><\/li><li>Oder besucht unsere Webseite: <a href=\"https:\/\/www.datenleben.de\/\">www.datenleben.de<\/a><\/li><li>Hinterlasst uns gerne Feedback, wir w\u00fcrden uns dar\u00fcber sehr freuen<\/li><li>Habt ihr Fragen oder Themen, die euch interessieren? Dann schreibt uns!<\/li><\/ul>\n\n\n\n<h3 class=\"wp-block-heading\">Outro (00:59:34)<\/h3>\n\n\n\n<h3 class=\"wp-block-heading\">Schlagworte zur Folge<\/h3>\n\n\n\n<p>Klimakrise, Klimawandel, Meeresspiegel, Waldbr\u00e4nde, globale Erw\u00e4rmung, Temperaturkurven, Hitzerekorde, Sibirien, IPCC<\/p>\n\n\n\n<h3 class=\"wp-block-heading\">Quellen<\/h3>\n\n\n\n<ul class=\"wp-block-list\"><li><a href=\"https:\/\/de.wikipedia.org\/wiki\/Klimaarchiv\">Wikipedia: Klimaarchiv<\/a><\/li><li><a href=\"https:\/\/de.wikipedia.org\/wiki\/Klimawandel\">Wikipedia: Klimawandel<\/a><\/li><li><a href=\"https:\/\/de.wikipedia.org\/wiki\/Eiszeitalter\">Wikipedia: Eiszeitalter<\/a><\/li><li><a href=\"https:\/\/www.bpb.de\/gesellschaft\/umwelt\/klimawandel\/38444\/entdeckung-des-menschlichen-einflusses\">Bundeszentrale f\u00fcr politische Bildung, Christiane Beuermann: Die Entdeckung des menschlichen Einflusses auf das Klima<\/a><\/li><li><a href=\"https:\/\/de.wikipedia.org\/wiki\/Kippelemente_im_Erdklimasystem\">Wikipedia: Kippelemente im Erdklimasystem<\/a><\/li><li><a href=\"https:\/\/de.wikipedia.org\/wiki\/%C3%9Cbereinkommen_von_Paris#Die_Ziele_des_%C3%9Cbereinkommens_im_Einzelnen\">Wikipedia: \u00dcbereinkommen von Paris. Die Ziele des \u00dcbereinkommens im Einzelnen<\/a><\/li><li><a href=\"https:\/\/www.ncdc.noaa.gov\/cag\/global\/rankings\">National Centers for Environmental Information: Climate at a Glance. Global Rankings<\/a><\/li><li><a href=\"https:\/\/de.wikipedia.org\/wiki\/Globale_Erw%C3%A4rmung#Die_zehn_w%C3%A4rmsten_Jahre_seit_1880\">Wikipedia: Globale Erw\u00e4rmung. Die zehn w\u00e4rmsten Jahre seit 1880<\/a><\/li><li><a href=\"https:\/\/de.wikipedia.org\/wiki\/Sibirien\">Wikipedia: Sibirien<\/a><\/li><li><a href=\"https:\/\/de.wikipedia.org\/wiki\/Kontinentalklima\">Wikipedia: Kontinenaltklima<\/a><\/li><li><a href=\"https:\/\/de.wikipedia.org\/wiki\/Werchojansk\">Wikipedia: Werchojansk<\/a><\/li><li><a href=\"https:\/\/www.tagesschau.de\/ausland\/sibirien-waldbraende-113.html\">tagesschau.de: Waldbr\u00e4nde in Sibirien dehnen sich aus<\/a><\/li><li><a href=\"https:\/\/www.spektrum.de\/news\/in-der-hitze-sibiriens\/1752116?utm_term=Autofeed&amp;utm_medium=Social&amp;utm_source=Twitter#Echobox=1594901023\">Spektrum: In der Hitze Sibiriens<\/a><\/li><li><a href=\"https:\/\/www.umweltbundesamt.de\/service\/uba-fragen\/wie-funktioniert-der-treibhauseffekt\">Umwelt Bundesamt: Wie funktioniert der Treibhauseffekt?<\/a><\/li><li><a href=\"https:\/\/www.worldweatherattribution.org\/siberian-heatwave-of-2020-almost-impossible-without-climate-change\/\">World Weather Attribution: Siberian heatwave of 2020 almost impossible without climate change<\/a><\/li><li><a href=\"https:\/\/climate.copernicus.eu\/investigating-unusually-mild-winter-and-spring-siberia\">Climate Change Service: Investigating an unusually mild winter and spring in Siberia<\/a><\/li><li><a href=\"https:\/\/de.wikipedia.org\/wiki\/Permafrostboden#R%C3%BCckgang_von_Permafrostb%C3%B6den\">Wikipedia: Permafrostboden. R\u00fcchkang von Promafrostb\u00f6den<\/a><\/li><li><a href=\"https:\/\/www.zeit.de\/wissen\/umwelt\/2020-06\/sibirien-russland-kraftwerk-diesel-oel-ausgelaufen-umweltkatastrophe\">ZEIT Online: \u00d6lkatastrophe in sibirischem Kraftwerk<\/a><\/li><li><a href=\"https:\/\/de.wikipedia.org\/wiki\/Methan#Treibhausgas\">Wikipedia: Methan. Treibhausgas<\/a><\/li><li><a href=\"https:\/\/www.pik-potsdam.de\/de\/produkte\/infothek\/kippelemente\">Potsdame-Institut f\u00fcr Klimafolgenforschung: Kippelemente \u2013 Achillesfersen im Erdsystem<\/a><\/li><li><a href=\"https:\/\/www.ipcc.ch\/sr15\/\">Intergovernmental Panel on Climate Change: Global Warming of 1.5 \u00baC. Special Report<\/a><\/li><li><a href=\"https:\/\/de.wikipedia.org\/wiki\/Sonderbericht_1,5_%C2%B0C_globale_Erw%C3%A4rmung\">Wikipedia: Sonderbericht 1,5\u00b0C globale Erw\u00e4rmung<\/a><\/li><li><a href=\"https:\/\/www.ncdc.noaa.gov\/climate-monitoring\/\">National Centers for Environmental Information: Climate Monitoring<\/a><\/li><li><a href=\"https:\/\/fridaysforfuture.de\/studie\/schluesselergebnisse\/\">FridaysForFuture: Schl\u00fcsselergenbisse der Studie des Wuppertal Instituts f\u00fcr Klima, Umwelt, Energie zu einem Beitrag Deutschlands zur Einhaltung der 1,5-\u00b0C-Grenze<\/a><\/li><li><a href=\"https:\/\/agupubs.onlinelibrary.wiley.com\/doi\/full\/10.1029\/2019RG000678\">S. C. Sherwood et al: An Assessment of Earth's Climate Sensitivity Using Multiple Lines of Evidence<\/a><\/li><li><a href=\"https:\/\/de.wikipedia.org\/wiki\/Repr%C3%A4sentativer_Konzentrationspfad\">Wikipedia: Repr\u00e4sentativer Konzentrationspfad<\/a><\/li><li><a href=\"https:\/\/journals.plos.org\/plosone\/article?id=10.1371\/journal.pone.0047981\">Aaron P. Davis et al: The Impact of Climate Change on Indigenous Arabica Coffee (Coffea arabica): Predicting Future Trends and Identifying Priorities<\/a><\/li><li><a href=\"https:\/\/firms.modaps.eosdis.nasa.gov\/map\/\">NASA: FIRMS. Fire Information for Resource Management System<\/a><\/li><li><a href=\"https:\/\/de.wikipedia.org\/wiki\/Waldbrand\">Wikipedia: Waldrand<\/a><\/li><li><a href=\"https:\/\/bildungsserver.hamburg.de\/natuerliche-oekosysteme-nav\/4388104\/waldbraende\">Hamburger Bildungsserver: Waldbr\u00e4nde global<\/a><\/li><li><a href=\"https:\/\/de.wikipedia.org\/wiki\/Buschbr%C3%A4nde_in_Australien_2019\/2020\">Wikipedia: Buschbr\u00e4nde in Australien 2019\/2020<\/a><\/li><li><a href=\"https:\/\/www.theguardian.com\/australia-news\/2019\/dec\/25\/factcheck-why-australias-monster-2019-bushfires-are-unprecedented\">The Guardian: Yes, Australia has always had bushfires: but 2019 is like nothing we've seen before<\/a><\/li><li><a href=\"https:\/\/www.klimareporter.de\/erdsystem\/der-klimawandel-als-brandbeschleuniger\">Klimareporter, Joachim Wille: Der Klimawandel als Brandbeschleuniger<\/a><\/li><li><a href=\"https:\/\/www.fire.ca.gov\/daily-wildfire-report\/\">CA.gov: Fire. California Daily Wildfire Update<\/a><\/li><li><a href=\"https:\/\/www.fire.ca.gov\/stats-events\/\">CA.gov: Fire, Stats and Events<\/a><\/li><li><a href=\"https:\/\/www.theguardian.com\/world\/2020\/jan\/02\/new-zealand-glaciers-turn-brown-from-australian-bushfires-smoke-ash-and-dust\">The Guardiane: New Zealand glaciers turn brown from Australian bushfires' smoke, ash and dust<\/a><\/li><li><a href=\"https:\/\/de.wikipedia.org\/wiki\/Acqua_alta\">Wikipedia: Acqua alta<\/a><\/li><li><a href=\"https:\/\/www.tagesschau.de\/ausland\/venedig-hochwasser-103.html\">tagesschau.de: Rekord-Hochwasser. \"Eine Katastrophe\" f\u00fcr Venedig<\/a><\/li><li><a href=\"https:\/\/www.zdf.de\/nachrichten\/panorama\/venedig-mose-hochwasser-100.html\">ZDF heute: Venedig k\u00e4mpft mit \"Mose\" gegen Hochwasser<\/a><\/li><li><a href=\"https:\/\/www.bbc.com\/news\/world-europe-50401308\">BBC News: Venice floods: Climate change behind highest tide in 50 years, says mayor<\/a><\/li><li><a href=\"https:\/\/www.scinexx.de\/news\/geowissen\/erstes-denkmal-fuer-einen-verschwundenen-gletscher\/\">scinexx: Erstes Denkmal f\u00fcr einen verschwundenen Gletscher. \"Brief an die Zukunft \" erinnert an ersten offiziell \"toten\" Gletscher Islands<\/a><\/li><li><a href=\"https:\/\/www.klimareporter.de\/erdsystem\/land-unter\">Klimareporter, Verena Kern: Land unter<\/a><\/li><li><a href=\"https:\/\/doi.org\/10.1073\/pnas.1500515113\">Matthias Mengel et al: Future sea level rise constrained by observations and long-term commitment<\/a><\/li><li><a href=\"https:\/\/mosaic-expedition.org\/\">MOSAiC-Expedition<\/a><\/li><li><a href=\"https:\/\/www.sciencemag.org\/news\/2020\/10\/europe-building-digital-twin-earth-revolutionize-climate-forecasts\">siencemag, Paul Voosen: Europe is building a \u2018digital twin\u2019 of Earth to revolutionize climate forecasts<\/a><\/li><li><a href=\"https:\/\/phiweek.esa.int\/\">ESA EO \u03a6-WEEK 2020. Virtual Event. 28 September - 02 October 2020<\/a><\/li><li><a href=\"https:\/\/www.tagesschau.de\/ausland\/naturkatastrophen-klimawandel-101.html\">tagesschau.de: UN-Bericht: Mehr Naturkatastrophen durch Klimawandel<\/a><\/li><\/ul>\n\n\n\n<h3 class=\"wp-block-heading\">Weiterf\u00fchrende Links<\/h3>\n\n\n\n<ul class=\"wp-block-list\"><li><a href=\"https:\/\/www.scientists4future.org\/\">Scientists for Future<\/a><\/li><li><a href=\"https:\/\/www.faz.net\/aktuell\/gesellschaft\/ungluecke\/rauch-von-waldbraenden-in-amerika-zieht-bis-nach-deutschland-16956975.html?utm_content=buffer76758&amp;utm_medium=social&amp;utm_source=twitter.com&amp;utm_campaign=GEPC%253Ds30\">FAZ: Rauch von Waldbr\u00e4nden in Amerika zieht bis nach Deutschland<\/a><\/li><li><a href=\"https:\/\/twitter.com\/dwallacewells\/status\/1312121745927598080\">Twitter, @dwallacewells: \"\u2026 chart of the most destructive wildfires \u2026\"<\/a><\/li><li><a href=\"https:\/\/de.wikipedia.org\/wiki\/MOSAiC-Expedition\">Wikipedia: MOSAiC-Expedition<\/a><\/li><li><a href=\"https:\/\/de.wikipedia.org\/wiki\/Liste_historischer_Waldbr%C3%A4nde\">Wikipedia: Liste historischer Waldbr\u00e4nde<\/a><\/li><li><a href=\"https:\/\/www.weltderphysik.de\/gebiet\/erde\/news\/2020\/wenn-der-permafrost-taut\/\">Welt der Physik, Jan Oliver L\u00f6fken: Wenn der Permafrost taut<\/a><\/li><li><a href=\"https:\/\/www.spektrum.de\/video\/was-passiert-wenn-sich-nichts-aendert\/1783394?utm_source=dlvr.it&amp;utm_medium=twitter\">Spektrum: Klimamodelle. Was passiert, wenn sich nichts \u00e4ndert?<\/a><\/li><li><a href=\"https:\/\/www.nasa.gov\/feature\/goddard\/2020\/emissions-could-add-15-inches-to-2100-sea-level-rise-nasa-led-study-finds\">NASA: Emissions Could Add 15 Inches to 2100 Sea Level Rise, NASA-Led Study Finds<\/a><\/li><li><a href=\"https:\/\/earther.gizmodo.com\/california-has-its-first-gigafire-in-modern-history-1845275126\/amp?__twitter_impression=true\">Gizmodo, Brian Kahn: California Has Its First 'Gigafire' in Modern History<\/a><\/li><li><a href=\"https:\/\/www.klimareporter.de\/deutschland\/ein-trauriges-jubilaeum\">Klimareporter, Michael M\u00fcller: Ein trauriges Jubil\u00e4um<\/a><\/li><li><a href=\"https:\/\/www.carbonbrief.org\/explainer-nine-tipping-points-that-could-be-triggered-by-climate-change\">CarbonBrief: Explainer: Nine \u2018tipping points\u2019 that could be triggered by climate change<\/a><\/li><li><a href=\"https:\/\/www.klimafakten.de\">Klimafakten<\/a><\/li><\/ul>\n","protected":false},"author":2,"featured_media":286,"comment_status":"open","ping_status":"open","template":"","meta":{"footnotes":""},"tags":[],"class_list":["post-288","podcast","type-podcast","status-publish","has-post-thumbnail","hentry","post"],"_links":{"self":[{"href":"https:\/\/www.datenleben.de\/index.php\/wp-json\/wp\/v2\/episodes\/288","targetHints":{"allow":["GET"]}}],"collection":[{"href":"https:\/\/www.datenleben.de\/index.php\/wp-json\/wp\/v2\/episodes"}],"about":[{"href":"https:\/\/www.datenleben.de\/index.php\/wp-json\/wp\/v2\/types\/podcast"}],"author":[{"embeddable":true,"href":"https:\/\/www.datenleben.de\/index.php\/wp-json\/wp\/v2\/users\/2"}],"replies":[{"embeddable":true,"href":"https:\/\/www.datenleben.de\/index.php\/wp-json\/wp\/v2\/comments?post=288"}],"version-history":[{"count":5,"href":"https:\/\/www.datenleben.de\/index.php\/wp-json\/wp\/v2\/episodes\/288\/revisions"}],"predecessor-version":[{"id":293,"href":"https:\/\/www.datenleben.de\/index.php\/wp-json\/wp\/v2\/episodes\/288\/revisions\/293"}],"wp:featuredmedia":[{"embeddable":true,"href":"https:\/\/www.datenleben.de\/index.php\/wp-json\/wp\/v2\/media\/286"}],"wp:attachment":[{"href":"https:\/\/www.datenleben.de\/index.php\/wp-json\/wp\/v2\/media?parent=288"}],"wp:term":[{"taxonomy":"post_tag","embeddable":true,"href":"https:\/\/www.datenleben.de\/index.php\/wp-json\/wp\/v2\/tags?post=288"}],"curies":[{"name":"wp","href":"https:\/\/api.w.org\/{rel}","templated":true}]}}