{"id":301,"date":"2020-11-28T12:00:00","date_gmt":"2020-11-28T11:00:00","guid":{"rendered":"podlove-2020-11-26t13:04:10+00:00-8d53982aa01e1b6"},"modified":"2020-11-26T14:32:16","modified_gmt":"2020-11-26T13:32:16","slug":"dl008-temperaturkurven","status":"publish","type":"podcast","link":"https:\/\/www.datenleben.de\/index.php\/2020\/11\/28\/dl008-temperaturkurven\/","title":{"rendered":"dl008: temperaturkurven"},"content":{"rendered":"\n\t\t\n            <div class=\"podlove-web-player intrinsic-ignore podlove-web-player-loading\" id=\"player-69f39d9d9e4da\"><root data-test=\"player--xl\" style=\"max-width:950px;min-width:260px;\">\n  <div class=\"tablet:px-6 tablet:pt-6 mobile:px-4 mobile:pt-4 flex flex-col\">\n    <div class=\"flex-col items-center mobile:flex tablet:hidden\">\n      <show-title class=\"text-sm\"><\/show-title>\n      <episode-title class=\"text-base mb-2\"><\/episode-title>\n      <subscribe-button class=\"mb-4 mobile:flex tablet:hidden\"><\/subscribe-button>\n      <poster class=\"rounded-sm w-48 shadow overflow-hidden\"><\/poster>\n      <divider class=\"w-full my-6\"><\/divider>\n    <\/div>\n\n    <div class=\"tablet:flex flex-grow\">\n      <div class=\"w-64 mobile:hidden tablet:block tablet:mr-6\">\n        <poster class=\"rounded-sm shadow overflow-hidden\"><\/poster>\n      <\/div>\n      <div class=\"w-full\">\n        <div class=\"hidden tablet:block\">\n          <show-title class=\"text-base\"><\/show-title>\n          <episode-title class=\"text-xl desktop:text-2xl\"><\/episode-title>\n          <divider class=\"w-full my-4\"><\/divider>\n        <\/div>\n        <div class=\"flex items-center justify-between\">\n          <div class=\"block\">\n            <play-state on=\"active\">\n              <speed-control class=\"flex items-center\"><\/speed-control>\n            <\/play-state>\n          <\/div>\n\n          <div class=\"flex\">\n            <play-state on=\"active\">\n              <chapter-previous class=\"mx-2 block\"><\/chapter-previous>\n            <\/play-state>\n            <play-state on=\"active\">\n              <step-backward class=\"mx-2 block\"><\/step-backward>\n            <\/play-state>\n\n            <play-button class=\"mx-2 block\" :label=\"$t('PLAYER.PLAY_EPISODE')\"><\/play-button>\n\n            <play-state on=\"active\">\n              <step-forward class=\"mx-2 block\"><\/step-forward>\n            <\/play-state>\n            <play-state on=\"active\">\n              <chapter-next class=\"mx-2 block\"><\/chapter-next>\n            <\/play-state>\n          <\/div>\n\n          <div class=\"block\">\n            <play-state on=\"active\">\n              <volume-control class=\"flex items-center\"><\/volume-control>\n            <\/play-state>\n          <\/div>\n        <\/div>\n        <div class=\"flex w-full\">\n          <progress-bar><\/progress-bar>\n        <\/div>\n        <div class=\"flex w-full -mt-2\">\n          <div class=\"w-3\/12 text-left\">\n            <timer-current class=\"text-sm\"><\/timer-current>\n          <\/div>\n          <div class=\"w-6\/12 text-center truncate\">\n            <play-state on=\"active\">\n              <current-chapter class=\"text-sm\"><\/current-chapter>\n            <\/play-state>\n          <\/div>\n          <div class=\"w-3\/12 text-right\">\n            <timer-duration class=\"text-sm\"><\/timer-duration>\n          <\/div>\n        <\/div>\n      <\/div>\n    <\/div>\n    <divider class=\"w-full mt-6 mb-3\"><\/divider>\n    <div class=\"flex justify-between\">\n      <div class=\"flex mobile:w-full tablet:w-3\/12 desktop:w-3\/12 justify-between\">\n        <tab-trigger tab=\"chapters\">\n          <icon type=\"chapter\"><\/icon>\n        <\/tab-trigger>\n        <tab-trigger tab=\"transcripts\">\n          <icon type=\"transcripts\"><\/icon>\n        <\/tab-trigger>\n        <tab-trigger tab=\"files\">\n          <icon type=\"download\"><\/icon>\n        <\/tab-trigger>\n        <tab-trigger tab=\"playlist\">\n          <icon type=\"playlist\"><\/icon>\n        <\/tab-trigger>\n        <tab-trigger tab=\"share\">\n          <icon type=\"share\"><\/icon>\n        <\/tab-trigger>\n      <\/div>\n      <subscribe-button class=\"mt-1 mobile:hidden tablet:flex\"><\/subscribe-button>\n    <\/div>\n  <\/div>\n  <div class=\"w-full relative overflow-hidden\">\n    <tab name=\"chapters\">\n      <tab-chapters><\/tab-chapters>\n    <\/tab>\n    <tab name=\"transcripts\">\n      <tab-transcripts><\/tab-transcripts>\n    <\/tab>\n    <tab name=\"files\">\n      <tab-files><\/tab-files>\n    <\/tab>\n    <tab name=\"playlist\">\n      <tab-playlist><\/tab-playlist>\n    <\/tab>\n    <tab name=\"share\">\n      <tab-share><\/tab-share>\n    <\/tab>\n    <tab-overflow><\/tab-overflow>\n  <\/div>\n  <error><\/error>\n<\/root>\n<\/div>\n            <script>\n              document.addEventListener(\"DOMContentLoaded\", function() {\n                var player = document.getElementById(\"player-69f39d9d9e4da\");\n                podlovePlayerCache.add([{\"url\":\"https:\\\/\\\/www.datenleben.de\\\/index.php\\\/wp-json\\\/podlove-web-player\\\/shortcode\\\/publisher\\\/301\",\"data\":{\"version\":5,\"show\":{\"title\":\"datenleben\",\"subtitle\":\"der podcast \\u00fcber data science\",\"summary\":\"Was ist Data Science? Was bedeuten die Daten f\\u00fcr unser Leben? Woher kommen sie und wozu werden sie benutzt?\\r\\nDas sind alles Fragen, mit denen wir uns auseinander setzen werden.\\r\\nWer schon immer mehr \\u00fcber Daten und deren Effekt auf unser Leben wissen wollte, ist hier genau richtig.\",\"poster\":\"https:\\\/\\\/www.datenleben.de\\\/podlove\\\/image\\\/687474703a2f2f7777772e646174656e6c6562656e2e64652f77702d636f6e74656e742f75706c6f6164732f323032302f30362f636f7665722e706e67\\\/500\\\/0\\\/0\\\/datenleben\",\"link\":\"https:\\\/\\\/www.datenleben.de\"},\"title\":\"dl008: temperaturkurven\",\"subtitle\":\"Was es mit der globalen Temperatur auf sich hat\",\"summary\":\"Letzten Folge war eine Recherchefolge, um verschiedene Einzelthemen des Klimawandels anzusehen. Es ging um Temperaturkurven, Waldbr\\u00e4nde und den Meeresspiegelanstieg. Helena war begeistert von Temperaturkurven, weil hier besonders interessante Aspekte drin stecken: z.B. wie man mit den Messdaten umgehen muss, um auf aussagekr\\u00e4ftige Ergebnisse zu kommen. Deswegen geht es in dieser Folge um Temperaturmessungen, Probleme und M\\u00f6glichkeiten bei der Analyse und darum, was es mit der globalen Temperatur auf sich hat.\",\"publicationDate\":\"2020-11-28T12:00:00+01:00\",\"duration\":\"00:56:08.986\",\"poster\":\"https:\\\/\\\/www.datenleben.de\\\/wp-content\\\/cache\\\/podlove\\\/e8\\\/6f9f7f846982b006067ecc6f40fc0c\\\/temperaturkurven_500x.png\",\"link\":\"https:\\\/\\\/www.datenleben.de\\\/index.php\\\/2020\\\/11\\\/28\\\/dl008-temperaturkurven\\\/\",\"chapters\":[{\"start\":\"00:00:18.096\",\"title\":\"Thema des Podcasts\",\"href\":\"\",\"image\":\"\"},{\"start\":\"00:00:38.798\",\"title\":\"Thema der Folge Temperaturkurven\",\"href\":\"\",\"image\":\"\"},{\"start\":\"00:01:30.481\",\"title\":\"Warum sind Temperaturmessdaten interessant?\",\"href\":\"\",\"image\":\"\"},{\"start\":\"00:03:58.994\",\"title\":\"Einspieler: Die globale Temperatur\",\"href\":\"\",\"image\":\"\"},{\"start\":\"00:07:31.316\",\"title\":\"Wie wird die globale Temperatur bestimmt?\",\"href\":\"\",\"image\":\"\"},{\"start\":\"00:14:30.266\",\"title\":\"Was ist eigentlich ein Thermometer?\",\"href\":\"\",\"image\":\"\"},{\"start\":\"00:20:56.396\",\"title\":\"Wie wird Temperaturanstieg an Land gemessen?\",\"href\":\"\",\"image\":\"\"},{\"start\":\"00:30:46.725\",\"title\":\"Wie wird der Temperaturanstieg im Ozean gemessen?\",\"href\":\"\",\"image\":\"\"},{\"start\":\"00:38:14.101\",\"title\":\"Wie wird Temperaturanstieg aus dem Weltraum gemessen?\",\"href\":\"\",\"image\":\"\"},{\"start\":\"00:49:50.801\",\"title\":\"Fazit\",\"href\":\"\",\"image\":\"\"},{\"start\":\"00:53:13.539\",\"title\":\"N\\u00e4chste Folge: Jahresr\\u00fcckblick am 19.12.2020\",\"href\":\"\",\"image\":\"\"},{\"start\":\"00:55:05.575\",\"title\":\"Call to Action\",\"href\":\"\",\"image\":\"\"},{\"start\":\"00:55:57.000\",\"title\":\"Outro\",\"href\":\"\",\"image\":\"\"}],\"audio\":[{\"url\":\"https:\\\/\\\/www.datenleben.de\\\/podlove\\\/file\\\/8\\\/s\\\/webplayer\\\/c\\\/website\\\/DL008_Temperaturkurven.mp3\",\"size\":\"65150996\",\"title\":\"MP3 Audio (mp3)\",\"mimeType\":\"audio\\\/mpeg\"}],\"files\":[{\"url\":\"https:\\\/\\\/www.datenleben.de\\\/podlove\\\/file\\\/8\\\/s\\\/webplayer\\\/DL008_Temperaturkurven.mp3\",\"size\":\"65150996\",\"title\":\"MP3 Audio\",\"mimeType\":\"audio\\\/mpeg\"}]}}, {\"url\":\"https:\\\/\\\/www.datenleben.de\\\/index.php\\\/wp-json\\\/podlove-web-player\\\/shortcode\\\/config\\\/default\\\/theme\\\/datenleben\",\"data\":{\"activeTab\":\"chapters\",\"subscribe-button\":null,\"share\":{\"channels\":[\"link\",\"facebook\",\"twitter\",\"whats-app\",\"linkedin\",\"pinterest\",\"xing\",\"mail\"],\"outlet\":\"https:\\\/\\\/www.datenleben.de\\\/wp-content\\\/plugins\\\/podlove-web-player\\\/web-player\\\/share.html\",\"sharePlaytime\":true},\"related-episodes\":{\"source\":\"disabled\",\"value\":null},\"version\":5,\"theme\":{\"tokens\":{\"brand\":\"#fff\",\"brandDark\":\"#fff\",\"brandDarkest\":\"#000\",\"brandLightest\":\"#8cc240\",\"shadeDark\":\"#807E7C\",\"shadeBase\":\"#807E7C\",\"contrast\":\"#000\",\"alt\":\"#8cc240\"},\"fonts\":{\"ci\":{\"name\":\"ci\",\"family\":[\"-apple-system\",\"BlinkMacSystemFont\",\"Segoe UI\",\"Roboto\",\"Helvetica\",\"Arial\",\"sans-serif\",\"Apple Color Emoji\",\"Segoe UI Emoji\\\", \\\"Segoe UI Symbol\"],\"src\":[],\"weight\":800},\"regular\":{\"name\":\"regular\",\"family\":[\"-apple-system\",\"BlinkMacSystemFont\",\"Segoe UI\",\"Roboto\",\"Helvetica\",\"Arial\",\"sans-serif\",\"Apple Color Emoji\",\"Segoe UI Emoji\\\", \\\"Segoe UI Symbol\"],\"src\":[],\"weight\":300},\"bold\":{\"name\":\"bold\",\"family\":[\"-apple-system\",\"BlinkMacSystemFont\",\"Segoe UI\",\"Roboto\",\"Helvetica\",\"Arial\",\"sans-serif\",\"Apple Color Emoji\",\"Segoe UI Emoji\\\", \\\"Segoe UI Symbol\"],\"src\":[],\"weight\":700}}},\"base\":\"https:\\\/\\\/www.datenleben.de\\\/wp-content\\\/plugins\\\/podlove-web-player\\\/web-player\\\/\"}}]);\n                podlovePlayer(player, \"https:\/\/www.datenleben.de\/index.php\/wp-json\/podlove-web-player\/shortcode\/publisher\/301\", \"https:\/\/www.datenleben.de\/index.php\/wp-json\/podlove-web-player\/shortcode\/config\/default\/theme\/datenleben\").then(function() {\n                  player && player.classList.remove(\"podlove-web-player-loading\");\n                });\n              });\n            <\/script>\n            <style>\n              .podlove-web-player.podlove-web-player-loading {\n                opacity: 0;\n              }\n            <\/style>\n        \n\t\n\t\t\n\n<h3 class=\"wp-block-heading\">Intro (00:00:00)<\/h3>\n\n\n\n<h3 class=\"wp-block-heading\">Thema des Podcasts (00:00:18)<\/h3>\n\n\n\n<p>Willkommen zu unserer achten Folge beim datenleben-Podcast, dem Podcast \u00fcber Data Science.<br>Wir sind Helena und Janine und m\u00f6chten euch die Welt der Daten n\u00e4her bringen.<br>In unserer Welt wird es immer wichtiger Daten in das Gro\u00dfe Ganze einzuordnen.<br>Als Data Science-Podcast wollen wir deswegen Data Science anhand von Themen erkl\u00e4ren, die uns alle betreffen.<\/p>\n\n\n\n<h3 class=\"wp-block-heading\">Thema der Folge: Temperaturkurven (00:00:39)<\/h3>\n\n\n\n<ul class=\"wp-block-list\"><li>Letzten Folge war eine Recherchefolge, um verschiedene Einzelthemen des Klimawandels anzusehen<\/li><li>Es ging um Temperaturkurven, Waldbr\u00e4nde und den Meeresspiegelanstieg<\/li><li>Helena war begeistert von Temperaturkurven, weil hier besonders interessante Aspekte drin stecken<\/li><li>z.B. wie man mit den Messdaten umgehen muss, um auf aussagekr\u00e4ftige Ergebnisse zu kommen<\/li><li>Deswegen geht es in dieser Folge um Temperaturkurven, Probleme und M\u00f6glichkeiten bei der Analyse<\/li><\/ul>\n\n\n\n<h3 class=\"wp-block-heading\">Warum sind Temperaturmessdaten interessant? (00:01:30)<\/h3>\n\n\n\n<ul class=\"wp-block-list\"><li>Wie in der letzten Folge ausgef\u00fchrt, gibt es im Klimasystem der Erde verschiedene Kippelemente, die die Klimakrise verst\u00e4rken k\u00f6nnen, wenn sie ausgel\u00f6st werden<\/li><li>Der Anstieg der Temperaturen kann verschiedene dieser Kippelemente triggern<\/li><li>Daher ist es eines der wichtigsten Klimaziele die Erderw\u00e4rmung \u00fcber 1,5\u00b0 zu verhindern<\/li><li>Deswegen wollten wir genauer hinschauen, wie Temperaturmessungen auf globaler Skala funktionieren<\/li><li>Folgende Fragen hatte ich nach der letzten Folge zum Thema Temperaturanstieg:<\/li><li>Wie wird heute die globale Temperatur gemessen?<\/li><li>Woher kennen wir die globale Temperatur des vorindustriellen Zeitalters?<\/li><li>Wie wurde die globale Temperatur vor 50 Jahren, bzw. vor 100 Jahren gemessen?<\/li><li>Wieso sind die Temperaturmessungen von heute mit denen von vor 100 Jahren vergleichbar?<\/li><\/ul>\n\n\n\n<h3 class=\"wp-block-heading\">Einspieler: Die globale Temperatur (00:03:59)<\/h3>\n\n\n\n<ul class=\"wp-block-list\"><li>Seit dem 17.\/18. Jahrhundert gibt es Methoden, Temperaturen zu messen und zu vergleichen<\/li><li>Woher wissen wir aber, welche Temperaturen auf der Erde herrschten lange bevor es Menschen gab?<\/li><li>Das wissen wir aus den Klimaarchiven, den nat\u00fcrlich und menschenlichen Datenquellen<\/li><li>Forscher haben <a href=\"https:\/\/ethz.ch\/de\/news-und-veranstaltungen\/eth-news\/news\/2020\/10\/blick-zurueck-ins-klima-der-zukunft.html\">anhand des Minarals Siderit das Klima vor rund 55 Millionen Jahren rekonstruiert<\/a><\/li><li>Die mittlere j\u00e4hrliche Lufttemperaur im heutigen Kolumbien lag bei gut 41\u00b0 Celsius lag<\/li><li>Eis auf den Polkappen gab es in dieser Zeit nicht<\/li><li>Schwankungen gab es schon immer, was ist aber an den aktuell steigenden Temperatur besonders?<\/li><li>Warum sind die Aussagen der Klimakrisenspektiker, dass es das schon immer gab, so problematisch?<\/li><li>Jetzige Temperaturanstieg ist bedrohlich, weil er so schnell ist, die Natur kann sich nicht anpassen<\/li><li>Steigt die globale Temperatur weiter, werden wir bald erleben, wie der Planet ins Warmklima wechselt<\/li><li>Aber, obwohl wir \u00fcber eine globale Erdtemperatur sprechen, ist es nicht so einfach sie zu bestimmen<\/li><li>Das liegt daran, dass sich \u00fcber die Zeit die Messmethoden ge\u00e4ndert haben<\/li><li>Oder auch daran, dass wir nicht von allen Orten der Erde die Temperaturen kennen<\/li><li>Man muss verschiedene Datenquellen unterschiedlicher Qualit\u00e4ten miteinander in Beziehung setzen<\/li><li>Dazu muss man sie kalibrieren, d.h. sie vergleichbar machen und die Werte anpassen<\/li><\/ul>\n\n\n\n<h3 class=\"wp-block-heading\">Wie wird die globale Temperatur bestimmt? (00:07:31)<\/h3>\n\n\n\n<ul class=\"wp-block-list\"><li>Man kann nicht einfach Messstationen aufstellen, deren Messungen nehmen und den Mittelwert berechnen<\/li><li>Grund: Wert schwankt sehr stark je nach Messmethode (Satelliten vs. Bodengest\u00fctzte Beobachtungen)<\/li><li>Beispiel: Studie von 2003 gibt einen Anstieg von <a href=\"https:\/\/www.quarks.de\/umwelt\/klimawandel\/warum-die-angabe-einer-globalen-durchschnittstemperatur-unsinnig-ist\/#:~:text=Um%20die%20exakte%20Temperatur%20auf,man%20dann%20150%20Billionen%20Thermometer\">15\u00b0C auf 15.6\u00b0C<\/a>, NASA 2012 gibt <a href=\"https:\/\/www.youtube.com\/watch?v=hqhh8e6J7lE\">13.6\u00b0C auf 14.6\u00b0C<\/a> an<\/li><li>Vergleicht man die errechnete Mitteltemperatur 2003 und 2012, scheint es, als sinke die Temperatur<\/li><li>Aber: Das liegt daran, dass die Unsicherheit bei der Berechnung der absoluten globalen Mitteltemperatur die gleiche Gr\u00f6\u00dfenordnung hat, wie der Temperaturanstieg<\/li><li>Die Relativtemperaturen k\u00f6nnen aber mit einer gr\u00f6\u00dferen Genauigkeit angegeben werden<\/li><li>Denn: die <a href=\"https:\/\/www.spektrum.de\/kolumne\/verwirrspiel-um-die-globale-mitteltemperatur\/1548343\">Erw\u00e4rmung selbst l\u00e4sst sich auf 0.1\u00b0 genau bestimmen, der Absolutwert nur auf 1\u00b0<\/a><\/li><li>Beispiel Treppenstufen: Man kann messen, wieviel h\u00f6her man bei jeder einzelnen Stufe steht<\/li><li>Macht man das f\u00fcr Treppen, muss man auch die Unsicherheiten pro Stufe mitdenken (z.B. 1mm\/Stufe)<\/li><li>Die absolute H\u00f6he der Treppe ist unsicherer, als die einer einzelnen Treppenstufe<\/li><li>Das selbe gilt auch f\u00fcr Wetterstationen. Jede davon steht quasi f\u00fcr eine Treppenstufe<\/li><li>Und jede Station hat eigene Unsicherheitswerte f\u00fcr die Absoluttemperatur, die zusammengerechnet werden m\u00fcssen (nicht addieren, its more complacated)<\/li><li>Trotzdem k\u00f6nnen Stationen relativ zu fr\u00fcheren Werten darin \u00fcbereinstimmen, dass es Erw\u00e4rmung gibt<\/li><li>Andere Schwierigkeit: L\u00fccken in den Daten. Es sind l\u00e4ngst nicht alle alten Daten digitalisiert<\/li><li>Oder: Es k\u00f6nnen auch Fehler beim \u00dcbertragen passieren<\/li><li>Fazit globale Temperatur: es ist also eher kompliziert, verschiedene Messmethoden kommen noch dazu<\/li><\/ul>\n\n\n\n<h3 class=\"wp-block-heading\">Was ist eigentlich ein Thermometer? (00:14:30)<\/h3>\n\n\n\n<ul class=\"wp-block-list\"><li>Frage vorab: Womit wird Temperatur gemessen, was ist ein Thermometer?<\/li><li>Die ersten 100 Jahre seit ca. 1880 war das <a href=\"https:\/\/de.wikipedia.org\/wiki\/Quecksilberthermometer\">Quecksilberthermometer<\/a> der Standard<\/li><li>Quecksilber ist das einzige Metall, dass auch fl\u00fcssig ist; das Volumen dehnt sich bei W\u00e4rme aus<\/li><li>Deswegen \"klettert\" das Quecksilber in seinem Glasr\u00f6hrchen nach oben, darauf ist die Temperaturskala<\/li><li>Mittlerweise wird elektrisch gemessen, daf\u00fcr m\u00fcssen Thermometer kalibriert werden<\/li><li>Elektrischer Widerstand ver\u00e4ndert sich je nach Temperatur, m\u00fcssen aber eingemessen werden<\/li><\/ul>\n\n\n\n<h3 class=\"wp-block-heading\">Wie wird Temperaturanstieg an Land gemessen? (00:20:56)<\/h3>\n\n\n\n<ul class=\"wp-block-list\"><li>Wenn man Temperatur misst, kommt es sehr stark darauf an, wo das Thermometer daf\u00fcr angebracht ist<\/li><li>Fr\u00fcher: immer an der Hauswand im Schatten<\/li><li>Aber: in der N\u00e4he von Geb\u00e4uden ist es oft w\u00e4rmer, als weiter weg; auch sind St\u00e4dte w\u00e4rmer als Umland<\/li><li><a href=\"https:\/\/www.dwd.de\/DE\/service\/lexikon\/Functions\/glossar.html;jsessionid=42B88BB2194DBEF9C5BF7DEC283B6A70.live11054?lv2=101640&amp;lv3=101778\">Stichwort Mikroklima<\/a>: auch innerhalb von St\u00e4dten gibt es verschiedene klimatische Bedingungen<\/li><li>Beispiel: enger Stra\u00dfenzug ist w\u00e4rmer als ein kleiner Park in der N\u00e4he<\/li><li>Den Effekt gibt es auch nachts, verschiedenen Umgebungen geben unterschiedlich W\u00e4rme wieder ab<\/li><li>Diese Effekte sind f\u00fcr Konzepte von st\u00e4dtischem Wohnen im Kontext Klimaerw\u00e4rmung interessant<\/li><li>Bei Temperaturmessungen an Land, daher wichtig: Wo steht die Station?<\/li><li>Messstationen k\u00f6nnen den Standort \u00e4ndern, das kann zu Spr\u00fcngen in den Messreichen f\u00fchren<\/li><li>\u00c4nderungen m\u00fcssen f\u00fcr Korrekturen gut dokumentiert sein, aber oft fehlen diese Informationen<\/li><li>Art der Messung ge\u00e4ndert: statt an Hausfassaden im Schatten zu messen, misst man jetzt zwei Meter \u00fcber dem Boden im Freien im Schatten und zwar digital<\/li><li>Um die Zahlen mit fr\u00fcheren Messungen vergleichen zu k\u00f6nnen, m\u00fcssen sie dann kalibrier werden<\/li><li>Wie kann man das denn wissen, dass das funktioniert mit dem Kalibrieren?<\/li><li>M\u00f6glichkeiten: einfachste ist, dass man zwei Therometer parallel misst -&gt; Korrekturwert bestimmen<\/li><li>Oder bei <a href=\"http:\/\/www.pik-potsdam.de\/~stefan\/Publications\/Book_chapters\/der_klimawandel_kapitel2.pdf\">Wetterstationen in St\u00e4dten<\/a>: indem st\u00fcrmische Tage mit windstillen Tagen verglichen werden,<\/li><li>Dabei ist nur an windstillen Tagen der W\u00e4rmeinsel-Effekt sp\u00fcrbar<\/li><\/ul>\n\n\n\n<h3 class=\"wp-block-heading\">Wie wird Temperaturanstieg im Ozean gemessen? (00:30:46)<\/h3>\n\n\n\n<ul class=\"wp-block-list\"><li>Messungen im Ozean: Seit jeher von Handelsschiffen, inzwischen auch von Wetterbojen durchgef\u00fchrt<\/li><li>Anfang des 20. Jahrhunderts warf man Eimer an einem Seil vom Schiff, sp\u00e4ter sog man das Wasser direkt in den Maschinenraum<\/li><li>Wir wissen, dass die Kessel-Methode zu tiefe Werte liefert, weil das Wasser verdunstet und abk\u00fchlt<\/li><li>W\u00e4hrend Messungen im warmen Maschinenraum zu hoch sind<\/li><li>Auch das muss dann kallibriert werden, alte und neue Methode werden zeitweise parallel verwendet<\/li><li>L\u00fccken bei Messungen: Daten aus der Arktis jenseits von Schiffsrouten fehlen zum Beispiel<\/li><li>Unter anderem deswegen fand die Mission des Forschungseisbrechers Polarstern in der Arktis statt<\/li><li>Vor 20 Jahren wurden station\u00e4re Messungen im Meer angefangen durchzuf\u00fchren mittelns Bojen<\/li><li>Hier wird direkt im Ozean die Temperatur gemessen, diese liegt zwischen Eimer und Maschinenraum<\/li><li>Vermutung: Messungen von Schiffen aus, sind Daten eines menschlichen Klimaarchives (Logb\u00fccher)<\/li><\/ul>\n\n\n\n<h3 class=\"wp-block-heading\">Wie wird Temperaturanstieg aus dem Weltraum gemessen? (00:38:14)<\/h3>\n\n\n\n<ul class=\"wp-block-list\"><li>Vorteil: Satelliten k\u00f6nnen in kurzer Zeit viele Daten \u00fcber den gesamten Planeten liefern<\/li><li>Exkurs Physik: Was ist eigentlich Temperatur?<\/li><li>Temperatur ist keine fundamentale Eigenschaft der Natur, sie setzt sich aus anderen Gr\u00f6\u00dfen zusammen<\/li><li>Sie ist eine emergente Gr\u00f6\u00dfe \u2013 ein Muster aus zugrundeliegenden Strukturen<\/li><li>Temperatur ist im Wesentlichen die Beschreibung mikroskopischer Bewegungen von Molek\u00fclen und Atomen<\/li><li>Dabei steht die Temperatur erstmal nicht f\u00fcr eine konkrete Bewegungsenergie\/Geschwindigkeit, sondern f\u00fcr eine Verteilung von Bewegungsenergien<\/li><li>F\u00fcr Gase kann man die <a href=\"https:\/\/de.wikipedia.org\/wiki\/Maxwell-Boltzmann-Verteilung\">Maxwell-Bolzmann-Verteilung<\/a> heranziehen<\/li><li>Es entsteht Elektromagnetische Strahlung, wenn geladene Teilchen (wie Atomkerne\/Elektronen) sich beschleunigt\/gebremst bewegen<\/li><li>Aus der statistischen Verteilung der Bewegungen folgt eine statistische Verteilung dieser Strahlung<\/li><li>Im Falle der meisten irdischen Temperaturen ist es ein nennenswerter Teil Infrarotstrahlung<\/li><li>Beispiele: Gl\u00fchbirnen und die Sonne leuchten wegen ihrer Temperatur<\/li><li>Diese IR Strahlungsverteilung l\u00e4sst sich dann von einem Satelliten aus Messen<\/li><li>Misst der Satellit schr\u00e4g, kann die Temperatur weiterer Atmosph\u00e4renschichten bestimmt werden<\/li><li>Randnotiz: Satelliten sind inzwischen auch oft paarweise unterwegs, um Informationen zusammen erfassen zu k\u00f6nnen (<a href=\"https:\/\/www.d-copernicus.de\/daten\/satelliten\/satelliten-details\/news\/tandem-x\/?tx_news_pi1%5Bcontroller%5D=News&amp;tx_news_pi1%5Baction%5D=detail&amp;cHash=fdd3c044296e5daea68e8ae4e423d77e\">3D Modelle der Erdoberfl\u00e4che<\/a>, <a href=\"https:\/\/twitter.com\/NASAEarth\/status\/1326205637257261058?s=20\">Gewicht von Eis zu bestimmen<\/a>)<\/li><li>Problematik: Satelliten werden durch Atmossph\u00e4re abgebremst, dadurch \u00e4ndert sich der Messwinkel<\/li><li>Strahlung messen funktioniert: Alles was eine Temperatur hat, gibt elektromagnetische Strahlung ab<\/li><\/ul>\n\n\n\n<h3 class=\"wp-block-heading\">Fazit (00:49:51)<\/h3>\n\n\n\n<ul class=\"wp-block-list\"><li>Wie h\u00e4ngt das alles jetzt mit Data Science zusammen?<\/li><li>Bei Temperaturmessungen h\u00e4ngt alles mit unserem Motto zusammen: Kenne Dein Messverfahren!<\/li><li>Es spielen so viele Faktoren eine wichtige Rolle, dass es ein Paradebeispiel f\u00fcr Data Science ist<\/li><li>Es ist nicht nur einfach platte Statistik, man muss sich sehr viele Gedanken machen<\/li><li>Wie geht man mit fehlerhaften Daten der Vergangenheit um? Wie werden die digitalisiert?<\/li><li>Helena w\u00fcrde jetzt ihre Fragen anders stellen, die sie am Anfang der Recherche zur Folge hatte<\/li><li>Wichtiger ist z.B. die Frage, worher wir wissen, das sich die Erde bereits um 1\u00b0 erw\u00e4rmt hat<\/li><li>Es geht auch nicht darum, wie fr\u00fcher die globale Temperatur gemessen wurde, sondern es ist wichtig, wie Temperatur \u00fcberhaupt gemessen wurde<\/li><li>Wieso sind die Temperaturmessungen von heute mit denen von vor 100 Jahren vergleichbar? -&gt; bleibt eine wichtige Frage, aufgrund der Kallibrierungen, die erfolgen m\u00fcssen<\/li><\/ul>\n\n\n\n<h3 class=\"wp-block-heading\">N\u00e4chste Folge: Jahresr\u00fcckblick am 19.12.2020 (00:53:13)<\/h3>\n\n\n\n<ul class=\"wp-block-list\"><li>In der n\u00e4chsten Folge wollen einen kleinen Jahresr\u00fcckblick wagen<\/li><li>Unser erstes halbes Podcast Jahr geht zu Ende<\/li><li>Es ist eine globale Pandemie ausgebrochen, was wir auch in unserer <a href=\"https:\/\/www.datenleben.de\/index.php\/2020\/07\/25\/dl002-coronadaten\/\">zweiten Folge<\/a> thematisiert haben<\/li><li>Die Pr\u00e4sidentschaftswahl in den USA hat stattgefunden und die allermeisten sehr mitgerissen<\/li><li>Helena wird ein wenig was zu Data Science Themen 2020 erz\u00e4hlen<\/li><li>Das sind so ein paar Dinge, \u00fcber die wir reden und auch was uns vielleicht im n\u00e4chsten Jahr erwartet<\/li><\/ul>\n\n\n\n<h3 class=\"wp-block-heading\">Call to Action (00:55:06)<\/h3>\n\n\n\n<ul class=\"wp-block-list\"><li>Wenn ihr uns weiter h\u00f6ren m\u00f6chtet, k\u00f6nnt ihr uns abonnieren<\/li><li>Folgt uns gerne auf Twitter unter <a href=\"https:\/\/twitter.com\/datenleben\">@datenleben<\/a><\/li><li>Oder besucht unsere Webseite: <a href=\"https:\/\/www.datenleben.de\/\">www.datenleben.de<\/a><\/li><li>Hinterlasst uns Feedback wenn ihr m\u00f6gt, wir w\u00fcrden uns dar\u00fcber sehr freuen<\/li><li>Habt ihr Fragen oder Themen, die euch interessieren? Dann schreibt uns!<\/li><\/ul>\n\n\n\n<h3 class=\"wp-block-heading\">Outro (00:55:57)<\/h3>\n\n\n\n<h3 class=\"wp-block-heading\">Schlagworte zur Folge<\/h3>\n\n\n\n<p>Messverfahren, Temperaturmessungen, Temperatur, Klima, globale Erw\u00e4rmung, Satelliten, Wassertemperatur<\/p>\n\n\n\n<h3 class=\"wp-block-heading\">Quellen<\/h3>\n\n\n\n<ul class=\"wp-block-list\"><li><a href=\"https:\/\/ethz.ch\/de\/news-und-veranstaltungen\/eth-news\/news\/2020\/10\/blick-zurueck-ins-klima-der-zukunft.html\">ETH Z\u00fcrich, Peter R\u00fcegg: Blick zur\u00fcck auf das Klima der Zukunft<\/a><\/li><li><a href=\"https:\/\/www.quarks.de\/umwelt\/klimawandel\/warum-die-angabe-einer-globalen-durchschnittstemperatur-unsinnig-ist\/#:~:text=Um%20die%20exakte%20Temperatur%20auf,man%20dann%20150%20Billionen%20Thermometer\">Quarks: Warum eine globale Durchschnittstemperatur unsinnig ist<\/a><\/li><li><a href=\"https:\/\/www.youtube.com\/watch?v=hqhh8e6J7lE\">Youtube, NASAEarthObservatory: Modern Global Temperature<\/a><\/li><li><a href=\"https:\/\/www.spektrum.de\/kolumne\/verwirrspiel-um-die-globale-mitteltemperatur\/1548343\">Spektrum, Stefan Rahmstorf: Verwirrspiel um die globale Mitteltemperatur<\/a><\/li><li><a href=\"https:\/\/de.wikipedia.org\/wiki\/Quecksilberthermometer\">Wikipedia: Quecksilberthermometer<\/a><\/li><li><a href=\"https:\/\/www.dwd.de\/DE\/service\/lexikon\/Functions\/glossar.html;jsessionid=42B88BB2194DBEF9C5BF7DEC283B6A70.live11054?lv2=101640&amp;lv3=101778\">Deutscher Wetterdienst, Wetterlexikon: Mikroklima<\/a><\/li><li><a href=\"http:\/\/www.pik-potsdam.de\/~stefan\/Publications\/Book_chapters\/der_klimawandel_kapitel2.pdf\">Stefan Rahmstorf und Hans Joachim Schellnhuber: Der Klimawandel, hier S. 36.<\/a><\/li><li><a href=\"https:\/\/de.wikipedia.org\/wiki\/Maxwell-Boltzmann-Verteilung\">Wikipedia: Maxwell-Bolzmann-Verteilung<\/a><\/li><li><a href=\"https:\/\/www.d-copernicus.de\/daten\/satelliten\/satelliten-details\/news\/tandem-x\/?tx_news_pi1%5Bcontroller%5D=News&amp;tx_news_pi1%5Baction%5D=detail&amp;cHash=fdd3c044296e5daea68e8ae4e423d77e\">Copernicus: Mission TanDEM-X<\/a><\/li><li><a href=\"https:\/\/twitter.com\/NASAEarth\/status\/1326205637257261058?s=20\">Twitter, @NASAEarth: GRACE-FO uses two satellites flying in line together<\/a><\/li><\/ul>\n","protected":false},"author":2,"featured_media":300,"comment_status":"open","ping_status":"open","template":"","meta":{"footnotes":""},"tags":[],"class_list":["post-301","podcast","type-podcast","status-publish","has-post-thumbnail","hentry","post"],"_links":{"self":[{"href":"https:\/\/www.datenleben.de\/index.php\/wp-json\/wp\/v2\/episodes\/301","targetHints":{"allow":["GET"]}}],"collection":[{"href":"https:\/\/www.datenleben.de\/index.php\/wp-json\/wp\/v2\/episodes"}],"about":[{"href":"https:\/\/www.datenleben.de\/index.php\/wp-json\/wp\/v2\/types\/podcast"}],"author":[{"embeddable":true,"href":"https:\/\/www.datenleben.de\/index.php\/wp-json\/wp\/v2\/users\/2"}],"replies":[{"embeddable":true,"href":"https:\/\/www.datenleben.de\/index.php\/wp-json\/wp\/v2\/comments?post=301"}],"version-history":[{"count":6,"href":"https:\/\/www.datenleben.de\/index.php\/wp-json\/wp\/v2\/episodes\/301\/revisions"}],"predecessor-version":[{"id":307,"href":"https:\/\/www.datenleben.de\/index.php\/wp-json\/wp\/v2\/episodes\/301\/revisions\/307"}],"wp:featuredmedia":[{"embeddable":true,"href":"https:\/\/www.datenleben.de\/index.php\/wp-json\/wp\/v2\/media\/300"}],"wp:attachment":[{"href":"https:\/\/www.datenleben.de\/index.php\/wp-json\/wp\/v2\/media?parent=301"}],"wp:term":[{"taxonomy":"post_tag","embeddable":true,"href":"https:\/\/www.datenleben.de\/index.php\/wp-json\/wp\/v2\/tags?post=301"}],"curies":[{"name":"wp","href":"https:\/\/api.w.org\/{rel}","templated":true}]}}