{"id":414,"date":"2021-05-22T12:00:59","date_gmt":"2021-05-22T10:00:59","guid":{"rendered":"podlove-2021-05-17t13:04:59+00:00-0aeb0c3f350db0e"},"modified":"2021-05-17T15:35:58","modified_gmt":"2021-05-17T13:35:58","slug":"dl014-waldbraende","status":"publish","type":"podcast","link":"https:\/\/www.datenleben.de\/index.php\/2021\/05\/22\/dl014-waldbraende\/","title":{"rendered":"dl014: waldbr\u00e4nde"},"content":{"rendered":"\n\t\t\n            <div class=\"podlove-web-player intrinsic-ignore podlove-web-player-loading\" id=\"player-69f2ec4768e6c\"><root data-test=\"player--xl\" style=\"max-width:950px;min-width:260px;\">\n  <div class=\"tablet:px-6 tablet:pt-6 mobile:px-4 mobile:pt-4 flex flex-col\">\n    <div class=\"flex-col items-center mobile:flex tablet:hidden\">\n      <show-title class=\"text-sm\"><\/show-title>\n      <episode-title class=\"text-base mb-2\"><\/episode-title>\n      <subscribe-button class=\"mb-4 mobile:flex tablet:hidden\"><\/subscribe-button>\n      <poster class=\"rounded-sm w-48 shadow overflow-hidden\"><\/poster>\n      <divider class=\"w-full my-6\"><\/divider>\n    <\/div>\n\n    <div class=\"tablet:flex flex-grow\">\n      <div class=\"w-64 mobile:hidden tablet:block tablet:mr-6\">\n        <poster class=\"rounded-sm shadow overflow-hidden\"><\/poster>\n      <\/div>\n      <div class=\"w-full\">\n        <div class=\"hidden tablet:block\">\n          <show-title class=\"text-base\"><\/show-title>\n          <episode-title class=\"text-xl desktop:text-2xl\"><\/episode-title>\n          <divider class=\"w-full my-4\"><\/divider>\n        <\/div>\n        <div class=\"flex items-center justify-between\">\n          <div class=\"block\">\n            <play-state on=\"active\">\n              <speed-control class=\"flex items-center\"><\/speed-control>\n            <\/play-state>\n          <\/div>\n\n          <div class=\"flex\">\n            <play-state on=\"active\">\n              <chapter-previous class=\"mx-2 block\"><\/chapter-previous>\n            <\/play-state>\n            <play-state on=\"active\">\n              <step-backward class=\"mx-2 block\"><\/step-backward>\n            <\/play-state>\n\n            <play-button class=\"mx-2 block\" :label=\"$t('PLAYER.PLAY_EPISODE')\"><\/play-button>\n\n            <play-state on=\"active\">\n              <step-forward class=\"mx-2 block\"><\/step-forward>\n            <\/play-state>\n            <play-state on=\"active\">\n              <chapter-next class=\"mx-2 block\"><\/chapter-next>\n            <\/play-state>\n          <\/div>\n\n          <div class=\"block\">\n            <play-state on=\"active\">\n              <volume-control class=\"flex items-center\"><\/volume-control>\n            <\/play-state>\n          <\/div>\n        <\/div>\n        <div class=\"flex w-full\">\n          <progress-bar><\/progress-bar>\n        <\/div>\n        <div class=\"flex w-full -mt-2\">\n          <div class=\"w-3\/12 text-left\">\n            <timer-current class=\"text-sm\"><\/timer-current>\n          <\/div>\n          <div class=\"w-6\/12 text-center truncate\">\n            <play-state on=\"active\">\n              <current-chapter class=\"text-sm\"><\/current-chapter>\n            <\/play-state>\n          <\/div>\n          <div class=\"w-3\/12 text-right\">\n            <timer-duration class=\"text-sm\"><\/timer-duration>\n          <\/div>\n        <\/div>\n      <\/div>\n    <\/div>\n    <divider class=\"w-full mt-6 mb-3\"><\/divider>\n    <div class=\"flex justify-between\">\n      <div class=\"flex mobile:w-full tablet:w-3\/12 desktop:w-3\/12 justify-between\">\n        <tab-trigger tab=\"chapters\">\n          <icon type=\"chapter\"><\/icon>\n        <\/tab-trigger>\n        <tab-trigger tab=\"transcripts\">\n          <icon type=\"transcripts\"><\/icon>\n        <\/tab-trigger>\n        <tab-trigger tab=\"files\">\n          <icon type=\"download\"><\/icon>\n        <\/tab-trigger>\n        <tab-trigger tab=\"playlist\">\n          <icon type=\"playlist\"><\/icon>\n        <\/tab-trigger>\n        <tab-trigger tab=\"share\">\n          <icon type=\"share\"><\/icon>\n        <\/tab-trigger>\n      <\/div>\n      <subscribe-button class=\"mt-1 mobile:hidden tablet:flex\"><\/subscribe-button>\n    <\/div>\n  <\/div>\n  <div class=\"w-full relative overflow-hidden\">\n    <tab name=\"chapters\">\n      <tab-chapters><\/tab-chapters>\n    <\/tab>\n    <tab name=\"transcripts\">\n      <tab-transcripts><\/tab-transcripts>\n    <\/tab>\n    <tab name=\"files\">\n      <tab-files><\/tab-files>\n    <\/tab>\n    <tab name=\"playlist\">\n      <tab-playlist><\/tab-playlist>\n    <\/tab>\n    <tab name=\"share\">\n      <tab-share><\/tab-share>\n    <\/tab>\n    <tab-overflow><\/tab-overflow>\n  <\/div>\n  <error><\/error>\n<\/root>\n<\/div>\n            <script>\n              document.addEventListener(\"DOMContentLoaded\", function() {\n                var player = document.getElementById(\"player-69f2ec4768e6c\");\n                podlovePlayerCache.add([{\"url\":\"https:\\\/\\\/www.datenleben.de\\\/index.php\\\/wp-json\\\/podlove-web-player\\\/shortcode\\\/publisher\\\/414\",\"data\":{\"version\":5,\"show\":{\"title\":\"datenleben\",\"subtitle\":\"der podcast \\u00fcber data science\",\"summary\":\"Was ist Data Science? Was bedeuten die Daten f\\u00fcr unser Leben? Woher kommen sie und wozu werden sie benutzt?\\r\\nDas sind alles Fragen, mit denen wir uns auseinander setzen werden.\\r\\nWer schon immer mehr \\u00fcber Daten und deren Effekt auf unser Leben wissen wollte, ist hier genau richtig.\",\"poster\":\"https:\\\/\\\/www.datenleben.de\\\/podlove\\\/image\\\/687474703a2f2f7777772e646174656e6c6562656e2e64652f77702d636f6e74656e742f75706c6f6164732f323032302f30362f636f7665722e706e67\\\/500\\\/0\\\/0\\\/datenleben\",\"link\":\"https:\\\/\\\/www.datenleben.de\"},\"title\":\"dl014: waldbr\\u00e4nde\",\"subtitle\":\"Wie h\\u00e4ngen Waldbr\\u00e4nde und die Klimakrise zusammen?\",\"summary\":\"In dl007: klimadaten haben wir uns verschiedene Themen rund ums Klima und interessante Daten angesehen, in dieser Folge steigen wir jetzt in das n\\u00e4chste Thema etwas tiefer ein: Waldbr\\u00e4nde. Es werden immer mehr katastrophale Waldbr\\u00e4nde verzeichnet. Neben dem Menschen als Ausl\\u00f6ser sind f\\u00fcr die schlimmen Ausma\\u00dfe aber auch Trockenheit, Temperaturanstiege und D\\u00fcrren verantwortlich. Zum Einstieg gibt es kurz nochmal einige Zahlen \\u00fcber Waldbr\\u00e4nde der letzten Jahre und dann nehmen wir uns zwei Themen in den Blick, n\\u00e4mlich: Feuerwetter und Trockenheit. Abschlie\\u00dfend geht es um Feinstaub durch Waldbr\\u00e4nde und wie man die sogar selbst messen k\\u00f6nnte.\",\"publicationDate\":\"2021-05-22T12:00:59+02:00\",\"duration\":\"00:46:17.313\",\"poster\":\"https:\\\/\\\/www.datenleben.de\\\/wp-content\\\/cache\\\/podlove\\\/6d\\\/af606bb5674494acc04a647f41d062\\\/dl014-waldbraende_500x.png\",\"link\":\"https:\\\/\\\/www.datenleben.de\\\/index.php\\\/2021\\\/05\\\/22\\\/dl014-waldbraende\\\/\",\"chapters\":[{\"start\":\"00:00:00.000\",\"title\":\"Intro\",\"href\":\"\",\"image\":\"\"},{\"start\":\"00:00:18.452\",\"title\":\"Thema des Podcasts\",\"href\":\"\",\"image\":\"\"},{\"start\":\"00:00:37.934\",\"title\":\"Thema der Folge\",\"href\":\"\",\"image\":\"\"},{\"start\":\"00:01:51.968\",\"title\":\"Warum ist das Thema wichtig und interessant?\",\"href\":\"\",\"image\":\"\"},{\"start\":\"00:03:51.062\",\"title\":\"Einspieler: Der Wald und das Feuer\",\"href\":\"\",\"image\":\"\"},{\"start\":\"00:06:56.825\",\"title\":\"Wie steht es um die Feuerstatistiken?\",\"href\":\"\",\"image\":\"\"},{\"start\":\"00:09:54.531\",\"title\":\"Fire Weather: Wie h\\u00e4ngen Klima und Waldbr\\u00e4nde zusammen?\",\"href\":\"\",\"image\":\"\"},{\"start\":\"00:17:43.855\",\"title\":\"Hat vielleicht der Monsun Einfluss auf Waldbr\\u00e4nde?\",\"href\":\"\",\"image\":\"\"},{\"start\":\"00:20:57.329\",\"title\":\"Trockenheit: Wie wirkt sie sich bei Waldbr\\u00e4nden aus?\",\"href\":\"\",\"image\":\"\"},{\"start\":\"00:30:10.415\",\"title\":\"Feinstaubsensoren: K\\u00f6nnen sie weltweit Waldbr\\u00e4nde registrieren?\",\"href\":\"\",\"image\":\"\"},{\"start\":\"00:38:59.967\",\"title\":\"Wollt ihr mit uns Feinstaub messen?\",\"href\":\"\",\"image\":\"\"},{\"start\":\"00:42:14.121\",\"title\":\"Fazit\",\"href\":\"\",\"image\":\"\"},{\"start\":\"00:44:17.739\",\"title\":\"N\\u00e4chste Folge: Wahlumfragen am 19.06.2021\",\"href\":\"\",\"image\":\"\"},{\"start\":\"00:45:13.943\",\"title\":\"Call to Action\",\"href\":\"\",\"image\":\"\"},{\"start\":\"00:46:05.285\",\"title\":\"Outro\",\"href\":\"\",\"image\":\"\"}],\"audio\":[{\"url\":\"https:\\\/\\\/www.datenleben.de\\\/podlove\\\/file\\\/26\\\/s\\\/webplayer\\\/c\\\/website\\\/DL014_Waldbraende.mp3\",\"size\":\"48283887\",\"title\":\"MP3 Audio (mp3)\",\"mimeType\":\"audio\\\/mpeg\"}],\"files\":[{\"url\":\"https:\\\/\\\/www.datenleben.de\\\/podlove\\\/file\\\/26\\\/s\\\/webplayer\\\/DL014_Waldbraende.mp3\",\"size\":\"48283887\",\"title\":\"MP3 Audio\",\"mimeType\":\"audio\\\/mpeg\"}]}}, {\"url\":\"https:\\\/\\\/www.datenleben.de\\\/index.php\\\/wp-json\\\/podlove-web-player\\\/shortcode\\\/config\\\/default\\\/theme\\\/datenleben\",\"data\":{\"activeTab\":\"chapters\",\"subscribe-button\":null,\"share\":{\"channels\":[\"link\",\"facebook\",\"twitter\",\"whats-app\",\"linkedin\",\"pinterest\",\"xing\",\"mail\"],\"outlet\":\"https:\\\/\\\/www.datenleben.de\\\/wp-content\\\/plugins\\\/podlove-web-player\\\/web-player\\\/share.html\",\"sharePlaytime\":true},\"related-episodes\":{\"source\":\"disabled\",\"value\":null},\"version\":5,\"theme\":{\"tokens\":{\"brand\":\"#fff\",\"brandDark\":\"#fff\",\"brandDarkest\":\"#000\",\"brandLightest\":\"#8cc240\",\"shadeDark\":\"#807E7C\",\"shadeBase\":\"#807E7C\",\"contrast\":\"#000\",\"alt\":\"#8cc240\"},\"fonts\":{\"ci\":{\"name\":\"ci\",\"family\":[\"-apple-system\",\"BlinkMacSystemFont\",\"Segoe UI\",\"Roboto\",\"Helvetica\",\"Arial\",\"sans-serif\",\"Apple Color Emoji\",\"Segoe UI Emoji\\\", \\\"Segoe UI Symbol\"],\"src\":[],\"weight\":800},\"regular\":{\"name\":\"regular\",\"family\":[\"-apple-system\",\"BlinkMacSystemFont\",\"Segoe UI\",\"Roboto\",\"Helvetica\",\"Arial\",\"sans-serif\",\"Apple Color Emoji\",\"Segoe UI Emoji\\\", \\\"Segoe UI Symbol\"],\"src\":[],\"weight\":300},\"bold\":{\"name\":\"bold\",\"family\":[\"-apple-system\",\"BlinkMacSystemFont\",\"Segoe UI\",\"Roboto\",\"Helvetica\",\"Arial\",\"sans-serif\",\"Apple Color Emoji\",\"Segoe UI Emoji\\\", \\\"Segoe UI Symbol\"],\"src\":[],\"weight\":700}}},\"base\":\"https:\\\/\\\/www.datenleben.de\\\/wp-content\\\/plugins\\\/podlove-web-player\\\/web-player\\\/\"}}]);\n                podlovePlayer(player, \"https:\/\/www.datenleben.de\/index.php\/wp-json\/podlove-web-player\/shortcode\/publisher\/414\", \"https:\/\/www.datenleben.de\/index.php\/wp-json\/podlove-web-player\/shortcode\/config\/default\/theme\/datenleben\").then(function() {\n                  player && player.classList.remove(\"podlove-web-player-loading\");\n                });\n              });\n            <\/script>\n            <style>\n              .podlove-web-player.podlove-web-player-loading {\n                opacity: 0;\n              }\n            <\/style>\n        \n\t\n\t\t\n<h3>Intro (00:00:00)<\/h3>\n<h3>Thema des Podcasts (00:00:18)<\/h3>\n<p>Willkommen zu unserer vierzehnten Folge beim datenleben-Podcast, dem Podcast \u00fcber Data Science.<br \/>\nWir sind Helena und Janine und m\u00f6chten euch die Welt der Daten n\u00e4her bringen.<br \/>\nEs wird immer wichtiger Daten in das Gro\u00dfe Ganze einzuordnen zu k\u00f6nnen.<br \/>\nIn unserem Podcast wollen wir deswegen Data Science anhand von Themen erkl\u00e4ren, die uns alle betreffen.<\/p>\n<h3>Thema der Folge (00:00:38)<\/h3>\n<ul>\n<li>In <a href=\"https:\/\/www.datenleben.de\/index.php\/2020\/11\/07\/dl007-klimadaten\/\">Folge 7 haben wir verschiedene Klimadaten vorgestellt<\/a>, die wir uns mal genauer ansehen wollen <\/li>\n<li>Heute m\u00f6chten wir uns das n\u00e4chste Thema aus den Klimadaten genauer ansehen: Waldbr\u00e4nde <\/li>\n<li>Es werden immer mehr katastrophale Waldbr\u00e4nde verzeichnet, oft von Menschen verursacht<\/li>\n<li>Trockenheit, Temperaturanstiege und D\u00fcrre sind wesentliche Gr\u00fcnde daf\u00fcr <\/li>\n<li>Zum Einstieg gibt es kurz nochmal einige Zahlen \u00fcber Waldbr\u00e4nde der letzten Jahre<\/li>\n<li>Und dann nehmen wir uns zwei Themen in den Blick, n\u00e4mlich: Feuerwetter und Trockenheit <\/li>\n<li>Abschlie\u00dfend geht es um Feinstaub durch Waldbr\u00e4nde und wie man die sogar selbst messen k\u00f6nnte<\/li>\n<\/ul>\n<h3>Warum ist das Thema wichtig und interessant? (00:01:52)<\/h3>\n<ul>\n<li>Weil es h\u00e4ufiger vorkommt, dass gro\u00dfe Feuer viel Natur und Lebensraum auf einen Schlag zerst\u00f6ren<\/li>\n<li>Aktuell kennen wir Waldbr\u00e4nde vor allem aus den USA und Australien, aber auch Brasilien<\/li>\n<li>H\u00e4lt der Trend an, dehnt sich die Feuersaison in S\u00fcdeuropa aus, in den USA teils ganzj\u00e4hrigen sein<\/li>\n<li>Waldbr\u00e4nde werden nicht mit dem Klimawandel schlimmer, sondern k\u00f6nnen ihn auch beschleunigen<\/li>\n<li>Mehr CO2-Aussto\u00df, <a href=\"https:\/\/www.theguardian.com\/world\/2020\/jan\/02\/new-zealand-glaciers-turn-brown-from-australian-bushfires-smoke-ash-and-dust\">Ru\u00dfpartikel auf Gletschern<\/a> minimieren den Effekt der Sonnenr\u00fcckstrahlung<\/li>\n<li>Schneller schmelzende Gletscher k\u00f6nnen zum Meeresspiegelanstieg beitragen<\/li>\n<\/ul>\n<h3>Einspieler: Der Wald und das Feuer (00:03:51)<\/h3>\n<ul>\n<li>Der Wald brennt, ein Feuer breitet sich rasend aus in der dichter bewachsenen Waldlandschaft<\/li>\n<li>Einerseits wird das Feuer als Teil des \u00d6kosystems und seines Kreislaufs begriffen<\/li>\n<li>Andererseits kann es verheerende Ausma\u00dfe annehmen<\/li>\n<li>Feuer - als Gestalter des \u00d6kosystems - vernichtet abgestorbenes Material, erzeugt Fl\u00e4chen, die von Pionierpflanzen neu erobert werden k\u00f6nnen, einige Pflanzen wollen Hitze, um keimen zu k\u00f6nnen (Vgl. Suzuki &amp; Grady: Der Baum. Eine Biografie)<\/li>\n<li>Bei der <a href=\"https:\/\/www.waldwissen.net\/de\/waldwirtschaft\/schadensmanagement\/waldbrand\/waldbraende-fuer-artenvielfalt\">Feuer\u00f6kologie<\/a>, werden gezielt Bodenfeuer durchgef\u00fchrt<\/li>\n<li>Unkontrollierte Feuer richten allerdings viel, sehr viel Schaden an, vor allem, wenn der ganze Wald mitsamt den Baumkronen in Flammen steht<\/li>\n<li>Manche meinen, dass eine positive Beeinflussung des \u00d6kosystems durch Br\u00e4nde ein Trugschluss ist<\/li>\n<li>Die Natur hat sich nur notgedrungen an die menschliche Praxis der Brandrodung angepasst<\/li>\n<li>Beispiel Australien: Menschen passen seit 50000 Jahren das \u00d6kosystem nach ihren Vorlieben an<\/li>\n<li>In einem nat\u00fcrlich gewachsenen \u00d6kosystem, kommt es seltener zu so verheerenden Br\u00e4nden <\/li>\n<li>Ungleichgewicht durch den Menschen: <a href=\"https:\/\/www.geo.de\/natur\/oekologie\/23037-rtkl-peter-wohlleben-waldbraende-nuetzen-der-natur-eine-gefaehrliche\">Rodung, Ackerbau und Forstwirtschaft mit Monokulturen<\/a><\/li>\n<li>Das durch den Menschen beeinflusste Klima ist ebenfalls ein Ausl\u00f6ser f\u00fcr schlimmere Waldbr\u00e4nde<\/li>\n<li>Mehr Trockenheit der Vegetation, geringere Bodenfeucht = Widerstandsf\u00e4higkeit der Natur schwindet<\/li>\n<li>Es gibt das notwendige Gleichgewicht aktuell nicht<\/li>\n<li>Wir sollten uns das bewusst machen und versuchen die Prozesse zu verstehen<\/li>\n<\/ul>\n<h3>Wie steht es um die Feuerstatistiken? (00:06:56)<\/h3>\n<ul>\n<li>Feuerstatistiken aus Kalifornien: <a href=\"https:\/\/www.fire.ca.gov\/stats-events\/\">https:\/\/www.fire.ca.gov\/stats-events\/<\/a><\/li>\n<li>5-Jahresmittel Kalifornien: 2003-2007 verbrannten 750.000 Acres, 2014-2018 1,1 Millionen Acres<\/li>\n<li>Man kann sagen das 5-Jahresmittel ist inzwischen noch weiter angestiegen<\/li>\n<li>Das gesamte Jahr 2020: Es ist doppelt so viel Fl\u00e4che verbrannt wie in den Jahresrekorden zuvor<\/li>\n<li><a href=\"https:\/\/de.wikipedia.org\/wiki\/Buschbr%C3%A4nde_in_Australien_2019\/2020\">Buschbr\u00e4nde in Australien<\/a>, die von Juni 2019 bis M\u00e4rz 2020 <a href=\"https:\/\/www.theguardian.com\/australia-news\/2019\/dec\/25\/factcheck-why-australias-monster-2019-bushfires-are-unprecedented\">viel zerst\u00f6rt haben<\/a><\/li>\n<li>In der vorletzten Saison sind dort 5 Millionen Hektar niedergebrannt<\/li>\n<li>Das bedeutet in 10 Jahren eine Zunahme um die H\u00e4lfte<\/li>\n<li><a href=\"https:\/\/www.klimareporter.de\/erdsystem\/der-klimawandel-als-brandbeschleuniger\">Klimareporter<\/a> hat dar\u00fcber berichtet, dass sich 15 der 20 zerst\u00f6rerischsten Br\u00e4nde in Kalifornien seit dem Jahr 2000 ereigneten haben<\/li>\n<li>Das hei\u00dft das Intervall zwischen solchen Brandkatastrophen wird immer k\u00fcrzer<\/li>\n<\/ul>\n<h3>Fire Weather: Wie h\u00e4ngen Klima und Waldbr\u00e4nde zusammen? (00:09:54)<\/h3>\n<ul>\n<li>Was ist jetzt eigentlich der Einfluss des Klimas auf Waldbr\u00e4nde?<\/li>\n<li>Quantit\u00e4t und Qualit\u00e4t der Feuer werden mit wachsender Klimakrise schlimmer<\/li>\n<li>Der Mensch tr\u00e4gt mit dem <a href=\"https:\/\/www.ipcc.ch\/site\/assets\/uploads\/2018\/02\/ar4_syr_spm.pdf\">menschengemachten Klimawandel<\/a> viel dazu bei<\/li>\n<li>Das Handeln der Menschen st\u00f6rt das gesamte Klimasystem der Erde, dass immer h\u00e4ufiger die globalen Bedingungen f\u00fcr katastrophale Waldbr\u00e4nde vorliegen<\/li>\n<li>Es gibt einen Forschungsbereich, der sich damit besch\u00e4ftigt: mit dem Fire Weather (Feuerwetter)<\/li>\n<li>Damit k\u00f6nnen Aussagen \u00fcber die Ausgangsbedingungen f\u00fcr das Auftreten von Br\u00e4nden getroffen und entsprechende Warnungen rausgegeben werden<\/li>\n<li>F\u00fcr die USA wird das zum Beispiel vom <a href=\"https:\/\/www.weather.gov\/fire\/\">Nationalen Wetter Dienst<\/a> \u00fcbernommen<\/li>\n<li>Man spricht von <a href=\"https:\/\/sciencebrief.org\/uploads\/reviews\/ScienceBrief_Review_WILDFIRES_Sep2020.pdf\">Fire Weather<\/a>, wenn die Feuerwahrscheinlichkeit sehr hoch ist<\/li>\n<li>Dazu betrachtet man verschiedene Parameter wie Feuchte, Trockenheit, Wind<\/li>\n<li>Es gibt mehr deutliche Beweise daf\u00fcr dass der Klimawandel die H\u00e4ufigkeit von 'fire weather' erh\u00f6ht<\/li>\n<li>Grund ist: Eine Kombination aus h\u00f6heren Temperaturen, geringerer Luftfeuchte, weniger Regen und starken Winden<\/li>\n<li>Weil Extramwetter zunehmen, nehmen auch D\u00fcrren und starke Winde zu, und Winde erh\u00f6hen die Ausbreitungsgeschwindigkeit f\u00fcr Feuer<\/li>\n<li>Eine Fire Season (also die Feuersaison) ist der Zeitraum, in dem an vielen Tagen hintereinander die Feuerwahrscheinlichkeit erh\u00f6ht ist<\/li>\n<li>Aussicht Feuersaison 2021: Das Fire Weather Research Laboratory der San Jose State University gibt f\u00fcr <a href=\"https:\/\/twitter.com\/FireWeatherLab\/status\/1379117042897391621\">Blackberry Hill an, dass es schlimm werden k\u00f6nnte dieses Jahr<\/a><\/li>\n<li>Dort ist es <a href=\"https:\/\/twitter.com\/tony_wx\/status\/1379261859828690946\">so trocken wie sonst nie<\/a> f\u00fcr die aktuelle Jahreszeit<\/li>\n<li>Auf dieser Karte wird gezeigt, wie sich die L\u00e4nge der Feuersaison global ver\u00e4ndert hat (1979-2019)<\/li>\n<\/ul>\n<p><a href=\"http:\/\/www.datenleben.de\/wp-content\/uploads\/2021\/05\/fireseason1979-2019.png\"><img decoding=\"async\" src=\"http:\/\/www.datenleben.de\/wp-content\/uploads\/2021\/05\/fireseason1979-2019.png\" alt=\"\" \/><\/a><\/p>\n<ul>\n<li>Man sieht global insgesamt einen Anstieg, aber nicht an jedem Ort gleich, es gibt auch Regionen, in denen die Fire Weather Season sogar k\u00fcrzer wurd<\/li>\n<li>F\u00fcr Kalifornien sieht man sehr deutlich, dass die L\u00e4nge um 20 bis \u00fcber 40 Tage zugenommen hat <\/li>\n<li>Aber auch in Brasilien, Australien, Ost-Afrika, S\u00fcd-Europa<\/li>\n<li>Abgenommen hat die Fire Weather Season rund um Indien und Myanmar um 20-25 Tage<\/li>\n<li>Auch hier gilt: Die Klimakrise wirkt sich lokal unterschiedlich aus, aber warum genau dort so?<\/li>\n<\/ul>\n<h3>Hat vielleicht der Monsun Einfluss auf Waldbr\u00e4nde? (00:17:43)<\/h3>\n<ul>\n<li>F\u00fcr das 20. Jahrhundert konnte gezeigt werden, dass sich <a href=\"https:\/\/wiki.bildungsserver.de\/klimawandel\/index.php\/Globaler_Monsun\">u.a. in Indien der Monsun ver\u00e4ndert hat<\/a><\/li>\n<li>Auch Monsun unterliegt nat\u00fcrlichen Schwankungen, aber bei der aktuellen Zunahme des Monsuns, geht man von anderen Faktoren aus:<\/li>\n<\/ul>\n<blockquote>\n<p>Die Zunahme der Niederschl\u00e4ge ist vor allem eine Folge des intensiveren hydrologischen Zyklus durch die h\u00f6here Temperatur. Durch die erh\u00f6hte Meeresoberfl\u00e4chentemperatur verst\u00e4rkt sich die Verdunstung und damit der Wasserdampfgehalt in der Atmosph\u00e4re, der dann kr\u00e4ftigere Monsunniederschl\u00e4ge speist (<a href=\"https:\/\/wiki.bildungsserver.de\/klimawandel\/index.php\/Globaler_Monsun\">Quelle<\/a>)<\/p>\n<\/blockquote>\n<ul>\n<li>Klimasystem ist komplex, daher k\u00f6nnen wir das jetzt nicht mit Bestimmtheit aufeinander beziehen<\/li>\n<li>Es sieht sehr nach einem Zusammenhang aus, vergleicht man die globalen Karten von Feuersaison und Monsunregionen damit, wo der Monsun schw\u00e4cher und wo er st\u00e4rker wird <\/li>\n<li>Der Monsun in der Nordhalbkugel wird eher st\u00e4rker, in der S\u00fcdhalbkugel eher schw\u00e4cher, f\u00fcr die Fire Weather Season ist das eher umgekehrt der Fall<\/li>\n<\/ul>\n<h3>Trockenheit: Wie wirkt sie sich bei Waldbr\u00e4nden aus? (00:)<\/h3>\n<ul>\n<li>Unter den Parametern des Fire Weathers tritt die Trockenheit in B\u00f6den und Vegetation stark hervor<\/li>\n<li>Vor allem ist das ein wesentlicher Punkt, der sich in Deutschland am st\u00e4rksten gewandelt hat <\/li>\n<li>Die ist nicht nur an Regenf\u00e4llen gekoppelt, sondern auch an Temperaturen und Windrichtungen<\/li>\n<li>Die st\u00e4rker werdende <a href=\"https:\/\/www.umweltbundesamt.de\/daten\/land-forstwirtschaft\/waldbraende\">D\u00fcrre erh\u00f6ht auch in Deutschland die Gefahr immer gr\u00f6\u00dferer Waldbr\u00e4nde<\/a><\/li>\n<li>Bodenfeuchte in Deutschland kann man zum Beispiel beim <a href=\"https:\/\/www.ufz.de\/index.php?de=37937\">D\u00fcrre Monitor des Helmholtz Zentrum f\u00fcr Umweltforschung<\/a> ansehen<\/li>\n<li>Zum Zeitpunkt der Aufnahme herrscht etwa im Osten Deutschlands extreme D\u00fcrre, teils sogar au\u00dfergew\u00f6hnliche D\u00fcrre<\/li>\n<li>Dennoch steht teils viel Wasser f\u00fcr Pflanzen zur Verf\u00fcgung, es werden n\u00e4mlich verschiedene Bodentiefen gemessen<\/li>\n<li>Viel Regen ist zwar erstmal gut f\u00fcr Pflanzen, aber hilft nicht sofort gegen D\u00fcrre tiefer im Boden<\/li>\n<li>D\u00fcrre ist ein wichtiger Faktor im <a href=\"https:\/\/www.dwd.de\/DE\/fachnutzer\/landwirtschaft\/dokumentationen\/allgemein\/wbx_erlaeuterungen.pdf?__blob=publicationFile&amp;v=11\">Waldbrandgefahrenindex<\/a>, er berechnet sich aus: I = H_c w u_f<\/li>\n<li>Basiert auf: Byram's Gleichung der Feuerintensit\u00e4t I,\n<ul>\n<li>H_c ist die Verbrennungsw\u00e4rme<\/li>\n<li>w das Gewicht brennbarer Biomasse<\/li>\n<li>u_f Laufgeschwindigkeit des Bodenfeuers<\/li>\n<\/ul>\n<\/li>\n<li>Letzters h\u00e4ngt vom Wind (und der Streufeuchte) ab, w\u00e4hrend w von der Streufeuchte, der Bodenfeuchte und der Blattfl\u00e4che abh\u00e4ngt<\/li>\n<li>Es gibt also einen Unterschied in den Jahreszeiten<\/li>\n<li>Die Feuerintensit\u00e4tsgleichung ist ein Modell <\/li>\n<li>Eingangsdaten sind Lufttemperatur, relative Luftfeuchte, Windgeschwindigkeit, Niederschlagsrate\/Schneemenge, kurz- und langwellige Strahlung (also Licht und UV-Licht) in der Atmosphare<\/li>\n<li>Daraus wird der Waldbrandgefahrenindex berechnet und in die Stufen 1 bis 5 \u00fcberf\u00fchrt<\/li>\n<li>Sonneneinstrahlung hei\u00dft: Es kommt aufgrund dieser Parameter zu Schwankungen je nach Tageszeit<\/li>\n<li>Auch spannnd Luftfeuchtigkeit: ein feuchter Westwind kann auch ohne Niederschlag den Index senken, im Gegensatz zu einem trockenen Wind vom Kontinent her (eher aus Osten)<\/li>\n<li>Trockenheit ist hier aber der gr\u00f6\u00dfte Faktor, der Deutsche Wetterdienst hat dazu auch offene Daten<\/li>\n<li>Die findet man hier: <a href=\"https:\/\/cdc.dwd.de\/portal\/202102121428\/index.html\">https:\/\/cdc.dwd.de\/portal\/202102121428\/index.html<\/a><\/li>\n<\/ul>\n<h3>Feinstaubsensoren: K\u00f6nnen sie weltweit Waldbr\u00e4nde registrieren? (00:30:10)<\/h3>\n<ul>\n<li>Letztes Jahr konnte man am Himmel Ver\u00e4nderungen (Farbe\/Licht) durch die Waldbr\u00e4nde sehen<\/li>\n<li>Die asche der Waldbr\u00e4nde ist von Kalifornien um den Globus gereist<\/li>\n<li>Das brachte Helena auf die Idee, mal zu schauen, ob Feinstaubsensoren das registrieren konnten<\/li>\n<li>Sie fand das Leibniz-Institut f\u00fcr Troposph\u00e4renforschung in Leipzig, das Messungen vornahm<\/li>\n<li>In <a href=\"https:\/\/www.tropos.de\/aktuelles\/pressemitteilungen\/neu\">Leipzig wurde die Rauchwolke \u00fcber Deutschland etwa vom 11.-14.09.2020 registriert<\/a><\/li>\n<li>Erh\u00f6hte Werte konnten in einer H\u00f6he von 10 (anfangs) bis 4km (gegen Ende) nachgewiesen werden <\/li>\n<li>Aber hatte das nicht vielleicht auch Einfluss auf uns am Boden? <\/li>\n<li>Es gibt ein Netz an privat betriebenen Feinstaubsensoren, deren Standorte und Daten in einer Karte zu sehen sind, hier zum Beispiel Leibzig: <a href=\"http:\/\/deutschland.maps.sensor.community\/#11\/51.3568\/12.3809\">http:\/\/deutschland.maps.sensor.community\/#11\/51.3568\/12.3809<\/a><\/li>\n<li>Die Daten kann man als csv-Datei runterladen und benutzen <\/li>\n<li>Gemessen wurde mit dem SDS011 Sensor, der viel in Citzenen Science Projekten eingesetzt wird<\/li>\n<li>Kann mit einem Raspberry Pi oder Arduino betrieben werden, Bauanleitungen unter: <a href=\"https:\/\/luftdaten.info\/\">luftdaten.info<\/a><\/li>\n<li>Feinstaubsensor misst 0-2.5\u03bcm Partikel und 2.5\u03bcm bis 10\u03bcm Partikel<\/li>\n<li>Helena hat sich unterschiedliche Sensoren in Leibzig rausgesucht (jeder Sensor hat eine ID)<\/li>\n<li>Von den Sensoren hat sie jeden Tag den Medianwert genommen<\/li>\n<li>Sensor 1 zeigte an den 4 Tagen je einen um 2 h\u00f6heren Wert, als an den Tagen davor: von 4 auf 6<\/li>\n<li>Sensor 2 zeigte die gleiche Erh\u00f6hung - aber auch andere Schwankungen an anderen Tagen<\/li>\n<li>Sensor 3, ganz anderer Teil Leibzigs, hat grunds\u00e4tzlich h\u00f6here Ausgangswerte, aber die gleiche Erh\u00f6hung gezeigt, von 18 auf 20 in den 4 Tagen <\/li>\n<li>Annahme: Es scheint aufgrund der gleichen Erh\u00f6hungen wahrscheinlich, dass das am Waldbrand liegt <\/li>\n<li>Aber es ist kein Beweis: wir wissen zu wenig \u00fcber die Aufstellung der Sensoren und Ereignisse im direkten Umfeld der Sensoren<\/li>\n<\/ul>\n<h3>Wollt ihr mit uns Feinstaub messen? (00:39:00)<\/h3>\n<ul>\n<li>Wir planen eine Folge zu Feinstaubsensoren und m\u00f6chten das mit euch zusammen machen<\/li>\n<li>Wer selbst einen Sensor betreibt oder Lust hat parallel mit uns einen zu bauen, kann mitmachen und uns eigene Daten spenden und selbst mit Daten spielen<\/li>\n<li>Plan: Helena und Janine bauen sich Feinstaubsensoren und messen in ihrer Stadt<\/li>\n<li>Wir wohnen in sehr verschiedenen Teilen der Stadt mit je anderer Umgebung (Bebauung, Stadtgr\u00fcn)<\/li>\n<li>Selbst messen und Auswerten hat den Vorteil: man kennt die Umgebung und wei\u00df um Ereignisse, die Einfluss auf die Messungen haben k\u00f6nnen <\/li>\n<li>Damit wir aber ein paar mehr Daten als nur unsere haben, k\u00f6nnt ihr uns gerne helfen!<\/li>\n<li>Demn\u00e4chst gibt es einen Blogpost, der alle Randdaten enth\u00e4lt wie ihr euch beteiligen k\u00f6nnt<\/li>\n<li>Zeitraum wird l\u00e4nger sein, weil wir das Feinstaubevent des Jahres mitnehmen wollen: Silvester!<\/li>\n<\/ul>\n<h3>Fazit (00:42:14)<\/h3>\n<ul>\n<li>Helena und Janine haben wieder einiges gelernt, z.B. das Fire Weather Konzept<\/li>\n<li>Eigentlich total logisch, aber nichts, wor\u00fcber man sich vorher so intensiv Gedanken gemacht hat<\/li>\n<li>Man kann vermutlich mit &quot;Spannung&quot; beobachten, wie sich durch die klimatischen Ver\u00e4nderungen eventuell noch andere Konzepte bilden oder wie sie immer wichtiger f\u00fcr uns werden<\/li>\n<li>Waldbr\u00e4nde sind definitiv ein wichtiges Thema, das uns beeinflusst, egal wo es brennt, es ist ein globales Problem und System, das wir auch politisch im Blick haben m\u00fcssten<\/li>\n<li>Beispiel: Konsumverhalten hinsichtlich von Produkten aus Brandrodungsgebieten etc.<\/li>\n<\/ul>\n<h3>N\u00e4chste Folge: Wahlumfragen am 19.06.2021 (00:44:17)<\/h3>\n<ul>\n<li>In diesem Jahr gibt es eine Bundestagswahl!<\/li>\n<li>Wir werfen daher einen Blick darauf, wie Wahlumfragen durchgef\u00fchrt werden und die Zahlen zu Stande kommen<\/li>\n<li>Hinter den Zahlen liegen n\u00e4mlich Modelle und keine Rohdaten, genau darauf wollen wir eingehen<\/li>\n<li>Und anschlie\u00dfend auch darauf, welchen Einfluss Wahlumfragen haben k\u00f6nnen<\/li>\n<\/ul>\n<h3>Call to Action (00:45:14)<\/h3>\n<ul>\n<li>Wenn ihr uns weiter h\u00f6ren m\u00f6chtet, folgt uns auf Twitter unter <a href=\"https:\/\/twitter.com\/datenleben\">@datenleben<\/a><\/li>\n<li>Oder besucht unsere Webseite: <a href=\"https:\/\/www.datenleben.de\/\">www.datenleben.de<\/a><\/li>\n<li>Hier wird dann auch der Blogpost zu der Feinstaubsensoren-Folge auftauchen (;<\/li>\n<li>Hinterlasst uns gerne Feedback, wir w\u00fcrden uns dar\u00fcber sehr freuen und empfehlt uns weiter<\/li>\n<li>Habt ihr Fragen oder Themen, die euch interessieren? Dann schreibt uns!<\/li>\n<\/ul>\n<h3>Outro (00:46:05)<\/h3>\n<h3>Schlagworte zur Folge<\/h3>\n<p>Klima, Waldbrand, Waldbr\u00e4nde, Klimakrise, Daten, Statistik, \u00d6kosystem, Trockenheit, D\u00fcrre, Feinstaub, Feinstaubsensor, Citizen Science <\/p>\n<h3>Quellen<\/h3>\n<ul>\n<li><a href=\"https:\/\/www.datenleben.de\/index.php\/2020\/11\/07\/dl007-klimadaten\/\">datenleben: dl007 klimadaten<\/a><\/li>\n<li><a href=\"https:\/\/www.theguardian.com\/world\/2020\/jan\/02\/new-zealand-glaciers-turn-brown-from-australian-bushfires-smoke-ash-and-dust\">The Guardian: New Zealand glaciers turn brown from Australian bushfires' smoke, ash and dust<\/a><\/li>\n<li>David Suzuki &amp; Wayne Grady: Der Baum. Eine Biografie. oekom Verlag, M\u00fcnchen 2012.<\/li>\n<li><a href=\"https:\/\/www.waldwissen.net\/de\/waldwirtschaft\/schadensmanagement\/waldbrand\/waldbraende-fuer-artenvielfalt\">Forstliche Versuchs- und Forschungsanstalt Baden-W\u00fcrttemberg: Waldbr\u00e4nde schaffen Artenvielfalt<\/a><\/li>\n<li><a href=\"https:\/\/www.geo.de\/natur\/oekologie\/23037-rtkl-peter-wohlleben-waldbraende-nuetzen-der-natur-eine-gefaehrliche\">GEO, Peter Wohlleben: Waldbr\u00e4nde n\u00fctzen der Natur? Eine gef\u00e4hrliche Sichtweise!<\/a><\/li>\n<li><a href=\"https:\/\/www.fire.ca.gov\/stats-events\/\">CA.gov: Fire, Stats and Events<\/a><\/li>\n<li><a href=\"https:\/\/de.wikipedia.org\/wiki\/Buschbr%C3%A4nde_in_Australien_2019\/2020\">Wikipedia: Buschbr\u00e4nde in Australien<\/a><\/li>\n<li><a href=\"https:\/\/www.theguardian.com\/australia-news\/2019\/dec\/25\/factcheck-why-australias-monster-2019-bushfires-are-unprecedented\">The Guardian: Yes, Australia has always had bushfires: but 2019 is like nothing we've seen before<\/a><\/li>\n<li><a href=\"https:\/\/www.klimareporter.de\/erdsystem\/der-klimawandel-als-brandbeschleuniger\">Klimareporter: Der Klimawandel als Brandbeschleuniger<\/a><\/li>\n<li><a href=\"https:\/\/www.ipcc.ch\/site\/assets\/uploads\/2018\/02\/ar4_syr_spm.pdf\"> Intergovernmental Panel on Climate Change: Climate Change 2007: Synthesis Report. Summary for Policymakers<\/a><\/li>\n<li><a href=\"https:\/\/www.weather.gov\/fire\/\">National Weather Service: Fire Weather<\/a><\/li>\n<li><a href=\"https:\/\/sciencebrief.org\/uploads\/reviews\/ScienceBrief_Review_WILDFIRES_Sep2020.pdf\">Science Brief: Climate Change Increases the Risk of Wildfires<\/a><\/li>\n<li><a href=\"https:\/\/twitter.com\/FireWeatherLab\/status\/1379117042897391621\">Twitter, @FireWeatherLab: Fire season 2021 is looking grim<\/a><\/li>\n<li><a href=\"https:\/\/twitter.com\/tony_wx\/status\/1379261859828690946\">Twitter, @tony_wx: FMC stands for fuel moisture content. The tweet is saying your bush is at a record dry for this time of year. Not a good sign for your next fire season.<\/a><\/li>\n<li><a href=\"https:\/\/wiki.bildungsserver.de\/klimawandel\/index.php\/Globaler_Monsun\">bildungsserver wiki, Klimawandel: Globaler Monsun<\/a><\/li>\n<li><a href=\"https:\/\/www.umweltbundesamt.de\/daten\/land-forstwirtschaft\/waldbraende\">Umweltbundesamt: Waldbr\u00e4nde<\/a><\/li>\n<li><a href=\"https:\/\/www.ufz.de\/index.php?de=37937\">Helmholtz Zentrum f\u00fcr Umweltforschung: D\u00fcrremonitor Deutschland<\/a><\/li>\n<li><a href=\"https:\/\/www.dwd.de\/DE\/fachnutzer\/landwirtschaft\/dokumentationen\/allgemein\/wbx_erlaeuterungen.pdf?__blob=publicationFile&amp;v=11\">Deutscher Wetterdienst: Waldbrandgefahrenindex WBI. Dokumentation<\/a><\/li>\n<li><a href=\"https:\/\/cdc.dwd.de\/portal\/202102121428\/index.html\">Deutscher Wetterdienst: CDC - Climate Data Center<\/a><\/li>\n<li><a href=\"https:\/\/www.tropos.de\/aktuelles\/pressemitteilungen\/neu\">Leibniz-Institut f\u00fcr Troposph\u00e4renforschung: Rauch von US-Waldbr\u00e4nden zieht \u00fcber Deutschland<\/a><\/li>\n<li><a href=\"http:\/\/deutschland.maps.sensor.community\/#11\/51.3568\/12.3809\">Sensor Community: Karte der Sensoren in Deutschland, hier Region um Leipzig<\/a><\/li>\n<li><a href=\"https:\/\/luftdaten.info\/\">luftdaten.info<\/a><\/li>\n<\/ul>\n<h3>Weiterf\u00fchrende Links<\/h3>\n<ul>\n<li><a href=\"https:\/\/firms.modaps.eosdis.nasa.gov\/map\/\">Globale Feuerkarte der NASA<\/a><\/li>\n<li><a href=\"https:\/\/www.umweltbundesamt.de\/themen\/trockenheit-in-deutschland-fragen-antworten\">Umweltbundesamt: Trockenheit in Deutschland \u2013 Fragen und Antworten<\/a><\/li>\n<li><a href=\"https:\/\/www.dwd.de\/DE\/leistungen\/besondereereignisse\/duerre\/20190712_trockenheit_juni_juli_2019.pdf?__blob=publicationFile&amp;v=1\">Deutscher Wetterdienst: Ursachen und Folgen der Trockenheit in Deutschland und Europa ab Juni 2019<\/a><\/li>\n<\/ul>\n","protected":false},"author":2,"featured_media":411,"comment_status":"open","ping_status":"open","template":"","meta":{"footnotes":""},"tags":[],"class_list":["post-414","podcast","type-podcast","status-publish","has-post-thumbnail","hentry","post"],"_links":{"self":[{"href":"https:\/\/www.datenleben.de\/index.php\/wp-json\/wp\/v2\/episodes\/414","targetHints":{"allow":["GET"]}}],"collection":[{"href":"https:\/\/www.datenleben.de\/index.php\/wp-json\/wp\/v2\/episodes"}],"about":[{"href":"https:\/\/www.datenleben.de\/index.php\/wp-json\/wp\/v2\/types\/podcast"}],"author":[{"embeddable":true,"href":"https:\/\/www.datenleben.de\/index.php\/wp-json\/wp\/v2\/users\/2"}],"replies":[{"embeddable":true,"href":"https:\/\/www.datenleben.de\/index.php\/wp-json\/wp\/v2\/comments?post=414"}],"version-history":[{"count":2,"href":"https:\/\/www.datenleben.de\/index.php\/wp-json\/wp\/v2\/episodes\/414\/revisions"}],"predecessor-version":[{"id":417,"href":"https:\/\/www.datenleben.de\/index.php\/wp-json\/wp\/v2\/episodes\/414\/revisions\/417"}],"wp:featuredmedia":[{"embeddable":true,"href":"https:\/\/www.datenleben.de\/index.php\/wp-json\/wp\/v2\/media\/411"}],"wp:attachment":[{"href":"https:\/\/www.datenleben.de\/index.php\/wp-json\/wp\/v2\/media?parent=414"}],"wp:term":[{"taxonomy":"post_tag","embeddable":true,"href":"https:\/\/www.datenleben.de\/index.php\/wp-json\/wp\/v2\/tags?post=414"}],"curies":[{"name":"wp","href":"https:\/\/api.w.org\/{rel}","templated":true}]}}