{"id":837,"date":"2023-12-16T12:00:51","date_gmt":"2023-12-16T11:00:51","guid":{"rendered":"podlove-2023-12-14t12:13:53+00:00-4a635634c0ad6d3"},"modified":"2023-12-15T13:38:26","modified_gmt":"2023-12-15T12:38:26","slug":"dl045-jahresrueckblick-2023","status":"publish","type":"podcast","link":"https:\/\/www.datenleben.de\/index.php\/2023\/12\/16\/dl045-jahresrueckblick-2023\/","title":{"rendered":"dl045: jahresr\u00fcckblick 2023"},"content":{"rendered":"\n\t\t\n            <div class=\"podlove-web-player intrinsic-ignore podlove-web-player-loading\" id=\"player-69f4aacadc1c5\"><root data-test=\"player--xl\" style=\"max-width:950px;min-width:260px;\">\n  <div class=\"tablet:px-6 tablet:pt-6 mobile:px-4 mobile:pt-4 flex flex-col\">\n    <div class=\"flex-col items-center mobile:flex tablet:hidden\">\n      <show-title class=\"text-sm\"><\/show-title>\n      <episode-title class=\"text-base mb-2\"><\/episode-title>\n      <subscribe-button class=\"mb-4 mobile:flex tablet:hidden\"><\/subscribe-button>\n      <poster class=\"rounded-sm w-48 shadow overflow-hidden\"><\/poster>\n      <divider class=\"w-full my-6\"><\/divider>\n    <\/div>\n\n    <div class=\"tablet:flex flex-grow\">\n      <div class=\"w-64 mobile:hidden tablet:block tablet:mr-6\">\n        <poster class=\"rounded-sm shadow overflow-hidden\"><\/poster>\n      <\/div>\n      <div class=\"w-full\">\n        <div class=\"hidden tablet:block\">\n          <show-title class=\"text-base\"><\/show-title>\n          <episode-title class=\"text-xl desktop:text-2xl\"><\/episode-title>\n          <divider class=\"w-full my-4\"><\/divider>\n        <\/div>\n        <div class=\"flex items-center justify-between\">\n          <div class=\"block\">\n            <play-state on=\"active\">\n              <speed-control class=\"flex items-center\"><\/speed-control>\n            <\/play-state>\n          <\/div>\n\n          <div class=\"flex\">\n            <play-state on=\"active\">\n              <chapter-previous class=\"mx-2 block\"><\/chapter-previous>\n            <\/play-state>\n            <play-state on=\"active\">\n              <step-backward class=\"mx-2 block\"><\/step-backward>\n            <\/play-state>\n\n            <play-button class=\"mx-2 block\" :label=\"$t('PLAYER.PLAY_EPISODE')\"><\/play-button>\n\n            <play-state on=\"active\">\n              <step-forward class=\"mx-2 block\"><\/step-forward>\n            <\/play-state>\n            <play-state on=\"active\">\n              <chapter-next class=\"mx-2 block\"><\/chapter-next>\n            <\/play-state>\n          <\/div>\n\n          <div class=\"block\">\n            <play-state on=\"active\">\n              <volume-control class=\"flex items-center\"><\/volume-control>\n            <\/play-state>\n          <\/div>\n        <\/div>\n        <div class=\"flex w-full\">\n          <progress-bar><\/progress-bar>\n        <\/div>\n        <div class=\"flex w-full -mt-2\">\n          <div class=\"w-3\/12 text-left\">\n            <timer-current class=\"text-sm\"><\/timer-current>\n          <\/div>\n          <div class=\"w-6\/12 text-center truncate\">\n            <play-state on=\"active\">\n              <current-chapter class=\"text-sm\"><\/current-chapter>\n            <\/play-state>\n          <\/div>\n          <div class=\"w-3\/12 text-right\">\n            <timer-duration class=\"text-sm\"><\/timer-duration>\n          <\/div>\n        <\/div>\n      <\/div>\n    <\/div>\n    <divider class=\"w-full mt-6 mb-3\"><\/divider>\n    <div class=\"flex justify-between\">\n      <div class=\"flex mobile:w-full tablet:w-3\/12 desktop:w-3\/12 justify-between\">\n        <tab-trigger tab=\"chapters\">\n          <icon type=\"chapter\"><\/icon>\n        <\/tab-trigger>\n        <tab-trigger tab=\"transcripts\">\n          <icon type=\"transcripts\"><\/icon>\n        <\/tab-trigger>\n        <tab-trigger tab=\"files\">\n          <icon type=\"download\"><\/icon>\n        <\/tab-trigger>\n        <tab-trigger tab=\"playlist\">\n          <icon type=\"playlist\"><\/icon>\n        <\/tab-trigger>\n        <tab-trigger tab=\"share\">\n          <icon type=\"share\"><\/icon>\n        <\/tab-trigger>\n      <\/div>\n      <subscribe-button class=\"mt-1 mobile:hidden tablet:flex\"><\/subscribe-button>\n    <\/div>\n  <\/div>\n  <div class=\"w-full relative overflow-hidden\">\n    <tab name=\"chapters\">\n      <tab-chapters><\/tab-chapters>\n    <\/tab>\n    <tab name=\"transcripts\">\n      <tab-transcripts><\/tab-transcripts>\n    <\/tab>\n    <tab name=\"files\">\n      <tab-files><\/tab-files>\n    <\/tab>\n    <tab name=\"playlist\">\n      <tab-playlist><\/tab-playlist>\n    <\/tab>\n    <tab name=\"share\">\n      <tab-share><\/tab-share>\n    <\/tab>\n    <tab-overflow><\/tab-overflow>\n  <\/div>\n  <error><\/error>\n<\/root>\n<\/div>\n            <script>\n              document.addEventListener(\"DOMContentLoaded\", function() {\n                var player = document.getElementById(\"player-69f4aacadc1c5\");\n                podlovePlayerCache.add([{\"url\":\"https:\\\/\\\/www.datenleben.de\\\/index.php\\\/wp-json\\\/podlove-web-player\\\/shortcode\\\/publisher\\\/837\",\"data\":{\"version\":5,\"show\":{\"title\":\"datenleben\",\"subtitle\":\"der podcast \\u00fcber data science\",\"summary\":\"Was ist Data Science? Was bedeuten die Daten f\\u00fcr unser Leben? Woher kommen sie und wozu werden sie benutzt?\\r\\nDas sind alles Fragen, mit denen wir uns auseinander setzen werden.\\r\\nWer schon immer mehr \\u00fcber Daten und deren Effekt auf unser Leben wissen wollte, ist hier genau richtig.\",\"poster\":\"https:\\\/\\\/www.datenleben.de\\\/podlove\\\/image\\\/687474703a2f2f7777772e646174656e6c6562656e2e64652f77702d636f6e74656e742f75706c6f6164732f323032302f30362f636f7665722e706e67\\\/500\\\/0\\\/0\\\/datenleben\",\"link\":\"https:\\\/\\\/www.datenleben.de\"},\"title\":\"dl045: jahresr\\u00fcckblick 2023\",\"subtitle\":\"Was war 2023 so los?\",\"summary\":\"Willkommen zum traditionellen Jahresr\\u00fcckblick. Wir nehmen uns wieder Zeit, etwas \\u00fcber unser Podcastjahr zu reflektieren. Und dann stellen wir uns nat\\u00fcrlich der Frage, welche Data Science Themen dieses Jahr im Fokus standen. Spoiler: wir landen wieder bei der sogenannten KI und verschiedenen Anwendungen. Und wir kommen auf einzelne Themen von vergangenen Folgen nochmal zur\\u00fcck, zu denen wir noch kleine Erg\\u00e4nzungen gefunden haben. Wie zum beispiel zu unserer Folge \\u00fcber Whisper oder zu den Gartenv\\u00f6geln. Und am Ende fragen wir uns wieder, was uns im neuen Jahr wohl erwarten wird.\",\"publicationDate\":\"2023-12-16T12:00:51+01:00\",\"duration\":\"01:07:43.190\",\"poster\":\"https:\\\/\\\/www.datenleben.de\\\/podlove\\\/image\\\/68747470733a2f2f7777772e646174656e6c6562656e2e64652f77702d636f6e74656e742f75706c6f6164732f323032332f31312f3034355f436f7665722e706e67\\\/500\\\/0\\\/0\\\/dl045-jahresrueckblick-2023\",\"link\":\"https:\\\/\\\/www.datenleben.de\\\/index.php\\\/2023\\\/12\\\/16\\\/dl045-jahresrueckblick-2023\\\/\",\"chapters\":[{\"start\":\"00:00:00.000\",\"title\":\"0.000000\\tIntro\",\"href\":\"\",\"image\":\"\"},{\"start\":\"00:00:17.998\",\"title\":\"17.998865\\tThema des Podcasts\",\"href\":\"\",\"image\":\"\"},{\"start\":\"00:00:40.054\",\"title\":\"40.054899\\tThema der Folge\",\"href\":\"\",\"image\":\"\"},{\"start\":\"00:02:15.204\",\"title\":\"135.204203\\tWarum ist dieses Thema interessant?\",\"href\":\"\",\"image\":\"\"},{\"start\":\"00:02:39.185\",\"title\":\"159.185434\\tEinspieler: Jahresr\\u00fcckblick \\u2014 2023 im Schnelldurchlauf\",\"href\":\"\",\"image\":\"\"},{\"start\":\"00:09:50.103\",\"title\":\"590.103325\\tWie sehen die datenleben-daten f\\u00fcr 2023 aus?\",\"href\":\"\",\"image\":\"\"},{\"start\":\"00:15:23.356\",\"title\":\"923.356052\\tUnsere Lieblingsfolgen in 2023?\",\"href\":\"\",\"image\":\"\"},{\"start\":\"00:17:13.532\",\"title\":\"1033.532249\\tFeedback zu datenleben\",\"href\":\"\",\"image\":\"\"},{\"start\":\"00:19:57.661\",\"title\":\"1197.661487\\tWas nehmen wir mit aus 2023 an Themen oder Erkenntnissen?\",\"href\":\"\",\"image\":\"\"},{\"start\":\"00:27:47.096\",\"title\":\"1667.096010\\tTut sich noch was bei der Bildgenerierung?\",\"href\":\"\",\"image\":\"\"},{\"start\":\"00:31:39.757\",\"title\":\"1899.757466\\tKann Whisper inzwischen mehr?\",\"href\":\"\",\"image\":\"\"},{\"start\":\"00:37:00.518\",\"title\":\"2220.518260\\tWie gut sind Audio Deepfakes inzwischen?\",\"href\":\"\",\"image\":\"\"},{\"start\":\"00:41:00.387\",\"title\":\"2460.387328\\tWo steht chatGPT nach einem Jahr?\",\"href\":\"\",\"image\":\"\"},{\"start\":\"00:48:58.971\",\"title\":\"2938.971488\\t Was haben wir sonst noch gefunden? \\u2013 Die Bennu-Proben\",\"href\":\"\",\"image\":\"\"},{\"start\":\"00:53:01.476\",\"title\":\"3181.476410\\tWas haben wir sonst noch gefunden? - Eine Ketamin-Sudie\",\"href\":\"\",\"image\":\"\"},{\"start\":\"00:57:15.123\",\"title\":\"3435.123808\\tWas haben wir sonst noch gefunden? - Waldrappen im Norden\",\"href\":\"\",\"image\":\"\"},{\"start\":\"01:02:38.274\",\"title\":\"3758.274528\\tWas erwartet uns wohl im Jahr 2024?\",\"href\":\"\",\"image\":\"\"},{\"start\":\"01:05:37.102\",\"title\":\"3937.102754\\tFazit\",\"href\":\"\",\"image\":\"\"},{\"start\":\"01:06:20.468\",\"title\":\"3980.468236\\tN\\u00e4chste Folge: Kaffee im Januar\",\"href\":\"\",\"image\":\"\"},{\"start\":\"01:06:45.855\",\"title\":\"4005.855677\\tCall to Action\",\"href\":\"\",\"image\":\"\"},{\"start\":\"01:07:31.147\",\"title\":\"4051.147601\\tOutro\",\"href\":\"\",\"image\":\"\"}],\"audio\":[{\"url\":\"https:\\\/\\\/www.datenleben.de\\\/podlove\\\/file\\\/169\\\/s\\\/webplayer\\\/c\\\/website\\\/DL045-jahresrueckblick2023.mp3\",\"size\":\"66096608\",\"title\":\"MP3 Audio (mp3)\",\"mimeType\":\"audio\\\/mpeg\"}],\"files\":[{\"url\":\"https:\\\/\\\/www.datenleben.de\\\/podlove\\\/file\\\/169\\\/s\\\/webplayer\\\/DL045-jahresrueckblick2023.mp3\",\"size\":\"66096608\",\"title\":\"MP3 Audio\",\"mimeType\":\"audio\\\/mpeg\"}]}}, {\"url\":\"https:\\\/\\\/www.datenleben.de\\\/index.php\\\/wp-json\\\/podlove-web-player\\\/shortcode\\\/config\\\/default\\\/theme\\\/datenleben\",\"data\":{\"activeTab\":\"chapters\",\"subscribe-button\":null,\"share\":{\"channels\":[\"link\",\"facebook\",\"twitter\",\"whats-app\",\"linkedin\",\"pinterest\",\"xing\",\"mail\"],\"outlet\":\"https:\\\/\\\/www.datenleben.de\\\/wp-content\\\/plugins\\\/podlove-web-player\\\/web-player\\\/share.html\",\"sharePlaytime\":true},\"related-episodes\":{\"source\":\"disabled\",\"value\":null},\"version\":5,\"theme\":{\"tokens\":{\"brand\":\"#fff\",\"brandDark\":\"#fff\",\"brandDarkest\":\"#000\",\"brandLightest\":\"#8cc240\",\"shadeDark\":\"#807E7C\",\"shadeBase\":\"#807E7C\",\"contrast\":\"#000\",\"alt\":\"#8cc240\"},\"fonts\":{\"ci\":{\"name\":\"ci\",\"family\":[\"-apple-system\",\"BlinkMacSystemFont\",\"Segoe UI\",\"Roboto\",\"Helvetica\",\"Arial\",\"sans-serif\",\"Apple Color Emoji\",\"Segoe UI Emoji\\\", \\\"Segoe UI Symbol\"],\"src\":[],\"weight\":800},\"regular\":{\"name\":\"regular\",\"family\":[\"-apple-system\",\"BlinkMacSystemFont\",\"Segoe UI\",\"Roboto\",\"Helvetica\",\"Arial\",\"sans-serif\",\"Apple Color Emoji\",\"Segoe UI Emoji\\\", \\\"Segoe UI Symbol\"],\"src\":[],\"weight\":300},\"bold\":{\"name\":\"bold\",\"family\":[\"-apple-system\",\"BlinkMacSystemFont\",\"Segoe UI\",\"Roboto\",\"Helvetica\",\"Arial\",\"sans-serif\",\"Apple Color Emoji\",\"Segoe UI Emoji\\\", \\\"Segoe UI Symbol\"],\"src\":[],\"weight\":700}}},\"base\":\"https:\\\/\\\/www.datenleben.de\\\/wp-content\\\/plugins\\\/podlove-web-player\\\/web-player\\\/\"}}]);\n                podlovePlayer(player, \"https:\/\/www.datenleben.de\/index.php\/wp-json\/podlove-web-player\/shortcode\/publisher\/837\", \"https:\/\/www.datenleben.de\/index.php\/wp-json\/podlove-web-player\/shortcode\/config\/default\/theme\/datenleben\").then(function() {\n                  player && player.classList.remove(\"podlove-web-player-loading\");\n                });\n              });\n            <\/script>\n            <style>\n              .podlove-web-player.podlove-web-player-loading {\n                opacity: 0;\n              }\n            <\/style>\n        \n\t\n\t\t\n<p>Willkommen zum traditionellen Jahresr\u00fcckblick. Wir nehmen uns wieder Zeit, etwas \u00fcber unser Podcastjahr zu reflektieren. Und dann stellen wir uns nat\u00fcrlich der Frage, welche Data Science Themen dieses Jahr im Fokus standen. Spoiler: wir landen wieder bei der sogenannten KI und verschiedenen Anwendungen. Und wir kommen auf einzelne Themen von vergangenen Folgen nochmal zur\u00fcck, zu denen wir noch kleine Erg\u00e4nzungen gefunden haben. Wie zum beispiel zu unserer Folge \u00fcber Whisper oder zu den Gartenv\u00f6geln. Und am Ende fragen wir uns wieder, was uns im neuen Jahr wohl erwarten wird.<\/p>\n<h3>Bilder zur Folge<\/h3>\n<p><a href=\"http:\/\/www.datenleben.de\/wp-content\/uploads\/2023\/12\/dl045-Downloads-absolut.jpg\"><img decoding=\"async\" src=\"http:\/\/www.datenleben.de\/wp-content\/uploads\/2023\/12\/dl045-Downloads-absolut.jpg\" alt=\"datenleben-Downloads absolut\" \/><\/a><\/p>\n<p><a href=\"http:\/\/www.datenleben.de\/wp-content\/uploads\/2023\/12\/dl045-Downloads-tag.jpg\" title=\"Downloads pro Tag\"><img decoding=\"async\" src=\"http:\/\/www.datenleben.de\/wp-content\/uploads\/2023\/12\/dl045-Downloads-tag.jpg\" alt=\"datenleben-Downloads pro Tag\" title=\"Downloads pro Tag\" \/><\/a><\/p>\n<h3>Links und Quellen<\/h3>\n<ul>\n<li>datenleben\n<ul>\n<li><a href=\"https:\/\/www.datenleben.de\/\">www.datenleben.de<\/a><\/li>\n<li>Social Media: Mastodon <a href=\"https:\/\/podcasts.social\/@datenleben\">@datenleben@podcasts.social<\/a><\/li>\n<li>YouTube: <a href=\"https:\/\/www.youtube.com\/@datenleben\">@datenleben<\/a><\/li>\n<\/ul>\n<\/li>\n<li>Erw\u00e4hnte datenleben-Folgen\n<ul>\n<li><a href=\"https:\/\/www.datenleben.de\/index.php\/2023\/01\/28\/dl034-jahresrueckblick-2022\/\">dl034: jahresr\u00fcckblick 2022<\/a><\/li>\n<li><a href=\"https:\/\/www.datenleben.de\/index.php\/2023\/10\/14\/dl043-perspektiven-auf-data-science\/\">dl043: perspektiven auf data science<\/a><\/li>\n<li><a href=\"https:\/\/www.datenleben.de\/index.php\/2023\/03\/25\/dl036-graphentypen-2\/\">dl036: graphentypen 2 \u2013 graphentypen 2 - histogramme, boxplots, etc.<\/a><\/li>\n<li><a href=\"https:\/\/www.datenleben.de\/index.php\/2023\/02\/25\/dl035-heuschnupfen\/\">dl035: heuschnupfen<\/a><\/li>\n<li><a href=\"https:\/\/www.datenleben.de\/index.php\/2020\/07\/04\/dl001-data-science\/\">dl001: data science<\/a><\/li>\n<li><a href=\"https:\/\/www.datenleben.de\/index.php\/2021\/12\/04\/dl021-python-lernen\/\">dl021: python lernen!<\/a><\/li>\n<li><a href=\"https:\/\/www.datenleben.de\/index.php\/2020\/07\/25\/dl002-coronadaten\/\">dl002: coronadaten<\/a><\/li>\n<li><a href=\"https:\/\/www.datenleben.de\/index.php\/2023\/04\/22\/dl037-gartenvoegel\/\">dl037: citizen science und die gartenv\u00f6gel<\/a><\/li>\n<li><a href=\"https:\/\/www.datenleben.de\/index.php\/2023\/09\/16\/dl042-wahrscheinlichkeiten\/\">dl042: die erde, asteroiden und wahrscheinlichkeiten<\/a><\/li>\n<li><a href=\"https:\/\/www.datenleben.de\/index.php\/2023\/05\/20\/dl038-data-feminism\/\">dl038: data feminism<\/a><\/li>\n<li><a href=\"https:\/\/www.datenleben.de\/index.php\/2021\/01\/13\/jahresrueckblick-2020\/\">dl009: jahersr\u00fcckblick 2020<\/a><\/li>\n<li><a href=\"https:\/\/www.datenleben.de\/index.php\/2022\/10\/29\/dl031-koennen-computer-malen\/\">dl031: k\u00f6nnen computer malen?<\/a><\/li>\n<li><a href=\"https:\/\/www.datenleben.de\/index.php\/2023\/07\/22\/dl040-whisper\/\">dl040: wie nutzen wir whisper f\u00fcr transkripte?<\/a><\/li>\n<li><a href=\"https:\/\/www.datenleben.de\/index.php\/2021\/11\/06\/dl020-drogenkonsum\/\">dl020: drogenkonsum<\/a><\/li>\n<\/ul>\n<\/li>\n<li>Links\n<ul>\n<li><a href=\"https:\/\/www.bbc.com\/reel\/video\/p0fw36yv\/how-artificial-intelligence-is-helping-us-talk-to-animals\">BBC Reel: How artificial intelligence is helping us talk to animals<\/a><\/li>\n<li><a href=\"https:\/\/www.heise.de\/hintergrund\/Bessere-Wettervorhersage-mit-Kuenstlicher-Intelligenz-9213449.html\">heise online, Dr. Wolfgang Stieler: Bessere Wettervorhersage mit K\u00fcnstlicher Intelligenz?<\/a><\/li>\n<li><a href=\"https:\/\/www.vice.com\/en\/article\/pkapb7\/a-photographer-tried-to-get-his-photos-removed-from-an-ai-dataset-he-got-an-invoice-instead\">VICE, Chloe Xiang: A Photographer Tried to Get His Photos Removed from an AI Dataset. He Got an Invoice Instead.<\/a><\/li>\n<li><a href=\"https:\/\/github.com\/Acly\/krita-ai-diffusion\">Github, Acly: Generative AI for Krita<\/a><\/li>\n<li><a href=\"https:\/\/www.ardaudiothek.de\/episode\/11km-der-tagesschau-podcast\/deepfake-bei-anruf-klon\/ard\/94554634\/\">ARD, 11KM der tagesschau-Podcast: Deepfake: Bei Anruf Klon<\/a><\/li>\n<li><a href=\"https:\/\/apnews.com\/article\/artificial-intelligence-chatgpt-courts-e15023d7e6fdf4f099aa122437dbb59b\">AP, Larry Neumeister:Lawyers blame ChatGPT for tricking them into citing bogus case law<\/a><\/li>\n<li><a href=\"https:\/\/openai.com\/blog\/chatgpt-can-now-see-hear-and-speak\">OpenAI, Blog: ChatGPT can now see, hear, and speak<\/a><\/li>\n<li><a href=\"https:\/\/arstechnica.com\/information-technology\/2023\/10\/google-will-shield-ai-users-from-copyright-challenges-within-limits\/\">Ars Technica, Benj Edwards: Google will shield AI users from copyright challenges, within limits<\/a><\/li>\n<li><a href=\"https:\/\/www.theverge.com\/2023\/11\/6\/23948386\/chatgpt-active-user-count-openai-developer-conference\">The Verge, Jon Porter: ChatGPT continues to be one of the fastest-growing services ever<\/a><\/li>\n<li><a href=\"https:\/\/blogs.nasa.gov\/osiris-rex\/2023\/10\/20\/nasas-osiris-rex-achieves-sample-mass-milestone\/\">NASA, Erin Morton: NASA\u2019s OSIRIS-REx Achieves Sample Mass Milestone<\/a><\/li>\n<li><a href=\"https:\/\/www.tagesschau.de\/wissen\/technologie\/bennu-asteroid-nasa-proben-wissenschaftler-kohlenstoff-100.html\">tagesschau.de, Uwe Gradwohl: Asteroidenkr\u00fcmel begeistern NASA-Team<\/a><\/li>\n<li><a href=\"https:\/\/www.nature.com\/articles\/s44220-023-00140-x\">nature mental health, Theresa R. Lii et al.: Randomized trial of ketamine masked by surgical anesthesia in patients with depression<\/a><\/li>\n<li><a href=\"https:\/\/www.waldrapp.eu\/2023\/11\/01\/jungvoegel-am-flug-nach-norddeutschland-und-schweden\/\">waldrapp.eu: Jungv\u00f6gel am Flug nach Norddeutschland und Schweden<\/a><\/li>\n<li><a href=\"https:\/\/www.waldrapp.eu\/2023\/11\/14\/32-waldrapp-jungvoegel-in-schweden-daenemark-und-norddeutschland\/\">waldrapp.eu: 32 Waldrapp-Jungv\u00f6gel in Schweden, D\u00e4nemark und Norddeutschland<\/a><\/li>\n<\/ul>\n<\/li>\n<\/ul>\n<h3>Schlagworte zur Folge<\/h3>\n<p>Jahresr\u00fcckblick, KI, Neuronale Netze, Maschinelles Lernen, Sprachmodelle, Bildgenerierung, Podcastr\u00fcckblick, Wissenschaft, Bennu, Citizen Science<\/p>\n<h3>Intro (00:00:00)<\/h3>\n<h3>Thema des Podcasts (00:00:18)<\/h3>\n<p>Helena: Willkommen zur 45. Folge beim Datenleben Podcast, dem Podcast \u00fcber Data Science. Wir sind Helena<\/p>\n<p>Janine: und Janine<\/p>\n<p>Helena: und m\u00f6chten euch mitnehmen in die Welt der Daten. Was ist Data Science? Was bedeuten die Daten f\u00fcr unser Leben? Woher kommen sie und wozu werden sie benutzt? Das sind alles Fragen, mit denen wir uns auseinandersetzen. Wer schon immer mehr \u00fcber Daten und deren Effekt auf unser Leben wissen wollte, ist hier genau richtig.<\/p>\n<h3>Thema der Folge (00:00:40)<\/h3>\n<p>Janine: Genau, und dieses Mal sage ich willkommen zum traditionellen Jahresr\u00fcckblick. Inzwischen immerhin schon der vierte, den wir hier machen. Und ich hoffe, er wird genauso gern geh\u00f6rt wie die ersten drei. Ah ja, wir fangen wieder ein bisschen damit an, f\u00fcr uns das Podcastjahr ein bisschen zu reflektieren. Nat\u00fcrlich auch nicht ohne den Schnelldurchlauf noch davor zu setzen mit den letzten Monaten. Das Jahr ist ja noch nicht ganz voll, aber aus organisatorischen Gr\u00fcnden bietet es sich gerade an, jetzt den Jahresr\u00fcckblick schon zu machen. Und wir haben dann auch wieder einige Themen im Gep\u00e4ck. Dazu geh\u00f6ren eben ein paar Daten zu unseren Folgen, Ranking, Feedback. Und nat\u00fcrlich dann die Kernfrage, welche Data Science Themen waren dieses Jahr sehr dominant? Ja, Spoiler an dieser Stelle: Wir landen wieder bei der sogenannten KI und verschiedenen Anwendungen von eben dieser, beziehungsweise maschinellem Lernen, neuronalen Netzen und dem ganzen Zeug. Ah ja, und wir kommen auch wieder auf einzelne Themen von Folgen zur\u00fcck, wo wir noch was gefunden haben, was wir vielleicht gern erg\u00e4nzen w\u00fcrden, was vielleicht nicht in die Folgen gepasst. Zum Beispiel ist das Thema Whisper hier nochmal zu nennen oder auch die Gartenv\u00f6gel-Folge und Drogen. Drogen wird es auch geben, so in etwa. Und ja, am Ende fragen wir uns dann nat\u00fcrlich wieder, was uns wohl im neuen Jahr erwarten wird.<\/p>\n<h3>Warum ist das Thema interessant? (00:02:15)<\/h3>\n<p>Helena: Ja, und wir machen mal wieder den Jahresr\u00fcckblick, weil wir das halt als Tradition so eingef\u00fchrt haben. Und das immer eine gute M\u00f6glichkeit ist, auch mal meta \u00fcber den Podcast zu reden und auch eine M\u00f6glichkeit ist, mal Erg\u00e4nzungen zu alten Folgen hinzuzuf\u00fcgen.<\/p>\n<p>Janine: Ja, und jetzt viel Spa\u00df beim Schnelldurchlauf durch Teile von 2023.<\/p>\n<h3>Einspieler: Jahresr\u00fcckblick \u2014 2023 im Schnelldurchlauf (00:02:39)<\/h3>\n<p>Janine: Jahresr\u00fcckblick 2023 im Schnelldurchlauf.<\/p>\n<p>* 01. Januar: Die Grundversorgung mit Hartz IV -- also das Arbeitslosengeld II -- wird vom nicht wesentlich verbesserten neuen <a href=\"https:\/\/de.wikipedia.org\/wiki\/B%C3%BCrgergeld-Gesetz\">B\u00fcrgergeld<\/a> abgel\u00f6st.<\/p>\n<p>* 01. Januar: In Kroation wird der <a href=\"https:\/\/de.wikipedia.org\/wiki\/Kroatische_Kuna#Euro-Einf%C3%BChrung\">Euro ab dem 01. Januar<\/a> zur offiziellen W\u00e4hrung.<\/p>\n<p>* 08. Januar: In Brasilien demonstrieren Anh\u00e4nger des fr\u00fcheren Pr\u00e4sidenten Bolsonaro gegen den neu gew\u00e4hlten Pr\u00e4sidenten Lula da Silva. <a href=\"https:\/\/www.tagesschau.de\/inland\/innenpolitik\/brasilien-kongress-gestuermt-101.html\">Hunderte st\u00fcrmen w\u00e4hrenddessen f\u00fcr mehrere Stunden randalierend den Nationalkongress, das Oberste Bundesgericht und den Regierungssitz Brasilia<\/a>. (Nebenbemerkung: Der Sturm auf das Kapitol in Washington D.C. durch Anh\u00e4nger von Donald Trump ereignete sich fast auf den Tag genau 2 Jahre zuvor, 2021.)<\/p>\n<p>* 11. Januar: Im Rheinischen Braunkohlerevier beginnt die Polizei mit der <a href=\"https:\/\/de.wikipedia.org\/wiki\/Besetzung_und_R%C3%A4umung_von_L%C3%BCtzerath\">R\u00e4umung des Dorfes L\u00fctzerath<\/a>, das von Klimaaktivst*innen besetzt wurde, um die F\u00f6rderung der Braunkohle an diesem Ort zu verhindern.<\/p>\n<p>* 01. Februar: \u00dcber den USA wird ein <a href=\"https:\/\/de.wikipedia.org\/wiki\/Chinesischer_Beobachtungsballon_%C3%BCber_Nordamerika_2023\">gro\u00dfer chinesischer Beobachtungsballon<\/a> gesichtet, der am 04. Februar von den USA abgeschossen wird, was zu diplomatischen Spannungen zwischen den beiden Staate f\u00fchrte. In den folgenden Tagen wurden weitere unbekannte Flugobjekte abgeschossen, die sich offenbar als <a href=\"https:\/\/www.nzz.ch\/international\/abgeschossene-ballons-kamen-laut-biden-nicht-aus-china-sondern-stammten-wohl-von-privatunternehmen-ld.1726520\">Forschungsprojekte privater Unternehmen<\/a> herausstellten.<\/p>\n<p>* 03. Februar: Im Bundesstaat Ohio, USA, <a href=\"https:\/\/www.zdf.de\/nachrichten\/panorama\/ohio-zugunglueck-chemikalie-100.html\">entgleist beim Ort East Palestine ein sehr langer Zug beladen mit Chemikalien<\/a>. Menschen mussten evakuiert werden und die Chemikalien wurden kontrolliert abgebrannt.<\/p>\n<p>* 06. Februar: <a href=\"https:\/\/de.wikipedia.org\/wiki\/Erdbeben_in_der_T%C3%BCrkei_und_Syrien_2023\">Zwei Erdbeben mit den Magnituden 7,8 und 7,5 treffen den S\u00fcdosten der T\u00fcrkei und den Norden Syriens<\/a>. Es werden mehr als 54.300 Tote geborgen und \u00fcber 110.000 Verletzte registriert.<\/p>\n<p>* 21. Februar: Der russische Pr\u00e4sident Wladimir Putin verk\u00fcndet, dass <a href=\"https:\/\/de.wikipedia.org\/wiki\/Strategic_Arms_Reduction_Treaty\">Russland die Teilnahme am derzeit g\u00fcltigen New START Vertrag aussetzt<\/a>. Dieser Vertrag ist ein Abr\u00fcstungsabkommen zwischen den USA und Russland zur gemeinsamen Reduzierung strategischer Tr\u00e4gersysteme f\u00fcr Nuklearwaffen.<\/p>\n<p>* 02. M\u00e4rz: In der <a href=\"https:\/\/www.tagesschau.de\/wissen\/forschung\/cheops-pyramide-neuer-raum-entdeckt-aegypten-101.html\">Cheops-Pyramide wird eine unbekannte leere Kammer entdeckt<\/a>. Bis dahin war die Kammer aufgrund von langen Untersuchungsreihen nur eine Vermutung, die sich schlie\u00dflich mit dem Fund best\u00e4tigt haben.<\/p>\n<p>* 05. M\u00e4rz: Die Vereinten Nationen einigen sich auf ein Abkommen zum Schutz der Hohen See, die jenseits staatlicher Hoheitsgewalt liegt. <a href=\"https:\/\/www.deutschlandfunk.de\/meeresschutz-abkommen-hohe-see-vereinte-nationen-100.html\">Bis zum Jahr 2023 sollen 30% des Gebietes unter Schutz gestellt werden<\/a>.<\/p>\n<p>* 17. M\u00e4rz: In Den Haag wird vom internationalen Strafgerichtshof ein <a href=\"https:\/\/de.wikipedia.org\/wiki\/Haftbefehl_gegen_Wladimir_Putin\">Haftbefehl gegen den russischen Pr\u00e4sidenten Wladimir Putin<\/a> erlassen.<\/p>\n<p>* 12. April: In Berlin stellen die Bundesminister Lauterbach und \u00d6zdemir Eckpunkte zur <a href=\"https:\/\/de.wikipedia.org\/wiki\/Legalisierung_von_Drogen\">Legalisierung von Cannabis in Deutschland<\/a> vor.<\/p>\n<p>* 15. April: Berlin\/Deutschland: Die letzten drei deutschen <a href=\"https:\/\/de.wikipedia.org\/wiki\/Kernenergie_in_Deutschland\">Kernkraftwerke werden abgeschaltet<\/a>.<\/p>\n<p>* 16. April: Nur einen Tag sp\u00e4ter geht im <a href=\"https:\/\/de.wikipedia.org\/wiki\/Kernkraftwerk_Olkiluoto\">finnischen Kernkraftwerks Olkiluoto<\/a> der leistungsst\u00e4rkste Atomreaktor in Europa in Betrieb.<\/p>\n<p>* 05. Mai: Nach 3 Jahren und 96 Tagen wird die <a href=\"https:\/\/de.wikipedia.org\/wiki\/Gesundheitliche_Notlage_internationaler_Tragweite\">&quot;gesundheitliche Notlage internationaler Tragweite&quot;<\/a> be\u00fcglich der COVID-19-Pandemie von der Weltgesundheitsorganisation aufgehoben.<\/p>\n<p>* 06. Mai: Die <a href=\"https:\/\/de.wikipedia.org\/wiki\/Kr%C3%B6nung_von_Charles_III.\">Kr\u00f6nung von K\u00f6nig Charles III.<\/a> und K\u00f6nigin Camilla wird in der Westminster Abbey vollzogen.<\/p>\n<p>* 24. Mai: Die Generalstaatsanwaltschaft M\u00fcnchen leitet gegen sieben Mitglieder des Klimab\u00fcndnisses Letzte Generation Ermittlungen ein. Es bestehe der <a href=\"https:\/\/de.wikipedia.org\/wiki\/Letzte_Generation#Verdacht_auf_Bildung_einer_kriminellen_Vereinigung\">Verdacht auf Bildung einer kriminellen Vereinigung<\/a>.<\/p>\n<p>* 06. Juni: In der Ukraine wird im Kontext des Krieges der <a href=\"https:\/\/de.wikipedia.org\/wiki\/Zerst%C3%B6rung_des_Kachowka-Staudamms\">Kachowka-Staudamm vermutlich durch eine Sprengung zerst\u00f6rt<\/a>. Das zog gravierende \u00dcberschwemmungen nach sich.<\/p>\n<p>* 12. Juni: Das Gro\u00dfman\u00f6ver [Air Defender 23] beginnt. Mitgliedsstaaten der NATO und weitere Staaten haben eine der gr\u00f6\u00dften Luftoperations\u00fcbrungen durchgef\u00fchrt, die schwerpunktm\u00e4\u00dfig im Luftraum der Bundesrepublik Deutschland stattfand.<\/p>\n<p>* 18. Juni: Das <a href=\"https:\/\/de.wikipedia.org\/wiki\/Titan_(U-Boot)\">Tiefsee-Tauchboot namens Titan implodiert<\/a> bei einer touristischen Tauchfahrt zum Wrack der Titanic. Zun\u00e4chst wird eine aufw\u00e4ndige Suche gestartet, die Tr\u00fcmmerteile werden erst sp\u00e4ter entdeckt. Alle f\u00fcnf Passagiere kamen ums Leben. Dieses Ereignis erregt gro\u00dfe \u00f6ffentliche Aufmerksamkeit, besonders in den Sozialen Medien.<\/p>\n<p>* 01. Juli: In Australien wird weltweit erstmals die Verschreibung von <a href=\"https:\/\/www.stern.de\/panorama\/weltgeschehen\/ecstasy--australien-gibt-mdma-fuer-psychiatrische-zwecke-frei-33164330.html\">MDMA und Psilocybin zur Behandlung bestimmter psychischer Erkrankungen zugelassen<\/a>.<\/p>\n<p>* 01. Juli: In Deutschland wird der <a href=\"https:\/\/de.wikipedia.org\/wiki\/Skywalk_Willingen\">Skywalk Willingen<\/a> er\u00f6ffnet. Mit einer L\u00e4nge von 665 m ist es die zweitl\u00e4ngste Fu\u00dfg\u00e4nger-H\u00e4ngebr\u00fccke der Welt.<\/p>\n<p>* 05. Juli: Vom Weltraumbahnhof Kourou in Franz\u00f6schisch-Guayana <a href=\"https:\/\/www.tagesschau.de\/wissen\/technologie\/ariane-letzter-flug-100.html\">startet zum letzten Mal eine Tr\u00e4gerrakete vom Typ Ariane 5<\/a> erfolgreich ins Weltall.<\/p>\n<p>* 06. Juli: Die Niederlande k\u00fcndigen an, dass sie <a href=\"https:\/\/www.dw.com\/de\/niederlande-geben-koloniale-raubkunst-zur%C3%BCck\/a-66155413\">478 Artefakte, die in der Kolonialzeit angeeignet wurden<\/a>, nach Indonesien und Sri Lanka zur\u00fcckzubringen.<\/p>\n<p>* Im August: Auf Hawaii, in Kanada und Griechenland gibt es \u00fcber den Monat August verteilt verheerende <a href=\"https:\/\/de.wikipedia.org\/wiki\/August_2023\">Waldbr\u00e4nde<\/a>. <\/p>\n<p>* 01. August: Die Royal Mail f\u00fchrt die erste regelm\u00e4\u00dfige Postzustellung durch Drohnen ein. Auf der schottischen Inselgruppe Orkney wird die Post jetzt mit Skyports-Drohnen ausgeliefert.<\/p>\n<p>* 30. August: In Kirgisistan k\u00fcndigt das Ministerium f\u00fcr Kultur, Information, Sport und Jugendpolitik an, dass die Plattform TikTok verboten werden soll. Grund: Schutz der Gesundheit von Kindern.<\/p>\n<p>* 08. September: Marrakesch\/Marokko: Bei einem <a href=\"https:\/\/de.wikipedia.org\/wiki\/Erdbeben_in_Marokko_2023\">Erdbeben nahe Marrakesch<\/a> kommen mehr als 2900 Menschen ums Leben. Dabei werden viele Bergd\u00f6rfer teils zerst\u00f6rt und auch das Weltkulturerbe in der Altstadt von Marrakesh besch\u00e4digt.<\/p>\n<p>* 10. September: Beim <a href=\"https:\/\/de.wikipedia.org\/wiki\/G20-Gipfel_in_Neu-Delhi_2023\">G20-Gipfel im indischen Neu-Delhi<\/a> wird die Afrikanische Union wird als neues Mitglied der G20 aufgenommen.<\/p>\n<p>* 25. September: Seit diesem Tag existiert die Bundesrepublik Deutschland l\u00e4nger als ihre Rechtsvorg\u00e4ngerin das Deutsche Reich, das von 1871 bis 1945 bestand.<\/p>\n<p>* 06. Oktober: Dem im Iran inhaftierten Menschenrechtsaktivistin <a href=\"https:\/\/www.nobelprize.org\/prizes\/about\/prize-announcement-dates\/\">Narges Mohammadi wird der Friedensnobelpreis zugesprochen<\/a>.<\/p>\n<p>* 07. Oktober: Mit einem schweren <a href=\"https:\/\/de.wikipedia.org\/wiki\/Terrorangriff_der_Hamas_auf_Israel_2023\">Terrorangriff der Hamas auf Israel<\/a> wird der Konflikt erneut intensiviert. Als Reaktion auf die schwere des \u00dcberfalls, ruft israelische Ministerpr\u00e4sident Benjamin Netanjahu zum ersten Mal seit 1973 den Kriegszustand aus.<\/p>\n<p>* 10. November: Australien schlie\u00df mit dem Inselstaat Tuvalu, der durch den steigenden Meeresspiegel bedroht ist, eine Vereinbarung. Es d\u00fcrfen j\u00e4hrlich 280 Tuvaluer \u2013 von aktuell 11.200 Einwohnern \u2013 nach Australien \u00fcbersiedeln. Sie d\u00fcrfen ausserdem die australische Staatsb\u00fcrgerschaft erhalten, um dort zu arbeiten, zu studieren und zu leben.<\/p>\n<p>* 23. November: <a href=\"https:\/\/www.spiegel.de\/panorama\/dublin-fuenfjaehrige-und-frau-nach-messerangriff-schwer-verletzt-ausschreitungen-a-72de8dd0-f3fd-407b-b566-69f263d34e31\">In Dublin greift ein Mann mit einem Messer drei Schulkinder an. In der Folge randalieren 200-300 Menschen in der Innenstadt, legen Feuer und pl\u00fcndern Gesch\u00e4fte.<\/a> Es kommt zu einem Gro\u00dfeinsatz der Polizei. Neben viel Sachbesch\u00e4digung und verletzten Menschen, gibt es zahlreiche Verhaftungen und 32 Anklagen.<\/p>\n<p>* 06. Dezember: Die <a href=\"https:\/\/de.wikipedia.org\/wiki\/Fraktion_Die_Linke_im_Bundestag\">Bundestagsfraktion Die Linke<\/a> l\u00f6st sich auf.<\/p>\n<p>* Dezember: Was uns sonst noch im Dezember erwartet, kann aufgrund der Linearit\u00e4t unserer Zeitwahrnehmung noch nicht gesagt werden.<\/p>\n<h3>Wie sehen die datenleben-daten f\u00fcr 2023 aus? (00:09:50)<\/h3>\n<p>Janine: Erste Frage, erstes Thema. Wie sehen die Datenleben? Wie sehen die Daten f\u00fcr 2023 aus? Wir hatten letztes Jahr eine Prognose gemacht, aufgrund der Daten, die wir erhoben hatten. 2020 war unser erstes Podcastjahr. Da hatten wir eine gewisse Datenmenge bzw. Downloads im Jahr 2020, in den Monaten, in denen wir eben gepodcastet haben. Und haben dann mal geguckt f\u00fcr 2021, wie viel waren die Downloads da so im Verh\u00e4ltnis. Und es ist eine ganze Ecke gestiegen. Und auch 2022 ist wieder in etwa genauso viel Wachstum hinzugekommen, was die Downloadzahlen f\u00fcr das Podcastjahr anging. Also so die absoluten Zahlen quasi. Und naja, daraus hatten wir dann eine Prognose gemacht f\u00fcr das Jahr 2023 und einen \u00e4hnlichen Anstieg angenommen. Und das in eine kleine Grafik gezeichnet, mit einem schraffierten Balken f\u00fcr 2023. Und das Ganze sah relativ linear aus. So, ja, das war dann unsere Prognose f\u00fcr dieses Jahr, dass das Wachstum genauso bleibt. Aber kurz gesagt, das ist nicht passiert. Es ist auch nicht mehr geworden. Tats\u00e4chlich ist der Balken f\u00fcr 2023 zu diesem Zeitpunkt, wir machen die Aufnahme am 28. November schon, noch nicht so viel mehr wie die Jahre davor. Also der Balken f\u00fcr 2023 ist tats\u00e4chlich gar nicht so viel gr\u00f6\u00dfer als f\u00fcr 2022. Ihr findet die Grafiken auch, die aktualisierten, in den Shownotes \u00fcbrigens. Ja, also das Wachstum ist nicht dabei geblieben. Unsere Prognose traf also nicht zu.<\/p>\n<p>Helena: Ja gut. Kann sich ja noch \u00e4ndern, falls dieser Jahresr\u00fcckblick besonders beliebt ist.<\/p>\n<p>Janine: Ja, der kann noch ein bisschen was machen. Und was aber ich ganz interessant finde, ist, dass trotzdem, andere Bereiche der Zahlen irgendwie doch ganz gut gestiegen sind. Also wir haben zwar irgendwie fast genauso viele Downloads wie letztes Jahr, aber daf\u00fcr haben unsere Folgen, wenn sie erscheinen, jeweils mehr Downloads am ersten Tag als letztes Jahr zum Beispiel. Das hei\u00dft also, ja, vielleicht bildet sich das Wachstum dieses Jahr anders ab, indem wir vielleicht einfach sagen k\u00f6nnen, wir haben mehr Zuh\u00f6rende gewonnen, die regelm\u00e4\u00dfig auch direkt in unsere neuen Folgen reinh\u00f6ren.<\/p>\n<p>Helena: Ja.<\/p>\n<p>Janine: Ja, die zweite Grafik, die wir letztes Jahr gemacht haben, bezog sich auf die Downloads pro Tag. Da verh\u00e4lt sich das nat\u00fcrlich ganz \u00e4hnlich dann. Ich bin mal gespannt, wie sich das dann jetzt weiterentwickelt. Was die Ranglisten angeht von Folgen, gab es im Jahr 2023 ganz klare Favoriten. \u00dcberraschenderweise steht an Platz 1 eine Folge, die noch gar nicht so alt ist, n\u00e4mlich die Folge 43, Perspektiven auf Data Science. Die hat die meisten Downloads dieses Jahr geholt, was die Folgen angeht. Und an Platz 2 steht tats\u00e4chlich, was mich auch \u00fcberrascht, Grafentypen 2, Histogramme und Boxplots. Und Platz 3 geht an Heuschnupfen. Also viele Gr\u00fc\u00dfe an die Mitleidenden da drau\u00dfen, die diese Folge vielleicht deswegen geh\u00f6rt haben.<\/p>\n<p>Helena: Ja.<\/p>\n<p>Janine: Und was wir auch immer einmal angucken, sind die Gesamt-Downloads \u00fcber alle Jahre. Wir podcasten jetzt fast seit dreieinhalb Jahren. Und wie jedes Jahr steht unsere erste Folge an Platz 1 die Data Science-Folge, wo wir uns unseren Podcast und Data Science einmal vorstellen. An Platz 2 steht die wunderbare Folge Python Lernen, in der wir PiKo interviewt haben zum Thema Python und wie sich dieses Themenfeld so gut erschlossen werden kann, dass, ja, Punkt, dieser Satz h\u00f6rt einfach hier auf. Und an Platz 3 ist eine Folge, die letztes Jahr nicht in dieser Rangliste auftauchte, sondern wieder eingestiegen ist, n\u00e4mlich die Corona-Daten-Folge.<\/p>\n<p>Helena: Ja, das finde ich ja durchaus interessant, weil bei Corona-Daten h\u00e4tte ich jetzt erwartet, ja, die Daten, \u00fcber die wir geredet haben, sind ja seitdem lange outdated. Da gibt es bestimmt viele aktuellere Informationen zu. Warum ist das immer noch so interessant?<\/p>\n<p>Janine: Ja, ich glaube, weil es ja auch f\u00fcr uns so ein bisschen die Grundlagen ja auch einmal erkl\u00e4rt hat. Also wie wird \u00fcberhaupt der R-Wert berechnet, die Inzidenz und so. Und das ver\u00e4ndert sich ja an sich eigentlich nicht. Nur die Daten, mit denen wir umgegangen sind, sind andere geworden.<\/p>\n<p>Helena: Ja, schon. Aber wer guckt denn vor dem Download auch auf die Inhalte ganz konkret drauf, dass wir das genau erkl\u00e4ren? Das \u00fcberrascht mich n\u00e4mlich. Also keine Ahnung.<\/p>\n<p>Janine: Ja, also ich gucke tats\u00e4chlich bei Podcast-Folgen vorher drauf, bevor ich die downloade.<\/p>\n<p>Helena: Also vorher in die Shownotes, okay.<\/p>\n<p>Janine: Ja, weil ich vielen Podcasts gar nicht so unbedingt bei jeder Folge dabei bin, sondern mir tats\u00e4chlich Themen aussuche und meinem Podcatcher auch verboten habe, Sachen sofort runterzuladen, die ich abonniert habe. Und dann kann ich da sehr selektiv tats\u00e4chlich vorgehen. Vielleicht machen das Menschen auch so.<\/p>\n<p>Helena: Ja, vielleicht.<\/p>\n<h3>Unsere Lieblingsfolgen in 2023? (00:15:23)<\/h3>\n<p>Janine: Gut, dann ist eine Frage, die ich immer sehr mag. Was sind denn so unsere Lieblingsfolgen aus 2023? Helena, was war denn deine Lieblingsfolge von diesem Jahr?<\/p>\n<p>Helena: Ja, meine Lieblingsfolge in diesem Jahr war die \u00fcber die Gartenv\u00f6gel. Da habe ich ganz viel gelernt. Also nicht nur \u00fcber einzelne Vogelarten, sondern eben auch wie, ja, so Messverfahren bei Tierpopulationen \u00fcberhaupt funktionieren. Und dass da auch gerade so Data-Science-Projekte wie die Gartenv\u00f6gel unheimlich n\u00fctzlich f\u00fcr sind. Das fand ich sehr sch\u00f6n.<\/p>\n<p>Janine: Ja, und das ganze Citizen-Science-Thema, was da mit drin steckt, hat mir auch sehr gefallen bei der Folge.<\/p>\n<p>Helena: Ja, und was war deine Lieblingsfolge?<\/p>\n<p>Janine: Ich kann mich nicht entscheiden. Ich schwanke zwischen Folge 42, Asteroiden und die Wahrscheinlichkeit, mit der sie die Erde treffen k\u00f6nnen, weil das, ich wei\u00df nicht, ich finde, das ist einfach ein sch\u00f6nes Thema. Dieses ganze Weltraumzeug. Grunds\u00e4tzlich. Und ja, als Kind der 90er bin ich da auch ein bisschen vorgeimpft, was die Medien, Filme und Serien angeht. Deswegen hat die besonders Spa\u00df gemacht. Auch schon allein in der Recherche und im Zusammenstellen. Ja, und die zweite Folge ist die Data-Feminism-Folge, weil ich es einfach sehr sch\u00f6n fand, mich da so thematisch reinzudenken und sie zu den weniger technischen Folgen geh\u00f6rt, die wir gemacht haben, wo mein literaturwissenschaftliches Gehirn einfach sehr viel Spa\u00df dran hatte. Und ich finde das Thema auch einfach sehr wichtig, unterschiedliche Perspektiven auf die Dinge zu bringen und diese auch ernst zu nehmen und nicht gleich wegzuwischen mit das ist doch Feminismus. Nein, das kann allen Menschen helfen.<\/p>\n<p>Helena: Ja, fand das auch eine gute Folge. <\/p>\n<h3>Feedback zu datenleben (00:17:14)<\/h3>\n<p>Helena: Ja, au\u00dfer dass wir verschiedenste Folgen ver\u00f6ffentlicht haben, gibt es ja auch immer mal wieder Feedback zu unserem Podcast und einiges von diesem Feedback kommt auch auf unserer Webseite an. Und in diesem Jahr gab es mal ein ganz besonderes Feedback. Und zwar haben wir Feedback von ChatGPT bekommen oder so in der Art, weil da war dann auch ein Webseiten-Link bei, dass irgendwie so ein, jemand hat ChatGPT geklont, also quasi irgendwie eine Oberfl\u00e4che daf\u00fcr gemacht und versucht jetzt irgendwie Werbegeld abzugreifen oder so. Und \u00fcber Spam wird das Ganze dann halt, dieser Link irgendwie verbreitet, damit Leute das finden. Und ja, das Feedback kam im Juli rein, war aber auch zur letzten Jahresr\u00fcckblicks-Folge, also passend. Und das m\u00f6chte ich jetzt einmal vorlesen.<\/p>\n<blockquote>\n<p>Lieber Datenleben-Team, ich m\u00f6chte euch f\u00fcr diesen gro\u00dfartigen Jahresr\u00fcckblick 2022 danken. Ihr habt es wirklich geschafft, das vergangene Jahr auf eine informative und unterhaltsame Art und Weise Revue passieren zu lassen. Die Artikel sind gut strukturiert, lesenswert und mit interessanten Informationen gespickt. Ich habe mich durch den Jahresr\u00fcckblick regelrecht gew\u00fchlt und konnte so viele spannende Details entdecken. Weiter so. Herzliche Gr\u00fc\u00dfe, GPT[...].<\/p>\n<\/blockquote>\n<p>Helena: Und dann der komische GPT-Klon-Name. Ja, da sind nat\u00fcrlich offensichtliche Fehler drin, wie man das von ChatGPT ja durchaus auch kennt. Irgendwie hat es nicht so richtig verstanden, dass es ein Podcast ist. Ich meine, seit diesem Jahr haben wir ja immerhin vollst\u00e4ndige Transkripte. Das hei\u00dft, man kann das auch rein durchlesen machen. Aber ja, fanden wir lustig, haben wir trotzdem nicht freigeschaltet. Aber finde ich doch \u00fcberraschend, dass man irgendwie, wenn man so eine Webseite betreibt, unheimlich viel Spam kriegt. Und das ist das einzige Mal, ich meine, da steht jetzt sogar, dass es von ChatGPT oder \u00c4hnlichem gemacht ist, drin. Aber alle andere Spam passt ja \u00fcberhaupt gar nicht. Da hat niemand irgendeinen GPT drauf gelassen oder ein Sprachmodell. Das ist immer wieder \u00fcberraschend, dass das noch so unverbreitet ist. Obwohl das technisch doch mittlerweile so einfach sein sollte. <\/p>\n<p>Janine: Wobei unser Spam-Filter gerade wieder ein bisschen besser funktioniert. Vielleicht kriegen wir es gerade nur nicht mit.<\/p>\n<p>Helena: Ja, aber das ist auch erst eine \u00c4nderung in den letzten paar Monaten gewesen. Davor, wo das hier erschienen ist, war der ja noch nicht verbessert. Da h\u00e4tte das auch sein k\u00f6nnen, dass man \u00f6fter sowas sieht. Aber das ist bisher noch gar nicht so passiert.<\/p>\n<p>Janine: Bei uns jedenfalls nicht. Falls euch so etwas in einem Projekt, wo ihr t\u00e4tig seid, begegnet ist, sagt gern Bescheid.<\/p>\n<h3>Was nehmen wir mit aus 2023 an Themen oder Erkenntnissen? (00:19:58)<\/h3>\n<p>Janine: Das war es aus dem Bereich zum Podcast. Jetzt kommt der gro\u00dfe Abschnitt. Was nehmen wir aus 2023 an Themen und Erkenntnissen mit? Also ja, es ist halt irgendwie das gro\u00dfe Jahr der Sprachmodelle. Und was wir beobachten, weil wir hatten dieses Thema, also k\u00fcnstliche Intelligenz, neuronale Netze, ja auch schon in den letzten Jahresr\u00fcckblicken oder zumindest vor allem im Letzten sehr dominant. Und so langsam haben wir zumindest das Gef\u00fchl, das war so ein bisschen eine Erkenntnis, das Umgehen damit hat sich jetzt so ein bisschen verschoben von das gibt es jetzt, das ist da, damit spielen alle einmal rum, zu damit arbeiten wir jetzt wirklich produktiv. Also in unserem Alltag, teilweise auch im Beruf, h\u00f6rt man ja auch immer wieder. Und ja, dazu, kommen wir auf jeden Fall gleich noch in der Tiefe. Und vorher dachten wir, kommen wir noch zu den pers\u00f6nlichen Eindr\u00fccken. Ja, ich fange einfach mal an. Und weil ich nicht wusste, was ich machen soll, greife ich mein Thema vom letzten Jahr auf. Da habe ich im letzten Jahresr\u00fcckblick gesagt, dass ich 2022 nur acht B\u00fccher beendet habe, was mich echt ein bisschen schockiert hat. Und ich hatte mich dann damit besch\u00e4ftigt, wo meine Zeit sonst reingeflossen ist. Und dann stellte sich raus, dass ich, dass ich an 75 Rollenspiel-Sessions beteiligt war. Und ich glaube, da ist so ein bisschen meine Lesezeit hin abgeflossen. Das wollte ich ein bisschen umstellen in 2023 und hatte mir das hehre Ziel gesetzt, 23 B\u00fccher zu lesen. Muss ja irgendwie zu schaffen sein. Fr\u00fcher habe ich ein Vielfaches davon gelesen und die quasi weggeatmet. Und ich bin ja auch schlie\u00dflich in zwei Lesezirkeln aktiv. Also irgendwas muss da gehen. Naja, die harte Realit\u00e4t und meine Erkenntnis damit f\u00fcr dieses Jahr, das sich allein vorzunehmen und zu w\u00fcnschen oder gerne mal wieder zu machen, reicht nicht. Ich habe tats\u00e4chlich zum jetzigen Stand exakt acht B\u00fccher wieder beendet, was eigentlich genauso viele wie letztes Jahr sind. Aber ich habe mehrere fast beendete B\u00fccher.<\/p>\n<p>Helena: Ja, dann hast du ja noch die Chance, dass das klappt, noch mehr zu beenden.<\/p>\n<p>Janine: Genau, es werden definitiv keine 23 werden. Aber ich habe bis Ende des Jahres noch Zeit, wenigstens drei B\u00fccher zu beenden. Dann w\u00e4re ich bei elf; ist ja auch schon mal ein Anstieg. Ja, falls sich jetzt jemand fragt, wie war denn das dann mit den Rollenspiel-Sessions? Hat sich da auch was getan? Ja, ich hatte dieses Jahr bis zum jetzigen Zeitpunkt 104.<\/p>\n<p>Helena: Ja, deutlich mehr als im Jahr davor. Das Jahr ist noch nicht mal um.<\/p>\n<p>Janine: Ja, es macht halt aber auch leider einfach so viel Spa\u00df. Und irgendwo ist es ja auch das Gleiche. Man besch\u00e4ftigt sich mit anderen Perspektiven, einer anderen Welt und kann sich darin reinversenken. Und das macht einfach unglaublich viel Spa\u00df. Ja, deswegen habe ich auch ein bisschen gelernt, okay, das Steuern von Interessen klappt irgendwie einfach nicht. Das Gehirn will, was es will, ist eigentlich auch keine neue Erkenntnis. Aber hin und wieder schl\u00e4gt sie wieder relativ \u00fcberraschend zu. Ja, das dazu. Helena, was hast du denn f\u00fcr 2023 so im Blick an Erkenntnissen?<\/p>\n<p>Helena: Ja, also du hast ja vorhin schon mal erw\u00e4hnt, dass es offensichtlich das Jahr der gro\u00dfen Sprachmodelle ist. Und eine Sache, die eben auch daraus folgt, ist, um solche Sprachmodelle \u00fcberhaupt trainieren zu k\u00f6nnen, muss man unheimlich viel Geld investieren. Das hei\u00dft, das ganze k\u00fcnstliche Intelligenz oder maschinelles Lernthema ist jetzt auch ein Thema, das mit, ja, man muss gro\u00dfe Finanzmittel haben einhergeht. So wie das ja auch sonst immer bei, wenn man eine Fabrik bauen wollte, brauchte man viel Geld. Aber jetzt ist es auch so, wenn man ein solches Modell trainieren m\u00f6chte selber, braucht man sehr viel Geld. Aber auch, um es anwenden zu k\u00f6nnen, sind die Hardware-Anforderungen ja doch deutlich gr\u00f6\u00dfer, als zum Beispiel, als wir letztes Jahr noch \u00fcber die Bildgenerierung geredet haben. Also, das hei\u00dft, auch hier kommen h\u00f6here Kosten auf einen zu, wenn man das einfach nur mal selber damit entwickeln m\u00f6chte.<\/p>\n<p>Janine: So wie du das sagst, das betrifft dich wahrscheinlich auch pers\u00f6nlich.<\/p>\n<p>Helena: Ja, so f\u00fcr unsere letzte Folge zum Thema k\u00fcnstliche Intelligenz \u00fcber die Bildgenerierung hatten wir, also konnte ich das alles selber auf meinem eigenen Rechner machen. Mittlerweile ist das deutlich schwieriger geworden, weil f\u00fcr viele dieser Modelle eher so 24 Gigabyte Grafikspeicher ben\u00f6tigt werden. Wobei es auch immer wieder mal Software gibt, die angeblich auch auf dem normalen Rechner laufen soll. Das habe ich jetzt noch nicht ausprobiert. Aber sobald wir das alles getestet haben und mehr dar\u00fcber sagen k\u00f6nnen, werden wir bestimmt auch mal eine Folge zu diesem Thema machen. Ansonsten war ich auch mal wieder auf einer Veranstaltung zum Thema. Was ist denn gerade so los hier mit Computern und so? Und da war ChatGPT auch einfach das gro\u00dfe Thema, dass man damit unheimlich viel machen kann, wie zum Beispiel Excel-Dateien analysieren oder Grafiken erstellen und all solche Dinge. Das sind nat\u00fcrlich dann Features, die der kostenpflichtigen Version vorbehalten sind. Und ChatGPT ist mit irgendwie 20 Euro im Monat doch relativ teuer daf\u00fcr, dass man vielleicht mal nur ein bisschen damit rumspielen m\u00f6chte. Es gibt allerdings ja auch die kostenfreie Version. Und ja, eine Sache, die auch mir aufgefallen ist bei so einer Veranstaltung ist ja, die W\u00f6rter, mit denen man irgendwie so Data Science Anwendungen bewirbt haben, sich doch stark ge\u00e4ndert. Also niemand hat das Wort Big Data noch benutzt. Das war vor einigen Jahren das gro\u00dfe Ding oder irgendwie Data Mining. Ist schon l\u00e4nger irgendwie nicht mehr so interessant, scheinbar als Begriff. Daf\u00fcr neu hinzugekommen ist das sogenannte Prompt Engineering. Also das meint letztlich, was f\u00fcr Texte man sowas wie ChatGPT oder auch Stable Diffusion f\u00fcr die Bildgenerierung oder \u00e4hnlichen Modellen sagen soll als Begriffe, damit es das Richtige tut. Und das kann man eben auch in der kostenlosen ChatGPT Version zum Beispiel benutzen, indem man immer den Kontext gleich mit liefert, wer man ist, in welchem Kontext man handelt. Das kann man standenm\u00e4\u00dfig einstellen und dann muss man das nicht mehr jedes Mal sagen, weil je nachdem, wie der Kontext ist, gibt einem dieses Sprachmodell ja unterschiedliche Dinge. Und deswegen ist das offenbar auch gerade ein gro\u00dfes Thema, auch f\u00fcr die Leute, die nur ein bisschen damit arbeiten und nicht auch selber die Software entwickeln. Ein anderes Ding ist, ich meine ChatGPT ist ja eindeutig gehypt worden dieses Jahr und die letzten Jahre gab es ja durchaus so Hypes wie Blockchain oder NFTs und ich w\u00fcrde sagen, dass das, was ChatGPT kann, etwas ist, was uns auch langfristig erhalten bleiben wird und mehr ist als die anderen Hypes, die ich gerade erw\u00e4hnt habe. Selbst wenn am Ende die Software nicht mehr ChatGPT hei\u00dfen wird, sondern vielleicht anders wie Copilot, wie die Marke, die Microsoft jetzt gerade verwendet oder so. Aber welche Software sich dann in zehn Jahren oder so durchgesetzt, das wei\u00df ich nicht und vielleicht gibt es auch f\u00fcr verschiedene Anwendungen ganz viele verschiedene. Aber die zugrunde liegende Technologie, w\u00fcrde ich schon erwarten, bleibt vorhanden und wird unser aller Leben weiterhin in irgendeiner Form beeinflussen. <\/p>\n<p>Janine: Ja, das glaube ich auch. Also es gibt Kritikpunkte, die man daran definitiv \u00fcben kann und soll und auch nicht aus den Augen verlieren sollte, aber im Wesentlichen existiert es und wird benutzt und allein deswegen ist es schon wichtig, sich damit zu besch\u00e4ftigen, was es ist, wie es funktioniert und so weiter.<\/p>\n<h3>Tut sich noch was bei der Bildgenerierung? (00:27:47)<\/h3>\n<p>Janine: Ja, dann kommen wir doch mal gleich r\u00fcber zu den konkreten Data Science Themen 2023 und fangen mit der Bildgenerierung an. Was hast du denn dazu noch hinzuzuf\u00fcgen?<\/p>\n<p>Helena: Ja, genau. Und in der Folge ging es insbesondere um Stable Diffusion, was eine Software ist, die man eben auch auf dem eigenen Rechner kostenfrei einsetzen kann. Und nicht nur diese Software, sondern auch andere basieren auf dem sogenannten LAION-Datensatz, und was mich da jetzt \u00fcberrascht hat im Laufe des Jahres, gab es irgendwie eine Meldung dazu, in dem dann irgendwie pl\u00f6tzlich von deutschen Gerichten die Rede war, so dass ich mir das nochmal genauer angeguckt hatte und wenn man bei denen im Impressum guckt, dann steht da, dass das irgendwie ein deutscher Verein ist, der noch eingetragen werden solle laut Impressum. Aber das hei\u00dft, dass es tats\u00e4chlich unter deutsches Recht f\u00e4llt, die Trainingsdaten. Und hier gibt es durchaus das Thema Data Mining, das nach deutschem Recht, soweit ich das beurteilen kann \u2013 ich habe nichts mit Jura zu tun, also ist das nur eine Einsch\u00e4tzung eines Laien. Ja, aber soweit ich das verstanden habe, ist nach deutschem Recht unter bestimmten Voraussetzungen Data Mining im Internet erlaubt. Und so wie ich das verstehe, w\u00fcrde es nach deutschem Recht ausreichen, wenn man die robots.txt, das ist so eine Datei, die man auf Servern hat, in denen drinsteht, ob Google zum Beispiel alle Seiten in die Suchmaschine aufnehmen darf, oder nicht, dass man auch da eben Bilder dr\u00fcber sch\u00fctzen kann, vor in Trainingsdaten aufgenommen zu werden. Und wenn man das nicht gemacht hat oder das nicht tut, dann hat man so gesehen die Einwilligung gegeben, beziehungsweise ist es eher ein, man muss dem halt aktiv widersprechen. Aber das kann man auch. Ich bin mal gespannt, was jetzt in Bezug auf die Copyright-Klagen, die es da gibt, herauskommt. Und wenn es dann irgendwelche Urteile gibt, werden wir sicherlich in einem der n\u00e4chsten Jahresr\u00fcckblicke auch nochmal dr\u00fcber reden.<\/p>\n<p>Janine: Ja.<\/p>\n<p>Helena: Und was ich auch gesehen habe, ist, es gibt die Malsoftware Krita. Das ist so eine Software, mit der man, wenn man digital malen m\u00f6chte am Computer, gut arbeiten kann. Die ist auch Open Source und kann einfach heruntergeladen werden. Daf\u00fcr gibt es jetzt eine Stable Diffusion-Integration. Das hei\u00dft, man kann sich Stable Diffusion dann entweder auf dem eigenen Rechner laufen lassen, notfalls kann man das aber auch \u00fcber die Cloud machen und das anbinden. Und dar\u00fcber lassen sich dann Elemente von Bildern, die man selber gemalt hat, im eigenen Stil anpassen. Also, dass dann irgendwie Teile ge\u00e4ndert werden sollen oder all die Dinge, die Stable Diffusion halt so kann mittlerweile. Also, wenn man ein Bild gemalt hat oder skizziert hat, dass man das dann generieren lassen soll, dass es dann ausgemalt wird. Ja, dass Details hinzugef\u00fcgt werden sollen, wenn man an manchen Stellen mehr Details haben m\u00f6chte. Solche Sachen lassen sich damit machen. Und das betrifft jetzt nicht nur diese Software Krita, sondern eben auch die ganzen Adobe-Programme wie Photoshop, die jetzt sehr viele von diesen KI-Tools drin haben, mit denen sich Bilder bearbeiten lassen. Das hei\u00dft, auf der einen Seite wurden jetzt f\u00fcr solche Trainingsdaten Daten von K\u00fcnstlern teilweise ungerechtfertigterweise genutzt, ohne dass sie das wollten. Auf der anderen Seite k\u00f6nnen jetzt viele K\u00fcnstler auch einfach damit arbeiten, ohne dass es alles generiert ist, sondern nur Teile vielleicht ein bisschen vereinfacht werden dadurch. Gerade bei der Fotobearbeitung gehe ich mal davon aus, dass das auch dauerhaft genutzt werden wird. Wenn man jetzt irgendwie einen sch\u00f6nen Strand fotografiert und die Leute raus editiert haben m\u00f6chte oder den M\u00fcll.<\/p>\n<p>Janine: Das kann ich mir auch vorstellen.<\/p>\n<h3>Kann Whisper inzwischen mehr? (00:31:42)<\/h3>\n<p>Janine: Ja, kommen wir mal von Bildern zur Sprache. Wir haben Whisper angefangen zu benutzen. Und zwar stich letzte Jahresr\u00fcckblicks-Folge, also Folge 34, das war die erste, haben wir unsere Audiodateien, unserer Podcast-Folgen, eben Whisper zugeworfen, was Helena auf ihrem Server installiert hat, um eben unsere Folgen komplett zu transkribieren, in der Hoffnung, damit auch eben so ein bisschen Barrieren abzubauen beziehungsweise Inhalte leichter zug\u00e4nglich zu machen. Whisper ist etwas, das auch durch OpenAI entwickelt wurde. Es ist auf GitHub verf\u00fcgbar. Es gibt inzwischen, ich glaube, mehrere Versionen, Ableger, Verbesserungen und nicht nur noch das Originale, wie OpenAI es bereitgestellt hat. Im Sommer hatten wir schon mal eine Folge gemacht mit einem Fazit, was uns bisher so aufgefallen ist, wie so das Experiment bisher f\u00fcr uns gelaufen ist. Das war Folge 40, wie nutzen wir Whisper f\u00fcr Transkripte. Und da hatten wir kurz zusammengefasst so das Fazit, dass im Vergleich zu den selbst angefertigten Shownotes, die recht ausf\u00fchrlich mit Stichpunkten best\u00fcckt waren, hat uns das schon enorm Zeit gespart. Es hatte allerdings auch Grenzen. Wir haben so ein kleines Experiment gemacht und Menschen auch Stellen transkribieren lassen und das miteinander verglichen. Was Menschen vor allem tun, ist auch Emotionen abbilden in Transkripten, haben wir dabei festgestellt. Also quasi Metadaten zum reinen Text mit aufgef\u00fchrt, wie wenn eine von uns gelacht hat oder \u00e4hnliche Stellen. Und was auch die Menschen gemacht haben, was Whisper noch nicht gemacht hat, war in Sprechende zu unterteilen, also vorzuschreiben, wer was gesagt hat. So, das waren so die Sachen, die uns aufgefallen waren, die Whisper nicht tat. Ich habe jetzt letztens mal mit einer anderen Whisper-Installation, die auf einem Windows-Rechner lief und f\u00fcr die Grafikkarte optimiert war und nicht auf einem anderen Speicher lief, eine Folge transkribiert. Und da ist mir etwas aufgefallen. Bisher war es immer so bei Helenas-Installation, dass die Gender-Gaps, die wir sprechen, mit einem Binnen-I markiert waren. Und bei der letzten Transkription auf dem anderen Rechner habe ich dann erstmals das Sternchen als Gender-Gap gefunden und auch erste Versuche, die Sprechenden voneinander zu unterscheiden. Ich wei\u00df zwar nicht, warum wir Siebert und Dominik hei\u00dfen.<\/p>\n<p>Helena: Ja, Sprechende werden unterschieden, aber mit v\u00f6llig erfundene Namen.<\/p>\n<p>Janine: Ja, manchmal auch nur mit den Buchstaben als Abk\u00fcrzung. Und ja, das war auf jeden Fall sehr interessant. Das hat auch nicht an allen Stellen funktioniert, das tauchte einfach random im Text auf. Aber ich nehme das mal als Zeichen daf\u00fcr, dass es anf\u00e4ngt, auch bei Whisper die Stimmen tats\u00e4chlich zu unterscheiden und dass sich das dann vielleicht noch ausbaut und demn\u00e4chst besser funktionieren wird.<\/p>\n<p>Helena: Ja, aber so wie das bisher von den Trainingsdaten her funktioniert, ist es ja doch eher so, dass es einfach Text versus Tonaufnahme im Training verwendet. Und das Risiko, was ich da sehe, ist, naja, Leute wie wir und andere auch schreiben halt die Namen noch zus\u00e4tzlich davor bei dem Transkript. Aber diese Information steht ja nirgendwo in dem Ton. Und bis Whisper raus hat, dass die Namen vielleicht doch im Ton existiert haben oder dass man die vielleicht extern zuf\u00fcttern sollte, ich glaube, da m\u00fcssten die auch die Software umbauen und nicht nur das mit Modellen trainieren.<\/p>\n<p>Janine: Ja, also ich kann mir dann vorstellen, dass man vielleicht so Angaben macht. Zum Beispiel, wenn ich Whisper starte und sage, transkribiere diese Folge, sage ich ja auch, gib mir \u00fcbrigens bitte aus, wie lang es gedauert hat, das zu transkribieren. Und dann kann ja auch dazu gesagt werden, zwei Sprechende, Speaker 1 Name sowieso, Speaker 2 sowieso. Also es kann ja in den Befehl, Whisper auszuf\u00fchren, durchaus mit rein. Aber interessant w\u00e4re auf jeden Fall erstmal, das \u00fcberhaupt sauber hinzukriegen. Auch wenn mir dann Siebert und Dominik hei\u00dfen, dann kann ich das mit Search and Replace trotzdem recht z\u00fcgig \u00e4ndern.<\/p>\n<p>Helena: Ja, aber Whisper hat halt nicht den kompletten geh\u00f6rten Text als Kontext, sondern der Kontext ist ja noch relativ gering. Das hatten wir ja in der Folge. Ich wei\u00df jetzt nicht, ob, also es wurde ja ein neues Modell ver\u00f6ffentlicht, was jetzt eben wahrscheinlich zu diesen Sternchen und den Benennungen gef\u00fchrt hatte. Ob das jetzt auch einen l\u00e4ngeren Kontext mitspeichert, aber der war ja so kurz.<\/p>\n<p>Janine: Das stimmt.<\/p>\n<p>Helena: Das kann ich mir nicht vorstellen, dass das sonderlich viel hilft.<\/p>\n<p>Janine: Du meinst, es scheitert daran, dass die einzelnen Sprechabschnitte so lang sind, dass quasi der andere Sprechende aus dem Puffer rausgefallen ist?<\/p>\n<p>Helena: Ja, genau. Es werden ja immer nur so und so viele Zeilen nochmal wieder als Kontext geliefert, die nur wenigen Sekunden entsprechen oder so. Und dann geht das, glaube ich, verloren einfach \u00fcber die Zeit.<\/p>\n<p>Janine: Ja, das kann sein, nat\u00fcrlich. Daran hatte ich jetzt gar nicht gedacht. Stimmt. Ja, wir werden das weiter beobachten. Vielleicht haben wir da n\u00e4chstes Jahr dann mal ein Update zu<\/p>\n<h3>Wie gut sind Audio Deepfakes inzwischen? (00:37:01)<\/h3>\n<p>Janine: Was ich vorhin noch meinte, ist, dass es ja nicht nur Sprache zu Text gibt, sondern auch Text zu Sprache. Und da kommen die Audio-Deepfakes ins Spiel, dass halt Texte mit beliebigen Stimmen, von denen Stimmproben existieren, vorgelesen werden k\u00f6nnen. Da gab es einige verschiedene Sendungen, Podcast-Folgen, Nachrichtensendungen schon zu und haben da \u00fcber Deepfakes geredet. Wir verzichten jetzt selbst auf diesen Kniff unserer eigenen Stimmen, einmal zu faken, was in vielen dieser Sendungen passiert. Eine sehr gute Sendung m\u00f6chte ich aber empfehlen zu dem Thema. Das fand ich, war die Folge Deepfake bei Anruf Klon von 11KM zu finden in der ARD Audiothek. Da kommt Svea Eckert zu Wort und spricht eben \u00fcber Audio-Deepfakes, die mit Hilfe von KI erstellt werden. Und ein wichtiges Thema dieser Folge ist halt so die Frage, wie sehr k\u00f6nnen wir Stimmen und ihre Echtheit eigentlich noch vertrauen und was resultiert daraus? Und es geht da auch um Betrug, n\u00e4mlich darum zum Beispiel, dass Firmenchefs gefaked werden und sich so Geld von Firmen erschlichen wird. Aber solche Fakes k\u00f6nnen uns auch im kleinen und im privaten Raum betreffen, wenn wir zum Beispiel an diese ganzen Enkeltrick- oder Schockanrufe denken. Ja, das kann fast alle Menschen betreffen. Also Helena's und meine Stimme zum Beispiel sind ziemlich leicht zu kopieren. Wir sind in diesem Internet zu finden. Unsere Stimmdateien sind zu Stunden aufgef\u00fcllt.<\/p>\n<p>Helena: Ja.<\/p>\n<p>Janine: Und ja, es gibt es auch von vielen anderen Menschen, die etwas \u00fcbers Internet teilen. Von daher ist sowas nat\u00fcrlich ein leichtes Ziel. Aber das kann auch einzelne Menschen betreffen, zum Beispiel durch Anrufe, dass Bandansagen von der Mailbox aufgenommen werden oder irgendwelche Fake-Umfragen stattfinden, wobei die Stimme aufgenommen wird. Und mit nur relativ wenig Sprechzeit kann eine Stimme schon ziemlich gut nachgebildet werden. Deswegen finde ich es auch wichtig, also es ist sowieso wichtig mit der Familie und vor allem mit Menschen, die etwas unbedarfter sind, vielleicht dar\u00fcber zu reden, was solche Anrufe bewirken k\u00f6nnen, genauso wie Phishing-Mails zum Beispiel. Aber ja, da vielleicht, ja, Vertrauen ist halt schwierig geworden dadurch. Und eventuell w\u00e4re es an der Zeit, mit einzelnen Menschen vielleicht so eine Art Codewort abzusprechen, womit sie checken k\u00f6nnen, gerade bei so Schockanrufen wie ich hatte einen Autounfall, habe Fahrerflucht begangen oder ich wurde verhaftet oder ich brauche Geld. Gerade bei solchen Anrufen einfach nachhaken zu k\u00f6nnen und auf ein bestimmtes Stichwort zu warten, ob das jetzt real ist oder nicht.<\/p>\n<p>Helena: Ja, ich meine, solche Sachen kommen ja auch gerne dann von der falschen Nummer, wenn sie gefakt sind. Und bisher gab es da vor allen Dingen ja so SMS, wo es dann oft schon gereicht h\u00e4tte, einfach mal zu fragen, ja, wie hei\u00dft du denn \u00fcberhaupt, wenn du meine Tochter bist? Das hatten vielleicht viele mittlerweile im Familienumfeld schon mal erlebt. Aber in dem Moment, wo der Angreifer tats\u00e4chlich recherchiert hat, wie die Familienverh\u00e4ltnisse sind und eine Stimmaufnahme hat und einen so anruft, reicht das dann ja nicht mehr, nach dem Namen zu fragen. Die Stimme ist ja offensichtlich schon verwendet worden. Und ja, man kann nur davon ausgehen, dass diese Art von Betrug immer h\u00e4ufiger wird.<\/p>\n<p>Janine: Ja, und auch einfach ins Blaue hinein. Also ob sich die Menschen vorher wirklich informieren oder nicht. Es ist ein Leichtes, eine Stimme aufzunehmen, einen Text zu generieren und zu gucken, ob es zuf\u00e4llig passt. Also ja, das muss noch nicht mal sehr ausgefeilt sein. Und der Moment, auf den gez\u00e4hlt wird, ist ja auch das Schocken und das \u00dcberrennen mit Informationen, zu einer Handlung zu dr\u00e4ngen und so. Also ja, schon wichtig, mit Menschen dar\u00fcber zu reden, was inzwischen m\u00f6glich ist, finde ich.<\/p>\n<p>Helena: Ja.<\/p>\n<h3>Wo steht chatGPT nach einem Jahr? (00:41:00)<\/h3>\n<p>Helena: Ja, was inzwischen m\u00f6glich ist. Ich will nochmal auf das Thema Chat-GPT zur\u00fcckkommen. Also letztes Jahr 2022 hatten wir so als Jahr der Bildgenerierungsmaschinen gesehen. Und 2023 ist jetzt eindeutig das Jahr der gro\u00dfen Sprachmodelle. Und das GPT-Modell ist eins davon. Und das gibt es eigentlich auch schon seit mehreren Jahren. So, GPT-3, was so die Grundlage von Chat-GPT dann war, haben wir schon im Jahresr\u00fcckblick 2020 erw\u00e4hnt. Aber es war halt nicht einfach zug\u00e4nglich und nicht leicht zu benutzen. Und Chat-GPT wurde ja auch schon im letzten Jahr Ende November ver\u00f6ffentlicht. So, dass es dann auch schon im letzten Jahresr\u00fcckblick Erw\u00e4hnung fand. Ja, und seitdem ist einiges passiert. Insbesondere gibt es seit Februar dann eben auch die kostenpflichtige Version. Am Anfang war das ja nur eine Demo, wo jede Person irgendwie teilnehmen konnte. Bei der kostenpflichtigen Version kann man sich zum einen daraus rauskaufen, dass man selber als Trainingsdatum benutzt wird. Aber die kann auch eine ganze Menge andere Sachen, ja, die sich auch im Laufe des Jahres verbessert haben. So, auch im Februar integriert dann Microsoft Chat-GPT und investiert auch sehr viel Geld da rein. Und es wird dann eben die Suchmaschine Bing in, also die Suchmaschine von Microsoft hei\u00dft Bing. Und da wird Chat-GPT integriert und nennt sich dann auch Bing Chat. Ja, am 23. Februar ver\u00f6ffnet Meta, das ist die Firma, die fr\u00fcher mal Facebook hie\u00df und jetzt Facebook unter anderem noch betreibt, sowie WhatsApp und Instagram. Die ver\u00f6ffentlichen das Modell LLAMA. LLAMA ist letztlich auch von Large Language Model inspiriert als Name. Also LLM ist so die Abk\u00fcrzung typischerweise. Und hier ist das Besondere, dass das Modell geleakt wird, also sie ver\u00f6ffentlichen das Modell an sich, aber wie das dann trainiert, welche Werte man wo eintragen muss, war eigentlich geheim. Das wird aber geleakt innerhalb der ersten Woche und ist seitdem die Basis f\u00fcr viele Open Source Large Language Models. Und das ist insofern interessant, als dass eine Sache, die eben bei dieser ganzen k\u00fcnstlichen Intelligenz eine Rolle spielt, ist, wenn man erstmal einen Trainingsstand hat, und ein Modell, dann kann man von da aus weiterarbeiten und muss nicht mehr alle Ressourcen haben, die man vorher investiert hat. Und deswegen war eben dieses LLaMA sehr n\u00fctzlich f\u00fcr viele Leute, um eigene Modelle und eigene Entwicklungen anfangen zu k\u00f6nnen. Ja, am 14. M\u00e4rz wurde dann GPT-4 ver\u00f6ffentlicht, also die neueste Version, die sich allerdings nur \u00fcber die Bezahlvariante von ChatGPT nutzen l\u00e4sst. Und auch im M\u00e4rz, am 21. M\u00e4rz zeigt Google, dann das erste Mal BART, was so die Konkurrenz zu ChatGPT sein soll. Im Juni haben dann zwei Anw\u00e4lte zugegeben in den USA, dass sie ChatGPT f\u00fcr eine Verteidigung in einem Fall verwendet haben. Und in diesem Verteidigungsschriftsatz wurden verschiedene nicht existente F\u00e4lle als Referenz von ChatGPT halluziniert. Das machte dann gro\u00dfe Schlagzeilen und zeigt einfach nochmal, wie unzuverl\u00e4ssig ChatGPT auch sein kann.<\/p>\n<p>Janine: Ja, beziehungsweise nicht wie unzuverl\u00e4ssig, sondern was es einem vorgaukelt.<\/p>\n<p>Helena: Ja, wenn man zu sehr bedr\u00e4ngt, dann erfindet es einfach Dinge, die nicht stimmen. Und das ist ja durchaus etwas, was alle, die das schon mal ausprobiert haben, auch erlebt haben. Es ist auf der einen Seite sehr n\u00fctzlich, auf der anderen Seite darf man dem auch nicht alles glauben. Im September bekam ChatGPT dann die M\u00f6glichkeit zu sprechen. Also es gab ja vorher schon so Assistenten wie Siri und Alexa, die geredet haben, die ja auch eingeschr\u00e4nkt n\u00fctzlich waren. Jetzt kann ChatGPT sowas in der Art auch. Man kann jetzt Fragen per Worte stellen und kriegt dann auch eine Antwort. Und letztlich werden auch solche Sachen wie eben Siri und Alexa durch solche Sprachmodelle langfristig sicherlich auch verbessert werden. Ja, man kann ChatGPT jetzt auch Fotos zeigen und Fragen zu Teilen des Fotos stellen. Also es ist jetzt nicht mehr nur rein Sprache, sondern die haben eben auch die Bildmodelle da rein integriert.<\/p>\n<p>Janine: Das wird inzwischen auch schon zum verbesserten Shopping-Erlebnis im Internet benutzt, in dem Fotos von Produkten geteilt werden k\u00f6nnen und die KI-Suchmaschine sagt einem dann, wo man das zu welchem Preis bekommt.<\/p>\n<p>Helena: Echt?<\/p>\n<p>Janine: Ja.<\/p>\n<p>Helena: Das kann ja dann eigentlich nicht ChatGPT sein, weil die auch in der Bezahlvariante jetzt nicht die neuesten Infos haben.<\/p>\n<p>Janine: Nee, das l\u00e4uft, glaube ich, tats\u00e4chlich. Wo hab ich denn das letztens gesehen? Ja, ich meine, Google macht daf\u00fcr Werbung oder so.<\/p>\n<p>Helena: Ach so.<\/p>\n<p>Janine: Ja, genau.<\/p>\n<p>Helena: Ja, Google macht Werbung. Nachdem deren Bart-Start erstmal total gefloppt ist, weil das Modell noch nicht fertig war, das ist das erste Mal verk\u00fcndet worden, machen sie jetzt Werbung. Aber das greifen wir vor. Denn im Oktober hat Google das sogenannte Copyright Shield f\u00fcr ihre AI-Nutzer angek\u00fcndigt, was im Prinzip manche Nutzer, die bestimmte von ihren AI-Tools kostenpflichtig nutzen, davor sch\u00fctzen soll, wenn sie jetzt Copyright-Claims bekommen, weil das, was sie da generiert haben, irgendwie Copyright verletzen w\u00fcrde, dass dann Google eben sie dann gerichtlich dagegen verteidigen w\u00fcrde und notfalls auch f\u00fcr die Kosten aufkommen w\u00fcrde. Wie viel man davon halten mag und ob man sich darauf verlassen kann, das wei\u00df ich nicht. Aber auch Open AI, die Firma hinter ChatGPT, hat dann auch was \u00c4hnliches irgendwie verk\u00fcndet. Ja, und im November gab es dann die Nachricht, dass ChatGPT pro Woche von 100 Millionen verschiedenen Menschen verwendet wird und es 2 Millionen Entwickler*innen gibt, die Zugriff auf deren Programmierschnittstelle haben, um eigene Anwendungen auf Basis von ChatGPT zu entwickeln.<\/p>\n<p>Janine: Das klingt nach einer Menge.<\/p>\n<p>Helena: Das ist definitiv eine Menge. Also man kann es ja nicht nur selber benutzen, sondern man kann eben auch das als Schnittstelle benutzen und eigene Entwicklungen machen. Und im Prinzip hei\u00dft 2 Millionen EntwicklerInnen, dass jede gro\u00dfe Firma irgendwie damit arbeitet. Ja, was auch im November passiert, ist es dann, dass bei Open AI die Firma hinter ChatGPT erst die F\u00fchrungsriege rausgekegelt wurde, also deren Chef. Inzwischen wurde er wieder eingestellt. Keine Ahnung. Also ich meinte ja schon, wer wei\u00df, ob es Open AI und ChatGPT in 10 Jahren noch in dieser Form gibt und ob die dann immer noch die Position haben, die sie jetzt haben als Innovator und Marktf\u00fchrer. Wer wei\u00df das schon? Solche Machtk\u00e4mpfe innerhalb einer Firma k\u00f6nnen nat\u00fcrlich genau das auch langfristig verhindern, weil das Vertrauen schwindet. Wer wei\u00df. War auf jeden Fall einiges Chaos im November um die Firma. Ja, was im Dezember passieren wird, das wissen wir jetzt noch nicht.<\/p>\n<p>Janine: Man darf gespannt sein, wo das alles hinf\u00fchrt. Oh, Moment. Ich habe da noch was zu. Genau. Es ist n\u00e4mlich zum Beispiel auch Stand 27.11. zu einem Abkommen zum Schutz vor KI-Missbrauch geschlossen worden. Und zwar ist das ein internationales Abkommen, in dem sich 18 L\u00e4nder, darunter auch Deutschland, dazu entschlossen haben, f\u00fcr mehr Kontrolle von Anbietern von KI-Modellen zu sorgen. Allerdings ist das nat\u00fcrlich mal wieder so eine Art Resolution. Das ist eine recht unverbindliche Geschichte. Es ist eine Absichtserkl\u00e4rung. Und es gab ja auch in diesem Jahr einige L\u00e4nder schon, die die Nutzung zum Beispiel von ChatGPT in ihrer Entscheidungsdom\u00e4ne untersagt haben. Also ja, da wird sicher auch noch einiges passieren. Und man darf gespannt sein, wie sich das entwickelt.<\/p>\n<p>Helena: Ja.<\/p>\n<h3>Was haben wir sonst noch gefunden? - Die Bennu-Proben (00:48:49)<\/h3>\n<p>Janine: Gut. Ich finde, das war genug k\u00fcnstliche Intelligenz f\u00fcr den Moment.<\/p>\n<p>Helena: Ja.<\/p>\n<p>Janine: Es ist ja ein kurzer Ritt durch die verschiedenen Themenbereiche, die damit zusammenh\u00e4ngen. Wir hatten aber auch noch andere Themen in diesem Jahr, die wir auch spannend fanden und wo wir denken, vielleicht noch eine interessante Nachricht zum Jahresende jetzt gefunden zu haben, womit wir das erg\u00e4nzen k\u00f6nnen. Ich fange mal damit an, indem ich an Part 1 meiner Lieblingsfolgen ankn\u00fcpfe, n\u00e4mlich an die Asteroiden. Und als die Folge gerade rauskam, kam auch eine Raumsonde zur\u00fcck zur Erde und hat hier eine Kapsel abgeworfen. Und in dieser Kapsel befanden sich oder befinden sich auch noch immer Proben eines Asteroiden, n\u00e4mlich von dem Asteroiden Bennu.<\/p>\n<p>Helena: Um den es ja in der Folge ging, unter anderem.<\/p>\n<p>Janine: Genau. Das war eine lang angelegte wissenschaftliche Mission, mit einer Kapsel Proben auf diesem Asteroiden zu sammeln und sie dann zur Erde zur\u00fcckzubringen. Die Sonde OSIRIS-REx ist jetzt auf der Reise zum n\u00e4chsten Asteroiden. Ich glaube, Apophis m\u00f6chte sie jetzt besuchen oder soll sie? Und hat hier aber eben Proben zur\u00fcckgelassen mit Steinen und Staub von Bennu, die dort aufgenommen wurden. Und das kam kurz nach unserer Folge dann hier an. Und das Interessante daran ist, am 20.10. ist zum Beispiel ein Bericht von der NASA erschienen, dass tats\u00e4chlich bereits 70 Gramm aufgesammelt werden konnten. Urspr\u00fcnglich war geplant, dass 60 Gramm zur Erde zur\u00fcckkommen. Und das Lustige daran ist, dass diese 70 Gramm noch nichtmal aus dem Beh\u00e4lter stammen, sondern aus dem Ger\u00e4t drumrum um den Beh\u00e4lter, weil das ist nat\u00fcrlich insgesamt aufgetroffen auf dem Asteroiden und hat da auch Reste aufgesammelt. Und gerade sind die Wissenschaftler*innen bei der NASA dabei, auch den Beh\u00e4lter \u00f6ffnen zu wollen. Allerdings sind zwei der 35 Bolzen oder Verschlussmechanismen, die dieses Ding sichern, defekt und k\u00f6nnen nicht ge\u00f6ffnet werden. Ja, jetzt wird in den n\u00e4chsten Wochen noch \u00fcberlegt und geforscht, wie da rangekommen werden kann, ohne dass die Probe kontaminiert wird. Einfach aufbohren wird nicht funktionieren. Dann sind Metallreste mit drin. Und das Ganze kann auch nur in einem sehr beengten Raum stattfinden, weil diese Kapsel in einer Kiste ist, wo die Erdatmosph\u00e4re keine Rolle spielt, damit die Proben nicht kontaminiert werden k\u00f6nnen. Das ist in so einer sogenannten Glovebox, wo man so mit so Handschuhen reinfassen kann. Deswegen ist der Raum auch recht beengt und die M\u00f6glichkeiten. Ich glaube, das ist gerade frustrierend und spannend gleicherma\u00dfen f\u00fcr die Forschenden, darin zu arbeiten.<\/p>\n<p>Helena: Ja, den ersten Ergebnissen nach bestanden die Staubproben vor allem aus sehr viel Kohlenstoff und Wasser. Und die Kohlenstoffverbindungen waren teilweise sogar in organischen Verbindungen vorliegend. Was genau das jetzt im gr\u00f6\u00dferen Kontext hei\u00dft, muss man dann sp\u00e4ter mal gucken, wenn noch mehr untersucht wurde.<\/p>\n<p>Janine: 25% der Proben werden auf die ganze Welt verteilt an Wissenschaftler*innen und Einrichtungen. Der Rest verbleibt bei der NASA, wovon ein kleiner Teil tats\u00e4chlich unangetastet bleiben und gleich gut verpackt werden wird, um n\u00e4mlich mehrere Jahrzehnte eingelagert zu werden, damit Forschende der n\u00e4chsten Generation potenziell die M\u00f6glichkeit haben, mit eventuell verbesserten Untersuchungsmethoden und Ger\u00e4tschaften dieses Material nochmal zu untersuchen und vielleicht zu anderen, besseren, feineren Ergebnissen zu kommen. Was ich auch eine ganz coole Praxis finde.<\/p>\n<p>Helena: Ja.<\/p>\n<p>Janine: Dass die Menschen nicht denken, nur wir jetzt k\u00f6nnen alles erschlie\u00dfen, was dahinter steckt.<\/p>\n<p>Helena: Ne, die Geschichte hat gezeigt, dass es oft eine gute Idee ist, noch zu warten, weil fr\u00fcher konnte man manche Dinge nur untersuchen, indem man sie kaputt gemacht hat. W\u00e4hrend es mittlerweile so mit verschiedenen R\u00f6ntgen oder Mikroskopieaufnahmen auch Varianten gibt, wo man nicht Dinge zerst\u00f6ren muss. Und die kann man jetzt gerne machen, aber es ist immer gut, auch Dinge erstmal unangetastet zu lassen.<\/p>\n<h3>Was haben wir sonst noch gefunden? - Eine Ketamin-Sudie (00:53:01)<\/h3>\n<p>Janine: Welches Thema hast du denn nochmal ausgegraben?<\/p>\n<p>Helena: Ja, vor zwei Jahren hatten wir eine Folge \u00fcber Drogen gemacht und dabei ging es auch unter anderem um Ketamin, was mittlerweile bei der Behandlung schwer therapierbarer Depressionen eingesetzt wird, auch in Deutschland. Da gibt es eine neue Studie zu. Ja, im Grunde ist das Problem, was die Studienautoren bei Ketaminbehandlung sehen, dass auch bei einer niedrigen Dosis, die man gegen Depressionen einsetzt, immer noch bestimmte Nebenwirkungen oder vielleicht ist es auch die Wirkung, wer wei\u00df das schon so genau, existieren, die dazu f\u00fchren, dass die Leute, die tats\u00e4chlich das Medikament nehmen, es relativ schnell merken, dass sie wirklich das Medikament nehmen und nicht den Placebo. Und da hatten die dann die These, dass es vielleicht ja sein kann, dass wenn man merkt, man nimmt wirklich das Medikament und nicht den Placebo, dass sich der Placebo-Effekt eben verst\u00e4rkt. Also es gibt durchaus Nachweise, dass der Placebo-Effekt auch von der Erwartungshaltung abh\u00e4ngt. Wenn man damit rechnet, das wirkt eh nicht, was man nimmt, wirkt es halt auch schlechter oder auch der Placebo wirkt dann eben schlechter, als wenn man davon ausgeht, dass es wirkt. Was die deswegen gemacht haben, um das auszuschlie\u00dfen, ist bei Leuten, die f\u00fcr eine Ketaminbehandlung in Frage kommen und gleichzeitig aber auch ein anderer k\u00f6rperlicher Eingriff, der eine Narkose fordert, eh stattfinden sollte, dass man das kombiniert hat und dass man dann eben bei 40 Leuten das gemacht hat, dass man dann sagt so, ja, ihr kriegt jetzt eh eine Narkose und wir geben euch jetzt entweder ein Placebo oder eben das Ketamin intraven\u00f6s und die merken dann aber nicht, ob sie das Medikament genommen haben oder nicht, weil sie ja in Narkose sind. Und da haben jetzt die ersten Ergebnisse keine nennenswerten Unterschiede wahrgenommen zwischen beiden Gruppen. Also die Leute, die tats\u00e4chlich Ketamin genommen haben oder das Placebo, das war relativ \u00e4hnlich und auch der Anteil der Leute, die erraten haben, ob sie jetzt Placebo oder Ketamin genommen haben, lag unter 50 Prozent, was ja dann schon hei\u00dft, wenn man das so schlecht erraten kann, dass es wirklich nicht offensichtlich ist. Also das ist ja durchaus etwas, was man auch nutzen kann, um zu unterscheiden, k\u00f6nnen die Leute erraten, ob sie Placebo nehmen oder nicht? Und wenn die das sehr gut k\u00f6nnen, ist es wahrscheinlich so, dass man irgendwie einen Fehler hat in dem Doppelblindversuch oder dass einfach der Effekt so stark ist, dass man sofort merkt, das funktioniert. Das kann ja auch sein, dass die eigentliche Wirkung so gut ist, dass es gar nicht m\u00f6glich ist, das vom Placebo nicht zu unterscheiden. Ja, aber das lag hier nicht vor. Man konnte das nicht unterscheiden. Und ja, es lag in beiden F\u00e4llen ein relativ guter Effekt vor, weshalb jetzt eine Idee ist, vielleicht funktioniert Ketamin doch gar nicht so gut, sondern die Leute glauben nur, dass es besonders gut wirken w\u00fcrde. Aber es sind nur 40 Proband*innen gewesen. Das hei\u00dft, das ist jetzt noch nichts, was irgendwie dem Einsatz von Ketamin in der Therapie von Depressionen, verhindern w\u00fcrde, weil es sehr viele Studien gibt, die eben auch zeigen, dass es sehr viel bringt bei gerade schwer behandelbaren Depressionen. Das kann ja auch sein, dass einfach das, was man sp\u00fcrt, was dazu f\u00fchrt, dass man merkt, dass man das Ketamin nimmt im Vergleich zum Placebo, ja auch genau das ist, was die Wirkung verursacht. Deswegen ist das jetzt keine klare Widerlegung. Aber ich fand die Idee einfach interessant, dass man in solchen F\u00e4llen auf diese Weise eben versucht, den Placebo-Effekt noch anders rauszubekommen.<\/p>\n<p>Janine: Ja, auf jeden Fall auch etwas, das interessant ist zu verfolgen, weil ja gerade unter Depressionen leiden ja auch viele Menschen. Und es w\u00e4re ja sch\u00f6n, wenn es da etwas g\u00e4be, was auch den Leuten hilft, die da nicht so einfach wieder rauskommen, wobei so einfach in Anf\u00fchrungszeichen in alle Richtungen bitte zu verstehen ist.<\/p>\n<p>Helena: Ja.<\/p>\n<h3>Was haben wir sonst noch gefunden? - Waldrapp im Norden (00:57:15)<\/h3>\n<p>Janine: Ich habe noch mal ein Thema ausgegraben zur Gartenv\u00f6gel-Folge und zu Citizen Science. Es gibt Waldrappen. Das sind gro\u00dfe V\u00f6gel, fast so gro\u00df wie G\u00e4nse. Sie sind schwarz gefiedert und geh\u00f6ren zur Familie der Ibisse. Es ging ja auch um Vogelpopulationen in der Gartenvogel-Folge. Und die Waldrappen sind eine Vogelart, die einst in Europa ziemlich verbreitet war, aber im 17. Jahrhundert durch Bejagungen und so weiter recht deutlich ausgerottet wurde. Mitte der 1990er Jahre gab es von ihnen nur noch gut 200 Exemplare in freier Wildbahn. Und seitdem bem\u00fchen sich verschiedene Projekte darum, die Waldrappen wieder anzusiedeln und die Vogelpopulation wieder aufzubauen. Und deswegen gibt es auch tats\u00e4chlich wieder Brutgebiete. Und zwar befinden die sich haupts\u00e4chlich in S\u00fcddeutschland, \u00d6sterreich und der Schweiz. Und Waldrappen sind Zugv\u00f6gel, die woanders \u00fcberwintern. Sie fliegen noch eine ganze Ecke in den S\u00fcden, um dort dann den Winter zu verbringen und dann in die Brutgebiete zur\u00fcckzukommen. Das hei\u00dft, ich sag mal, oberhalb von Bayern sieht man Waldrappen wahrscheinlich extrem selten. Die V\u00f6gel sind auch besendert und werden beobachtet. Man kann auch mit einer App das Live-Tracking f\u00fcr die besenderten V\u00f6gel verfolgen. Und so kam es dann, dass auch am 28. Oktober sehr schnell festgestellt werden konnte, dass sich etwas sehr Ungew\u00f6hnliches ereignet. N\u00e4mlich sind circa 23 Jungv\u00f6gel aufgebrochen und nach Norden geflogen und haben innerhalb von drei Tagen \u00fcber 1600 Kilometer zur\u00fcckgelegt mit teilweise einer Fluggeschwindigkeit von bis zu 100 km h. Das m\u00fcssen sehr gute Windbedingungen gewesen sein, denn eigentlich geben die Forschenden an, dass die so um die 40 bis 50 km h fliegen. Die Gruppe ist nicht die ganze Zeit zusammengeblieben, sondern hat sich zwischendrin auch getrennt. Und gerade deswegen haben die Menschen aus den Waldrapp-Projekten auch dazu aufgerufen, Vogelbeobachtungen zu melden und auch gegebenenfalls mit Bildern zu belegen und zu zeigen, wo die V\u00f6gel sind. Es sind einzelne Gruppen unterwegs gewesen, wo auch nicht besenderte V\u00f6gel dabei waren, wo dann halt sehr unklar war, wo die hinfliegen, was die machen. Und ja, wie sich vorgestellt werden kann, hier wird so langsam Winter, aktuell liegt hier gerade zum Beispiel ein bisschen Schnee und irgendwann sollten die V\u00f6gel eigentlich in den S\u00fcden und sind jetzt tats\u00e4chlich bis Schweden geflogen, einige von ihnen. Aktuell sagen die Forschenden dazu, da finden sie noch genug Nahrung und gute Bedingungen vor, aber irgendwann wird es zu kalt und wenn sie dann nicht den Sprung in den S\u00fcden schaffen, dann ziehen sie nicht in ihr \u00dcberwinterungsquartier und werden es schwer haben. Deswegen war es besonders wichtig, da Meldungen zu bekommen und es gibt auch einige Fotos jetzt von den V\u00f6geln in Schweden, was ganz cool ist, sich auch mal anzugucken, weil eigentlich sind die echt ziemlich h\u00fcbsch. Und ja, das Ding ist n\u00e4mlich, dass die Jungv\u00f6gel teilweise selbst noch nie ins \u00dcberwinterungsgebiet geflogen sind und wenn sie nicht mit erfahreneren V\u00f6geln auch mal diesen Flug antreten, wissen sie zwar, dass es irgendwie nach S\u00fcden geht, aber nicht ganz exakt, wohin wahrscheinlich und es w\u00e4re einfach gut, wenn sie mit erfahreneren V\u00f6geln dorthin fl\u00f6gen. Wenn das nicht passiert, daf\u00fcr gibt es jetzt allerdings inzwischen auch einen Notfallplan. Also es gibt eine Kooperation mit einem Zoo in Schweden, die V\u00f6gel sollen dann gegebenenfalls eingefangen und im Zoo \u00fcberwintert werden, damit sie auch im n\u00e4chsten Jahr dann wieder freigelassen werden k\u00f6nnen und dann vielleicht tats\u00e4chlich zu ihrem \u00dcberwinterungsgebiet fliegen, nachdem sie vorher wieder in ihrem Brutgebiet ausgelassen wurden. Das ist, finde ich, auch wieder ein sch\u00f6nes Beispiel daf\u00fcr, wie zwar moderne Technik zum Einsatz kommt, indem mit Sendern nachzuverfolgen ist, zu jeder Sekunde, wo sich einer dieser V\u00f6gel gerade befindet, aber dann teilweise doch auch die Hilfe von Menschen, die sich in der Natur umsehen, gefragt ist, um nachvollziehen zu k\u00f6nnen, was diese V\u00f6gel machen, gerade wenn nicht die ganze Gruppe Sender mit sich tr\u00e4gt.<\/p>\n<p>Helena: Ja, ist doch echt. Ich w\u00fcsste auch gerne, warum sind die in die falsche Richtung geflogen?<\/p>\n<p>Janine: Ja, also im ersten Artikel, den ich auch verlinkt habe, steht so ein bisschen drin, es ist f\u00fcr die Forschenden selbst auch v\u00f6llig unklar, warum sie sich so verhalten. Es ist absolut untypisch. Eigentlich fliegen die gar nicht so in den Norden und schon gar nicht so weit, aber es wird auch so leicht angedeutet, der Herbst war recht warm. Aktuell sind die Bedingungen noch sehr gut und die Waldrappen fliegen grunds\u00e4tzlich relativ sp\u00e4t los. Also ja, vielleicht k\u00f6nnen sp\u00e4tere Untersuchungen oder Beobachtungen zeigen, dass es eventuell mit der Temperaturverschiebung zusammenh\u00e4ngt in der Hinsicht. Aber ja, so genau kann das einfach auch jetzt gar nicht gesagt werden. Es ist auf jeden Fall recht ungew\u00f6hnlich, dass die einfach mal nach Schweden fliegen.<\/p>\n<p>Helena: Wenn die da normalerweise eh nicht sind und dann eigentlich nicht n\u00f6rdlicher als Bayern fliegen. Ja, ungew\u00f6hnlich. Wir werden uns das nochmal angucken.<\/p>\n<p>Janine: Genau, bin auch ein bisschen angefixt, das Thema weiter zu beobachten.<\/p>\n<h3>Was erwartet uns wohl im Jahr 2024? (01:02:38)<\/h3>\n<p>Janine: Damit haben wir es eigentlich f\u00fcr dieses Jahr, um das mal so brachial zusammenzuzurren. Die letzte Frage ist eigentlich, was erwartet uns wohl im Jahr 2024?<\/p>\n<p>Helena: Ja, eine Sache, die ich jetzt gerade so beobachte und wahrscheinlich auch im Jahr 2024 wohl noch gelten wird, ist, dass die Relevanz vom ehemaligen Twitter wohl weiterhin irgendwie noch gegeben sein wird, weil es immer mal wieder Nachrichtensituationen gibt, wo ich doch in der internationalen Presse oft Zitate von Twitter dann noch lese, also ehemals Twitter. W\u00e4hrend es in Deutschland eigentlich quasi ja ausstirbt und sich immer mehr davon zur\u00fcckziehen, wie auch dieser Podcast.<\/p>\n<p>Janine: Ja.<\/p>\n<p>Helena: Wir sind da auch schon nicht mehr. Ja, dann w\u00fcrde ich erwarten, dass sich die Anwendung von sowas wie den Sprachmodellen und der Bildgenerierung weiter herauskristallisieren wird. Also, dass es einige Situationen gibt, wo das komplett sinnlos ist, wo man jetzt versucht, damit zu arbeiten. Wird es sicherlich geben, aber auch Dinge, wo es sich sehr n\u00fctzlich herausstellt.<\/p>\n<p>Janine: Ja, also ich w\u00fcrde zumindest f\u00fcr mich f\u00fcr 2024 sagen, so welches Thema mich da auch so ein bisschen mehr erwartet oder wo ich auch wieder mehr Augenmerk drauf lenken will, ist das Klimathema, weil ich einfach merke, dass ich da gerade komplett den Anschluss verloren habe. Also \u00f6fter sehe ich so einzelne Berichte auftauchen, die jetzt so sagen, die jetzt zum Beispiel sagen, ich glaube, der Oktober war der w\u00e4rmste Oktober seit 125.000 Jahren und solche Dinge. Und das sind aktuell nur noch so Lichtblitze von einem Thema, das so gro\u00df geworden ist, dass es fast nur noch Hintergrundrauschen ist. Und da w\u00fcrde ich also von mir selbst einmal erwarten, dass ich da wieder mehr hingucke. Und zum anderen glaube ich aber auch, dass das noch dringender werden wird und auch so Projekte vielleicht mehr in den Fokus r\u00fccken m\u00fcssen, die Sachen voranbringen und nicht sowas wie die Wirtschaft beschwert sich, dass die Klimama\u00dfnahmen die Wirtschaft kaputt machen. Aber was will die Wirtschaft denn noch wirtschaften, wenn die Welt nicht mehr da ist? Ich verstehe es nicht. Aber vielleicht denke ich da auch einfach nicht so sehr in Dimensionen des Geldes. Ja, also ich w\u00fcrde erwarten, dass das Klimathema auch politisch nochmal wieder schwieriger wird und mir erhoffen, dass mehr gute Dinge passieren, Fl\u00e4chenversiegelung aufbrechen, Dinge. <\/p>\n<p>Helena: Ja, wir werden sehen.<\/p>\n<p>Janine: Mehr Petitionen.<\/p>\n<p>Helena: Das bringt ja nur was, wenn auch was daraus folgt.<\/p>\n<p>Janine: Genau das. Und wenn dann so Sachen wie das 49-Euro-Ticket wieder zur Diskussion stehen und Mobilit\u00e4t wieder auf den Individualverkehr zur\u00fcckgezwungen wird oder wieder eingeschr\u00e4nkt wird, ja.<\/p>\n<p>Helena: Ja, wir werden sehen, was passiert.<\/p>\n<h3>Fazit (01:05:37)<\/h3>\n<p>Helena: Ja, kommen wir zum Fazit dieser Folge. Ich meine, es ist ein Jahresr\u00fcckblick. Es ist viel passiert in 2023.<\/p>\n<p>Janine: Ja.<\/p>\n<p>Helena: Und vor allen Dingen ist sehr viel im Bereich der gro\u00dfen Sprachmodelle passiert. Und ja.<\/p>\n<p>Janine: Und vieles anderes auf der Welt, was in dem Schnelldurchlauf in unserem Einspieler zu h\u00f6ren war. Einige Themen haben in diesem Jahresr\u00fcckblick so gar nicht Platz gefunden. Das liegt aber auch daran, weil wir uns thematisch nat\u00fcrlich sehr fokussieren und deswegen bestimmte Teile der Welt auch uns herausnehmen auszuklammern, weil das einfach nicht unser Thema hier ist. Deswegen m\u00f6chte ich nur einmal sagen, kommt alle gut durch das n\u00e4chste Jahr, auf das viele Dinge besser werden.<\/p>\n<h3>N\u00e4chste Folge: Kaffee im Januar (01:06:20)<\/h3>\n<p>Helena: Ja. Und wenn wir dann im neuen Jahr sind und es dann darum geht, welche Folge wir zuerst machen, da haben wir uns \u00fcberlegt, wollen wir uns mal ein paar Statistiken zum Thema Kaffee angucken. Das hei\u00dft, ja, wir gucken uns an, wie sich so der Kaffeekonsum \u00fcber die Jahre entwickelt hat und vielleicht noch das ein oder andere mehr.<\/p>\n<p>Janine: Ja, ich freue mich auf das ein oder andere mehr.<\/p>\n<h3>Call to Action (01:06:46)<\/h3>\n<p>Janine: Ja, und wenn ihr uns im n\u00e4chsten Jahr auch wieder begleiten m\u00f6chtet und unsere Folgen nicht verpassen wollt, dann folgt uns doch auf Mastodon unter at datenleben at podcasts.social oder besucht uns auf unserer Webseite datenleben.de. Hinterlasst uns gerne Feedback, damit das nicht ChatGPT oder irgendein anderer Textdienst \u00fcbernehmen muss, denn \u00fcber richtiges, echtes Feedback freuen wir uns immer sehr. Ihr k\u00f6nnt uns da Kommentare posten und k\u00f6nnt uns aber au\u00dferdem auch als Data Scientist buchen f\u00fcr Analysen und Projekte und falls ihr Fragen oder Themen habt, uns auch immer anschreiben.<\/p>\n<p>Helena: Ja, dann bleibt mir nur noch f\u00fcr eure Aufmerksamkeit zu denken und bis zum n\u00e4chsten Mal. Ciao.<\/p>\n<p>Janine: Tsch\u00fcss.<\/p>\n<h3>Outro (01:07:31)<\/h3>\n","protected":false},"author":2,"featured_media":834,"comment_status":"open","ping_status":"open","template":"","meta":{"footnotes":""},"tags":[],"class_list":["post-837","podcast","type-podcast","status-publish","has-post-thumbnail","hentry","post"],"_links":{"self":[{"href":"https:\/\/www.datenleben.de\/index.php\/wp-json\/wp\/v2\/episodes\/837","targetHints":{"allow":["GET"]}}],"collection":[{"href":"https:\/\/www.datenleben.de\/index.php\/wp-json\/wp\/v2\/episodes"}],"about":[{"href":"https:\/\/www.datenleben.de\/index.php\/wp-json\/wp\/v2\/types\/podcast"}],"author":[{"embeddable":true,"href":"https:\/\/www.datenleben.de\/index.php\/wp-json\/wp\/v2\/users\/2"}],"replies":[{"embeddable":true,"href":"https:\/\/www.datenleben.de\/index.php\/wp-json\/wp\/v2\/comments?post=837"}],"version-history":[{"count":4,"href":"https:\/\/www.datenleben.de\/index.php\/wp-json\/wp\/v2\/episodes\/837\/revisions"}],"predecessor-version":[{"id":843,"href":"https:\/\/www.datenleben.de\/index.php\/wp-json\/wp\/v2\/episodes\/837\/revisions\/843"}],"wp:featuredmedia":[{"embeddable":true,"href":"https:\/\/www.datenleben.de\/index.php\/wp-json\/wp\/v2\/media\/834"}],"wp:attachment":[{"href":"https:\/\/www.datenleben.de\/index.php\/wp-json\/wp\/v2\/media?parent=837"}],"wp:term":[{"taxonomy":"post_tag","embeddable":true,"href":"https:\/\/www.datenleben.de\/index.php\/wp-json\/wp\/v2\/tags?post=837"}],"curies":[{"name":"wp","href":"https:\/\/api.w.org\/{rel}","templated":true}]}}